{"id":76,"date":"2019-03-29T16:48:45","date_gmt":"2019-03-29T19:48:45","guid":{"rendered":"https:\/\/eventos.lacigf.org\/?page_id=76"},"modified":"2024-02-01T17:37:09","modified_gmt":"2024-02-01T20:37:09","slug":"eventos","status":"publish","type":"page","link":"https:\/\/eventos.lacigf.org\/pt-br\/eventos\/","title":{"rendered":"Eventos"},"content":{"rendered":"<style>\/*! elementor - v3.16.0 - 09-10-2023 *\/\n.elementor-heading-title{padding:0;margin:0;line-height:1}.elementor-widget-heading .elementor-heading-title[class*=elementor-size-]>a{color:inherit;font-size:inherit;line-height:inherit}.elementor-widget-heading .elementor-heading-title.elementor-size-small{font-size:15px}.elementor-widget-heading .elementor-heading-title.elementor-size-medium{font-size:19px}.elementor-widget-heading .elementor-heading-title.elementor-size-large{font-size:29px}.elementor-widget-heading .elementor-heading-title.elementor-size-xl{font-size:39px}.elementor-widget-heading .elementor-heading-title.elementor-size-xxl{font-size:59px}<\/style><h2>Pr\u00f3ximos eventos<\/h2>\t\t\n\t\t\t<h2>LACIGF 17<\/h2>\t\t\n\t\t\t<a href=\"https:\/\/eventos.lacigf.org\/pt-br\/lacigf-17\/\">\n\t\t\t\t\t\tMais informa\u00e7\u00e3o\n\t\t\t\t\t<\/a>\n\t\t\t<h2>eventos anteriores<\/h2>\t\t\n\t\t\t<h2>LACIGF 16<\/h2>\t\t\n\t\t<p style=\"text-align: center;\">Bogot\u00e1, Colombia 03 e 04 de dezembro de 2023<\/p>\t\t\n\t\t\t<a href=\"https:\/\/eventos.lacigf.org\/pt-br\/lacigf-16-2\/\">\n\t\t\t\t\t\tVer evento\n\t\t\t\t\t<\/a>\n\t\t\t<h2>LACIGF 15<\/h2>\t\t\n\t\t<p style=\"text-align: center;\">2022<br \/>24 al 26 de octobro<br \/>Evento Online<\/p>\t\t\n\t\t\t<a href=\"https:\/\/eventos.lacigf.org\/pt-br\/lacigf-15\/\">\n\t\t\t\t\t\tVer evento\n\t\t\t\t\t<\/a>\n\t\t\t<h2>LACIGF 14<\/h2>\t\t\n\t\t<p style=\"text-align: center;\">2021<br \/>23 e 24 de novembro<br \/>Evento Online<\/p>\t\t\n\t\t\t<a href=\"https:\/\/eventos.lacigf.org\/pt-br\/lacigf-14\/\">\n\t\t\t\t\t\tVer evento\n\t\t\t\t\t<\/a>\n\t\t\t<h2>LACIGF 13<\/h2>\t\t\n\t\t<p style=\"text-align: center;\">2020<br \/>Evento Online<\/p>\t\t\n\t\t\t<a href=\"https:\/\/eventos.lacigf.org\/pt-br\/lacigf-13\/\">\n\t\t\t\t\t\tVer evento\n\t\t\t\t\t<\/a>\n\t\t\t<h2>LACIGF 12<\/h2>\t\t\n\t\t<p style=\"text-align: center;\">2019<br \/>6 al 8 de agosto<br \/>La Paz, Bol\u00edvia<\/p>\t\t\n\t\t\t<a href=\"https:\/\/eventos.lacigf.org\/pt-br\/lacigf-12\/\">\n\t\t\t\t\t\tVer evento\n\t\t\t\t\t<\/a>\n\t\t\t<h2>LACIGF 11<\/h2>\t\t\n\t\t<p style=\"text-align: center;\">2018<br \/>31 de julio \/ 2 de agosto<br \/>Buenos Aires, Argentina<\/p>\t\t\n\t\t\t<a href=\"https:\/\/eventos.lacigf.org\/pt-br\/lacigf-11\/\">\n\t\t\t\t\t\tVer evento\n\t\t\t\t\t<\/a>\n\t\t\t<h2>LACIGF 10<\/h2>\t\t\n\t\t<p style=\"text-align: center;\">2017<br \/>2\/4 de agosto<br \/>Cidade do Panam\u00e1, Panam\u00e1<\/p>\t\t\n\t\t\t<a href=\"https:\/\/eventos.lacigf.org\/pt-br\/lacigf-10\/\">\n\t\t\t\t\t\tVer evento\n\t\t\t\t\t<\/a>\n\t\t\t<h2>LACIGF 9<\/h2>\t\t\n\t\t<p style=\"text-align: center;\">2016<br \/>27\/29 de julho<br \/>San Jose, Costa Rica<\/p>\t\t\n\t\t\t<a href=\"https:\/\/archive.lacigf.org\/sp\/lacigf9\/index.html\">\n\t\t\t\t\t\tVer evento\n\t\t\t\t\t<\/a>\n\t\t\t<h2>LACIGF 8<\/h2>\t\t\n\t\t<p style=\"text-align: center;\">2015<br \/>3 \/ 4 de agosto<br \/>Ciudad de M\u00e9xico, M\u00e9xico<\/p>\t\t\n\t\t\t<a href=\"https:\/\/archive.lacigf.org\/sp\/lacigf8\/index.html\">\n\t\t\t\t\t\tVer evento\n\t\t\t\t\t<\/a>\n\t\t\t<h2>LACIGF 7<\/h2>\t\t\n\t\t<p style=\"text-align: center;\">2014<br \/>16\/18 de julho<br \/>San Salvador, El Salvador<\/p>\t\t\n\t\t\t<a href=\"https:\/\/archive.lacigf.org\/sp\/lacigf7\/index.html\">\n\t\t\t\t\t\tVer evento\n\t\t\t\t\t<\/a>\n\t\t\t<h2>LACIGF 6<\/h2>\t\t\n\t\t<p style=\"text-align: center;\">2013<br \/>27 \/ 29 de agosto<br \/>C\u00f3rdoba, Argentina<\/p>\t\t\n\t\t\t<a href=\"https:\/\/archive.lacigf.org\/sp\/lacigf6\/index.html\">\n\t\t\t\t\t\tVer evento\n\t\t\t\t\t<\/a>\n\t\t\t<h2>LACIGF 5<\/h2>\t\t\n\t\t<p style=\"text-align: center;\">2012<br \/>24\/26 de setembro<br \/>Bogot\u00e1, Col\u00f4mbia<\/p>\t\t\n\t\t\t<a href=\"https:\/\/archive.lacigf.org\/sp\/lacigf5\/index.html\">\n\t\t\t\t\t\tVer evento\n\t\t\t\t\t<\/a>\n\t\t\t<h2>LACIGF 4<\/h2>\t\t\n\t\t<p style=\"text-align: center;\">2011<br \/>11 de agosto<br \/>Porto da Espanha, Trinidad e Tobago<\/p>\t\t\n\t\t\t<a href=\"https:\/\/archive.lacigf.org\/sp\/lacigf4\/index.html\">\n\t\t\t\t\t\tVer evento\n\t\t\t\t\t<\/a>\n\t\t\t<h2>LACIGF 3<\/h2>\t\t\n\t\t<p style=\"text-align: center;\">2010<br \/>3\/5 de agosto<br \/>Quito, Equador<\/p>\t\t\n\t\t\t<a href=\"https:\/\/archive.lacigf.org\/sp\/lacigf3\/index.html\">\n\t\t\t\t\t\tVer evento\n\t\t\t\t\t<\/a>\n\t\t\t<h2>LACIGF 2<\/h2>\t\t\n\t\t<p style=\"text-align: center;\">2009<br>11 \/ 13 de agosto<br>&nbsp;Rio de Janeiro, Brasil<\/p>\t\t\n\t\t\t<a href=\"https:\/\/www.nupef.org.br\/?q=node\/11\">\n\t\t\t\t\t\tVer evento\n\t\t\t\t\t<\/a>\n\t\t\t<h2>LACIGF 1<\/h2>\t\t\n\t\t<p style=\"text-align: center;\">2008<br \/>20 de agosto<br \/>Montevid\u00e9u, Uruguai<\/p>\t\t\n\t\t\t<a href=\"https:\/\/archive.lacigf.org\/sp\/lacigf1\/index.html\">\n\t\t\t\t\t\tVer evento\n\t\t\t\t\t<\/a>\n\t\t\n<p><a href=\"https:\/\/eventos.lacigf.org\/pt-br\/lacigf-13\/\">LACIGF 13<br><\/a>Evento Online<\/p>\n\n\n<h2 class=\"wp-block-heading\">Eventos anteriores<\/h2>\n\n\n<ul><li><strong>2019<\/strong><\/li><\/ul>\n\n\n<p><strong><a href=\"https:\/\/eventos.lacigf.org\/pt-br\/lacigf-12\/\" target=\"_blank\" rel=\"noreferrer noopener\">LACIGF 12<\/a><\/strong><strong><\/strong><\/p>\n\n\n<p>6 a 8 de agosto de 2019 &#8211; La Paz, Bolivia<\/p>\n\n\n<ul><li><strong>2018<\/strong><\/li><\/ul>\n\n\n<p><strong><a href=\"https:\/\/eventos.lacigf.org\/lacigf-11\/\" target=\"_blank\" rel=\"noreferrer noopener\">LACIGF 11<\/a><\/strong><strong><\/strong><\/p>\n\n\n<p>31 de julio \/ 2 de\nagosto &#8211; Buenos Aires, Argentina<\/p>\n\n\n<ul><li><strong>2017<\/strong><\/li><\/ul>\n\n\n<p><strong><a href=\"https:\/\/eventos.lacigf.org\/lacigf-10\/\" target=\"_blank\" rel=\"noreferrer noopener\">LACIGF 10<\/a><\/strong><strong><\/strong><\/p>\n\n\n<p>2 \/ 4 agosto &#8211; Ciudad\nde Panam\u00e1, Panam\u00e1<\/p>\n\n\n<ul><li><strong>2016<\/strong><\/li><\/ul>\n\n\n<p><strong><a href=\"https:\/\/archive.lacigf.org\/sp\/lacigf9\/index.html\" target=\"_blank\" rel=\"noreferrer noopener\">LACIGF 9<\/a><\/strong><strong><\/strong><\/p>\n\n\n<p>27 \/ 29 julio &#8211; San\nJos\u00e9, Costa Rica<\/p>\n\n\n<ul><li><strong>2015<\/strong><\/li><\/ul>\n\n\n<p><strong><a href=\"https:\/\/archive.lacigf.org\/sp\/lacigf8\/index.html\" target=\"_blank\" rel=\"noreferrer noopener\">LACIGF 8<\/a><\/strong><strong><\/strong><\/p>\n\n\n<p>3 \/ 4 de agosto &#8211;\nCiudad de Mexico, Mexico<\/p>\n\n\n<ul><li><strong>2014<\/strong><\/li><\/ul>\n\n\n<p><strong><a href=\"https:\/\/archive.lacigf.org\/sp\/lacigf7\/index.html\" target=\"_blank\" rel=\"noreferrer noopener\">LACIGF 7<\/a><\/strong><strong><\/strong><\/p>\n\n\n<p>16 \/ 18 de julio &#8211; San\nSalvador, El Salvador<\/p>\n\n\n<ul><li><strong>2013<\/strong><\/li><\/ul>\n\n\n<p><strong><a href=\"https:\/\/archive.lacigf.org\/sp\/lacigf6\/index.html\" target=\"_blank\" rel=\"noreferrer noopener\">LACIGF 6<\/a><\/strong><strong><\/strong><\/p>\n\n\n<p>27 \/ 29 de agosto &#8211;\nC\u00f3rdoba, Argentina<\/p>\n\n\n<ul><li><strong>2012<\/strong><\/li><\/ul>\n\n\n<p><strong><a href=\"https:\/\/archive.lacigf.org\/sp\/lacigf5\/index.html\" target=\"_blank\" rel=\"noreferrer noopener\">LACIGF 5<\/a><\/strong><strong><\/strong><\/p>\n\n\n<p>24 \/ 26 de setiembre &#8211;\nBogot\u00e1, Colombia<\/p>\n\n\n<ul><li><strong>2011<\/strong><\/li><\/ul>\n\n\n<p><strong><a href=\"https:\/\/archive.lacigf.org\/sp\/lacigf4\/index.html\" target=\"_blank\" rel=\"noreferrer noopener\">LACIGF 4<\/a><\/strong><strong><\/strong><\/p>\n\n\n<p>9 \/ 11 de agosto &#8211;\nPuerto Espa\u00f1a, Trinidad y Tobago<\/p>\n\n\n<ul><li><strong>2010<\/strong><\/li><\/ul>\n\n\n<p><strong><a href=\"https:\/\/archive.lacigf.org\/sp\/lacigf3\/index.html\" target=\"_blank\" rel=\"noreferrer noopener\">LACIGF 3<\/a><\/strong><strong><\/strong><\/p>\n\n\n<p>3 \/ 5 de agosto &#8211;\nQuito, Ecuador<\/p>\n\n\n<ul><li><strong>2009<\/strong><\/li><\/ul>\n\n\n<p><strong><a href=\"https:\/\/www.nupef.org.br\/?q=node\/11\" target=\"_blank\" rel=\"noreferrer noopener\">LACIGF 2<\/a><\/strong><strong><\/strong><\/p>\n\n\n<p>11 \/ 13 de agosto &#8211;\nRio de Janeiro, Brasil<\/p>\n\n\n<ul><li><strong>2008<\/strong><\/li><\/ul>\n\n\n<p><strong><a href=\"https:\/\/archive.lacigf.org\/sp\/lacigf1\/index.html\" target=\"_blank\" rel=\"noreferrer noopener\">LACIGF 1<\/a><\/strong><strong><\/strong><\/p>\n\n\n<p>20 de agosto &#8211;\nMontevideo, Uruguay<\/p>\n","protected":false},"excerpt":{"rendered":"<p>Pr\u00f3ximos eventos LACIGF 17 Mais informa\u00e7\u00e3o eventos anteriores LACIGF 16 Bogot\u00e1, Colombia 03 e 04 de dezembro de 2023 Ver evento LACIGF 15 202224 al 26 de octobroEvento Online Ver evento LACIGF 14 202123 e 24 de novembroEvento Online Ver evento LACIGF 13 2020Evento Online Ver evento LACIGF 12 20196 al 8 de agostoLa Paz, [&hellip;]<\/p>\n","protected":false},"author":1,"featured_media":0,"parent":0,"menu_order":0,"comment_status":"closed","ping_status":"closed","template":"","meta":{"footnotes":""},"_links":{"self":[{"href":"https:\/\/eventos.lacigf.org\/pt-br\/wp-json\/wp\/v2\/pages\/76"}],"collection":[{"href":"https:\/\/eventos.lacigf.org\/pt-br\/wp-json\/wp\/v2\/pages"}],"about":[{"href":"https:\/\/eventos.lacigf.org\/pt-br\/wp-json\/wp\/v2\/types\/page"}],"author":[{"embeddable":true,"href":"https:\/\/eventos.lacigf.org\/pt-br\/wp-json\/wp\/v2\/users\/1"}],"replies":[{"embeddable":true,"href":"https:\/\/eventos.lacigf.org\/pt-br\/wp-json\/wp\/v2\/comments?post=76"}],"version-history":[{"count":36,"href":"https:\/\/eventos.lacigf.org\/pt-br\/wp-json\/wp\/v2\/pages\/76\/revisions"}],"predecessor-version":[{"id":6716,"href":"https:\/\/eventos.lacigf.org\/pt-br\/wp-json\/wp\/v2\/pages\/76\/revisions\/6716"}],"wp:attachment":[{"href":"https:\/\/eventos.lacigf.org\/pt-br\/wp-json\/wp\/v2\/media?parent=76"}],"curies":[{"name":"wp","href":"https:\/\/api.w.org\/{rel}","templated":true}]}}