{"id":6228,"date":"2023-12-29T12:24:33","date_gmt":"2023-12-29T15:24:33","guid":{"rendered":"https:\/\/eventos.lacigf.org\/?page_id=6228"},"modified":"2023-12-29T12:24:34","modified_gmt":"2023-12-29T15:24:34","slug":"galeria","status":"publish","type":"page","link":"https:\/\/eventos.lacigf.org\/pt-br\/galeria\/","title":{"rendered":"Galeria"},"content":{"rendered":"\n<style>\n\/* Estilos generales para el contenedor de fila *\/\n.row {\n    margin-top: 20px; \/* Ajusta el margen superior seg\u00fan sea necesario *\/\n}\n\n\/* Estilos para el contenedor personalizado 'contenidos-foro' *\/\n.contenidos-foro {\n    \/* Agrega estilos personalizados seg\u00fan sea necesario *\/\n}\n\n\/* Estilos para centrar horizontalmente el contenido *\/\n.justify-content-center {\n    display: flex;\n    justify-content: center;\n}\n\n\/* Estilos para la columna en dispositivos medianos *\/\n.col-md-4 {\n    \/* Agrega estilos adicionales seg\u00fan sea necesario *\/\n}\n\n\/* Estilos para la tarjeta *\/\n.card {\n    border: 1px solid #ccc; \/* Ajusta el borde seg\u00fan sea necesario *\/\n    border-radius: 8px; \/* Ajusta el radio de borde seg\u00fan sea necesario *\/\n    box-shadow: 0 4px 8px rgba(0, 0, 0, 0.1); \/* Ajusta la sombra seg\u00fan sea necesario *\/\n    margin:  30px 0;\n}\n\n\/* Estilos para la imagen en la parte superior de la tarjeta *\/\n.card-img-top {\n    width: 100%; \/* Haz que la imagen ocupe el ancho completo de la tarjeta *\/\n    border-top-left-radius: 8px; \/* Ajusta el radio de borde superior izquierdo seg\u00fan sea necesario *\/\n    border-top-right-radius: 8px; \/* Ajusta el radio de borde superior derecho seg\u00fan sea necesario *\/\n}\n\n\/* Estilos para el cuerpo de la tarjeta *\/\n.card-body {\n    padding: 15px; \/* Ajusta el relleno seg\u00fan sea necesario *\/\n}\n\n\/* Estilos para el t\u00edtulo dentro de la tarjeta *\/\n.card-title {\n    font-size: 1.2em; \/* Ajusta el tama\u00f1o de fuente seg\u00fan sea necesario *\/\n}\n\n\/* Estilos para centrar el texto en el centro del contenedor *\/\n.text-center {\n    text-align: center;\n}\n\n\/* Estilos para el bot\u00f3n primario *\/\n.btn-primary {\n    background-color: #007bff; \/* Color primario de Bootstrap *\/\n    color: #fff; \/* Color del texto del bot\u00f3n *\/\n    border: none; \/* Elimina el borde del bot\u00f3n *\/\n    padding: 10px 15px; \/* Ajusta el relleno seg\u00fan sea necesario *\/\n    border-radius: 4px; \/* Ajusta el radio de borde seg\u00fan sea necesario *\/\n    cursor: pointer; \/* Cambia el cursor al pasar sobre el bot\u00f3n *\/\n}\n\n\/* Estilos adicionales seg\u00fan sea necesario *\/\n\n<\/style>\n<div class=\"row contenidos-foro justify-content-center\">\n    <div class=\"col-md-4\">\n\t\t\t\t<div class=\"card\">\n                     <a href=\"https:\/\/photos.google.com\/share\/AF1QipMmxKJJUSssHKFoI7jl-Bww3Z8qVuTdv_-jiVJ5LqTdCArxCFtLQnbQ_dKVbWVOJw?key=M3hxSVktNnFhT1ZnTlp3eE1ES2VCazRBTHRJa0xR\" title=\"Clique para acessar o F\u00f3rum de Governan\u00e7a da Internet na Am\u00e9rica Latina e Caribe 2023.\" target=\"_blank\" rel=\"noopener\"><img decoding=\"async\" class=\"card-img-top\" src=\"https:\/\/lh3.googleusercontent.com\/pw\/ABLVV85SfNlxk1OqRpP7JDqIr2EXGaxglVKSQ_QX2Gi55dlmrzgSfko15AvWJHKgceBnsCJHRkcb2lrhGmGjk7P5KmthaJwLZp2Ns5HbjpSvYW4LSFRDQn7i0ZJKa-_60S7xgpY0idGXD9RER4FbIZGbXII=w1458-h972-s-no-gm\" alt=\"Gr\u00e1fico alusivo ao F\u00f3rum de Governan\u00e7a da Internet da Am\u00e9rica Latina e do Caribe 2023.\"><\/a>\n                    <div class=\"card-body\">\n                      <h5 class=\"card-title\"> <a href=\"https:\/\/photos.google.com\/share\/AF1QipMmxKJJUSssHKFoI7jl-Bww3Z8qVuTdv_-jiVJ5LqTdCArxCFtLQnbQ_dKVbWVOJw?key=M3hxSVktNnFhT1ZnTlp3eE1ES2VCazRBTHRJa0xR\" title=\"Clique para acessar o F\u00f3rum de Governan\u00e7a da Internet na Am\u00e9rica Latina e Caribe 2023\" target=\"_blank\" rel=\"noopener\">F\u00f3rum de Governan\u00e7a da Internet na Am\u00e9rica Latina e no Caribe 2023<\/a><\/h5>\n                      <div class=\"text-center\">\n                      <a href=\"https:\/\/photos.google.com\/share\/AF1QipMmxKJJUSssHKFoI7jl-Bww3Z8qVuTdv_-jiVJ5LqTdCArxCFtLQnbQ_dKVbWVOJw?key=M3hxSVktNnFhT1ZnTlp3eE1ES2VCazRBTHRJa0xR\" title=\"Clique para acessar o F\u00f3rum de Governan\u00e7a da Internet na Am\u00e9rica Latina e Caribe 2023. \" target=\"_blank\" class=\"btn btn-primary\" rel=\"noopener\">Mostrar as fotos<\/a>\n                      <\/div>\n                    <\/div>\n                <\/div>\n                <\/div>\n\t\n<\/div>\n","protected":false},"excerpt":{"rendered":"<p>F\u00f3rum de Governan\u00e7a da Internet na Am\u00e9rica Latina e no Caribe 2023 Mostrar as fotos<\/p>\n","protected":false},"author":3,"featured_media":0,"parent":0,"menu_order":0,"comment_status":"closed","ping_status":"closed","template":"","meta":{"footnotes":""},"_links":{"self":[{"href":"https:\/\/eventos.lacigf.org\/pt-br\/wp-json\/wp\/v2\/pages\/6228"}],"collection":[{"href":"https:\/\/eventos.lacigf.org\/pt-br\/wp-json\/wp\/v2\/pages"}],"about":[{"href":"https:\/\/eventos.lacigf.org\/pt-br\/wp-json\/wp\/v2\/types\/page"}],"author":[{"embeddable":true,"href":"https:\/\/eventos.lacigf.org\/pt-br\/wp-json\/wp\/v2\/users\/3"}],"replies":[{"embeddable":true,"href":"https:\/\/eventos.lacigf.org\/pt-br\/wp-json\/wp\/v2\/comments?post=6228"}],"version-history":[{"count":1,"href":"https:\/\/eventos.lacigf.org\/pt-br\/wp-json\/wp\/v2\/pages\/6228\/revisions"}],"predecessor-version":[{"id":6229,"href":"https:\/\/eventos.lacigf.org\/pt-br\/wp-json\/wp\/v2\/pages\/6228\/revisions\/6229"}],"wp:attachment":[{"href":"https:\/\/eventos.lacigf.org\/pt-br\/wp-json\/wp\/v2\/media?parent=6228"}],"curies":[{"name":"wp","href":"https:\/\/api.w.org\/{rel}","templated":true}]}}