{"id":1864,"date":"2022-08-05T15:32:27","date_gmt":"2022-08-05T18:32:27","guid":{"rendered":"https:\/\/eventos.lacigf.org\/?page_id=1864"},"modified":"2022-10-25T11:14:33","modified_gmt":"2022-10-25T14:14:33","slug":"lacigf-15","status":"publish","type":"page","link":"https:\/\/eventos.lacigf.org\/pt-br\/lacigf-15\/","title":{"rendered":"LACIGF 15"},"content":{"rendered":"\t\t<div data-elementor-type=\"wp-page\" data-elementor-id=\"1864\" class=\"elementor elementor-1864\">\n\t\t\t\t\t\t\t\t\t<section class=\"elementor-section elementor-top-section elementor-element elementor-element-4cf40ed elementor-section-full_width elementor-section-stretched elementor-section-height-default elementor-section-height-default\" data-id=\"4cf40ed\" data-element_type=\"section\" data-settings=\"{&quot;stretch_section&quot;:&quot;section-stretched&quot;,&quot;background_background&quot;:&quot;classic&quot;}\">\n\t\t\t\t\t\t\t<div class=\"elementor-background-overlay\"><\/div>\n\t\t\t\t\t\t\t<div class=\"elementor-container elementor-column-gap-default\">\n\t\t\t\t\t<div class=\"elementor-column elementor-col-100 elementor-top-column elementor-element elementor-element-06c640c\" data-id=\"06c640c\" data-element_type=\"column\">\n\t\t\t<div class=\"elementor-widget-wrap elementor-element-populated\">\n\t\t\t\t\t\t\t\t<div class=\"elementor-element elementor-element-04dba49 elementor-widget elementor-widget-text-editor\" data-id=\"04dba49\" data-element_type=\"widget\" data-widget_type=\"text-editor.default\">\n\t\t\t\t<div class=\"elementor-widget-container\">\n\t\t\t<style>\/*! elementor - v3.16.0 - 09-10-2023 *\/\n.elementor-widget-text-editor.elementor-drop-cap-view-stacked .elementor-drop-cap{background-color:#69727d;color:#fff}.elementor-widget-text-editor.elementor-drop-cap-view-framed .elementor-drop-cap{color:#69727d;border:3px solid;background-color:transparent}.elementor-widget-text-editor:not(.elementor-drop-cap-view-default) .elementor-drop-cap{margin-top:8px}.elementor-widget-text-editor:not(.elementor-drop-cap-view-default) .elementor-drop-cap-letter{width:1em;height:1em}.elementor-widget-text-editor .elementor-drop-cap{float:left;text-align:center;line-height:1;font-size:50px}.elementor-widget-text-editor .elementor-drop-cap-letter{display:inline-block}<\/style>\t\t\t\t<h3 style=\"text-align: center;\">RESERVE A DATA<br \/>&#8212;-<br \/>On-line \/ 24 a 26 de outubro de 2022<\/h3>\t\t\t\t\t\t<\/div>\n\t\t\t\t<\/div>\n\t\t\t\t\t<\/div>\n\t\t<\/div>\n\t\t\t\t\t\t\t<\/div>\n\t\t<\/section>\n\t\t\t\t<section class=\"elementor-section elementor-top-section elementor-element elementor-element-8a68fc0 elementor-hidden-tablet elementor-hidden-mobile elementor-hidden-desktop elementor-section-boxed elementor-section-height-default elementor-section-height-default\" data-id=\"8a68fc0\" data-element_type=\"section\" data-settings=\"{&quot;background_background&quot;:&quot;classic&quot;}\">\n\t\t\t\t\t\t<div class=\"elementor-container elementor-column-gap-default\">\n\t\t\t\t\t<div class=\"elementor-column elementor-col-100 elementor-top-column elementor-element elementor-element-8c61677\" data-id=\"8c61677\" data-element_type=\"column\">\n\t\t\t<div class=\"elementor-widget-wrap elementor-element-populated\">\n\t\t\t\t\t\t\t\t<div class=\"elementor-element elementor-element-ac84e95 elementor-widget elementor-widget-heading\" data-id=\"ac84e95\" data-element_type=\"widget\" data-widget_type=\"heading.default\">\n\t\t\t\t<div class=\"elementor-widget-container\">\n\t\t\t<style>\/*! elementor - v3.16.0 - 09-10-2023 *\/\n.elementor-heading-title{padding:0;margin:0;line-height:1}.elementor-widget-heading .elementor-heading-title[class*=elementor-size-]>a{color:inherit;font-size:inherit;line-height:inherit}.elementor-widget-heading .elementor-heading-title.elementor-size-small{font-size:15px}.elementor-widget-heading .elementor-heading-title.elementor-size-medium{font-size:19px}.elementor-widget-heading .elementor-heading-title.elementor-size-large{font-size:29px}.elementor-widget-heading .elementor-heading-title.elementor-size-xl{font-size:39px}.elementor-widget-heading .elementor-heading-title.elementor-size-xxl{font-size:59px}<\/style><h2 class=\"elementor-heading-title elementor-size-default\">consulta p\u00fablica<\/h2>\t\t<\/div>\n\t\t\t\t<\/div>\n\t\t\t\t<div class=\"elementor-element elementor-element-afaabb1 elementor-widget-divider--view-line elementor-widget elementor-widget-divider\" data-id=\"afaabb1\" data-element_type=\"widget\" data-widget_type=\"divider.default\">\n\t\t\t\t<div class=\"elementor-widget-container\">\n\t\t\t<style>\/*! elementor - v3.16.0 - 09-10-2023 *\/\n.elementor-widget-divider{--divider-border-style:none;--divider-border-width:1px;--divider-color:#0c0d0e;--divider-icon-size:20px;--divider-element-spacing:10px;--divider-pattern-height:24px;--divider-pattern-size:20px;--divider-pattern-url:none;--divider-pattern-repeat:repeat-x}.elementor-widget-divider .elementor-divider{display:flex}.elementor-widget-divider .elementor-divider__text{font-size:15px;line-height:1;max-width:95%}.elementor-widget-divider .elementor-divider__element{margin:0 var(--divider-element-spacing);flex-shrink:0}.elementor-widget-divider .elementor-icon{font-size:var(--divider-icon-size)}.elementor-widget-divider .elementor-divider-separator{display:flex;margin:0;direction:ltr}.elementor-widget-divider--view-line_icon .elementor-divider-separator,.elementor-widget-divider--view-line_text .elementor-divider-separator{align-items:center}.elementor-widget-divider--view-line_icon .elementor-divider-separator:after,.elementor-widget-divider--view-line_icon .elementor-divider-separator:before,.elementor-widget-divider--view-line_text .elementor-divider-separator:after,.elementor-widget-divider--view-line_text .elementor-divider-separator:before{display:block;content:\"\";border-bottom:0;flex-grow:1;border-top:var(--divider-border-width) var(--divider-border-style) var(--divider-color)}.elementor-widget-divider--element-align-left .elementor-divider .elementor-divider-separator>.elementor-divider__svg:first-of-type{flex-grow:0;flex-shrink:100}.elementor-widget-divider--element-align-left .elementor-divider-separator:before{content:none}.elementor-widget-divider--element-align-left .elementor-divider__element{margin-left:0}.elementor-widget-divider--element-align-right .elementor-divider .elementor-divider-separator>.elementor-divider__svg:last-of-type{flex-grow:0;flex-shrink:100}.elementor-widget-divider--element-align-right .elementor-divider-separator:after{content:none}.elementor-widget-divider--element-align-right .elementor-divider__element{margin-right:0}.elementor-widget-divider:not(.elementor-widget-divider--view-line_text):not(.elementor-widget-divider--view-line_icon) .elementor-divider-separator{border-top:var(--divider-border-width) var(--divider-border-style) var(--divider-color)}.elementor-widget-divider--separator-type-pattern{--divider-border-style:none}.elementor-widget-divider--separator-type-pattern.elementor-widget-divider--view-line .elementor-divider-separator,.elementor-widget-divider--separator-type-pattern:not(.elementor-widget-divider--view-line) .elementor-divider-separator:after,.elementor-widget-divider--separator-type-pattern:not(.elementor-widget-divider--view-line) .elementor-divider-separator:before,.elementor-widget-divider--separator-type-pattern:not([class*=elementor-widget-divider--view]) .elementor-divider-separator{width:100%;min-height:var(--divider-pattern-height);-webkit-mask-size:var(--divider-pattern-size) 100%;mask-size:var(--divider-pattern-size) 100%;-webkit-mask-repeat:var(--divider-pattern-repeat);mask-repeat:var(--divider-pattern-repeat);background-color:var(--divider-color);-webkit-mask-image:var(--divider-pattern-url);mask-image:var(--divider-pattern-url)}.elementor-widget-divider--no-spacing{--divider-pattern-size:auto}.elementor-widget-divider--bg-round{--divider-pattern-repeat:round}.rtl .elementor-widget-divider .elementor-divider__text{direction:rtl}.e-con-inner>.elementor-widget-divider,.e-con>.elementor-widget-divider{width:var(--container-widget-width,100%);--flex-grow:var(--container-widget-flex-grow)}<\/style>\t\t<div class=\"elementor-divider\">\n\t\t\t<span class=\"elementor-divider-separator\">\n\t\t\t\t\t\t<\/span>\n\t\t<\/div>\n\t\t\t\t<\/div>\n\t\t\t\t<\/div>\n\t\t\t\t<div class=\"elementor-element elementor-element-938e2d2 elementor-widget elementor-widget-text-editor\" data-id=\"938e2d2\" data-element_type=\"widget\" data-widget_type=\"text-editor.default\">\n\t\t\t\t<div class=\"elementor-widget-container\">\n\t\t\t\t\t\t\t<h3 style=\"text-align: center;\"><span style=\"color: #33cccc;\"><strong>LACIGF15 abre consulta p\u00fablica \u00e0 comunidade de Governan\u00e7a de Internet da Am\u00e9rica Latina e Caribe sobre tem\u00e1ticas priorit\u00e1rias para a regi\u00e3o.<\/strong><\/span><\/h3><p><strong><em>A consulta estar\u00e1 aberta at\u00e9 28 de agosto e definir\u00e1 os temas da programa\u00e7\u00e3o do LACIGF15, <\/em><\/strong><strong><em>a ser realizado<\/em><\/strong><strong><em> online entre 24 e 26 de outubro<\/em><\/strong><\/p>\t\t\t\t\t\t<\/div>\n\t\t\t\t<\/div>\n\t\t\t\t\t<\/div>\n\t\t<\/div>\n\t\t\t\t\t\t\t<\/div>\n\t\t<\/section>\n\t\t\t\t<section class=\"elementor-section elementor-top-section elementor-element elementor-element-dd88a47 elementor-section-stretched elementor-hidden-tablet elementor-hidden-mobile elementor-hidden-desktop elementor-section-boxed elementor-section-height-default elementor-section-height-default\" data-id=\"dd88a47\" data-element_type=\"section\" data-settings=\"{&quot;stretch_section&quot;:&quot;section-stretched&quot;,&quot;background_background&quot;:&quot;classic&quot;}\">\n\t\t\t\t\t\t<div class=\"elementor-container elementor-column-gap-default\">\n\t\t\t\t\t<div class=\"elementor-column elementor-col-100 elementor-top-column elementor-element elementor-element-9467176\" data-id=\"9467176\" data-element_type=\"column\">\n\t\t\t<div class=\"elementor-widget-wrap elementor-element-populated\">\n\t\t\t\t\t\t\t\t<section class=\"elementor-section elementor-inner-section elementor-element elementor-element-6e89a64 elementor-section-content-middle elementor-section-boxed elementor-section-height-default elementor-section-height-default\" data-id=\"6e89a64\" data-element_type=\"section\">\n\t\t\t\t\t\t<div class=\"elementor-container elementor-column-gap-default\">\n\t\t\t\t\t<div class=\"elementor-column elementor-col-100 elementor-inner-column elementor-element elementor-element-dd41b24\" data-id=\"dd41b24\" data-element_type=\"column\">\n\t\t\t<div class=\"elementor-widget-wrap elementor-element-populated\">\n\t\t\t\t\t\t\t\t<div class=\"elementor-element elementor-element-2a27939 elementor-mobile-align-center elementor-align-center elementor-widget elementor-widget-button\" data-id=\"2a27939\" data-element_type=\"widget\" data-widget_type=\"button.default\">\n\t\t\t\t<div class=\"elementor-widget-container\">\n\t\t\t\t\t<div class=\"elementor-button-wrapper\">\n\t\t\t<a class=\"elementor-button elementor-button-link elementor-size-lg\" href=\"\" target=\"_blank\">\n\t\t\t\t\t\t<span class=\"elementor-button-content-wrapper\">\n\t\t\t\t\t\t<span class=\"elementor-button-icon elementor-align-icon-right\">\n\t\t\t\t<i aria-hidden=\"true\" class=\"fas fa-angle-double-right\"><\/i>\t\t\t<\/span>\n\t\t\t\t\t\t<span class=\"elementor-button-text\">Acesso \u00e0 consulta p\u00fablica<\/span>\n\t\t<\/span>\n\t\t\t\t\t<\/a>\n\t\t<\/div>\n\t\t\t\t<\/div>\n\t\t\t\t<\/div>\n\t\t\t\t\t<\/div>\n\t\t<\/div>\n\t\t\t\t\t\t\t<\/div>\n\t\t<\/section>\n\t\t\t\t\t<\/div>\n\t\t<\/div>\n\t\t\t\t\t\t\t<\/div>\n\t\t<\/section>\n\t\t\t\t<section class=\"elementor-section elementor-top-section elementor-element elementor-element-9fe266b elementor-section-boxed elementor-section-height-default elementor-section-height-default\" data-id=\"9fe266b\" data-element_type=\"section\">\n\t\t\t\t\t\t<div class=\"elementor-container elementor-column-gap-default\">\n\t\t\t\t\t<div class=\"elementor-column elementor-col-100 elementor-top-column elementor-element elementor-element-376a572\" data-id=\"376a572\" data-element_type=\"column\">\n\t\t\t<div class=\"elementor-widget-wrap elementor-element-populated\">\n\t\t\t\t\t\t\t\t<div class=\"elementor-element elementor-element-19e2544 elementor-widget elementor-widget-text-editor\" data-id=\"19e2544\" data-element_type=\"widget\" data-widget_type=\"text-editor.default\">\n\t\t\t\t<div class=\"elementor-widget-container\">\n\t\t\t\t\t\t\t<p>Entre os dias 24 e 26 de outubro de 2022 se realiza a 15<sup>a<\/sup> edi\u00e7\u00e3o do F\u00f3rum de Governan\u00e7a da Internet da Am\u00e9rica Latina e Caribe (LACIGF15). Este ano o evento, preparat\u00f3rio para o <span style=\"text-decoration: underline;\"><a href=\"httpss:\/\/www.intgovforum.org\/es\" target=\"_blank\" rel=\"noopener\">F\u00f3rum de Governan\u00e7a da Internet<\/a><\/span> (IGF) global,\u00a0 ocorre em formato online.<\/p><p>A programa\u00e7\u00e3o do LACIGF15 ser\u00e1 constru\u00edda a partir dos temas identificados pelo Secret\u00e1rio Geral da Organiza\u00e7\u00e3o das Na\u00e7\u00f5es Unidas no <span style=\"text-decoration: underline;\"><a href=\"httpss:\/\/www.un.org\/techenvoy\/global-digital-compact\" target=\"_blank\" rel=\"noopener\">Global Digital Compact<\/a><\/span>. Para isso, foi lan\u00e7ada uma consulta p\u00fablica que tem como objetivo identificar quatro prioridades da comunidade de Governan\u00e7a da Internet latino-americana e caribenha para serem discutidas no evento.<\/p><p>As pessoas interessadas em contribuir com a constru\u00e7\u00e3o da agenda do LACIGF15 podem responder \u00e0 consulta at\u00e9 o fim do dia 28 de agosto de 2022. Os resultados ser\u00e3o sistematizados pelo Comit\u00ea de Programa do LACIGF15.<\/p>\t\t\t\t\t\t<\/div>\n\t\t\t\t<\/div>\n\t\t\t\t<div class=\"elementor-element elementor-element-a416ea1 elementor-widget elementor-widget-heading\" data-id=\"a416ea1\" data-element_type=\"widget\" data-widget_type=\"heading.default\">\n\t\t\t\t<div class=\"elementor-widget-container\">\n\t\t\t<h2 class=\"elementor-heading-title elementor-size-default\">Sobre o Global Digital Compact<\/h2>\t\t<\/div>\n\t\t\t\t<\/div>\n\t\t\t\t<div class=\"elementor-element elementor-element-a1fbf26 elementor-widget-divider--view-line elementor-widget elementor-widget-divider\" data-id=\"a1fbf26\" data-element_type=\"widget\" data-widget_type=\"divider.default\">\n\t\t\t\t<div class=\"elementor-widget-container\">\n\t\t\t\t\t<div class=\"elementor-divider\">\n\t\t\t<span class=\"elementor-divider-separator\">\n\t\t\t\t\t\t<\/span>\n\t\t<\/div>\n\t\t\t\t<\/div>\n\t\t\t\t<\/div>\n\t\t\t\t<div class=\"elementor-element elementor-element-ae23055 elementor-widget elementor-widget-text-editor\" data-id=\"ae23055\" data-element_type=\"widget\" data-widget_type=\"text-editor.default\">\n\t\t\t\t<div class=\"elementor-widget-container\">\n\t\t\t\t\t\t\t<p>Para o Secret\u00e1rio Geral da ONU, a coopera\u00e7\u00e3o digital ser\u00e1 crucial para que as tecnologias digitais se centrem no bem comum e garantam que os danos potenciais do entorno digital n\u00e3o arrisquem eclipsar seus benef\u00edcios. Ele aponta que a governan\u00e7a digital n\u00e3o h\u00e1 acompanhado o ritmo da natureza intrinsecamente informal e descentralizada da Internet, que est\u00e1 dominada por interesses comerciais.<\/p><p>\u00c9 urgente atender a quest\u00f5es \u00e9ticas, sociais e normativas relacionadas com as tecnologias atuais e futuras para garantir que contribuam com o bem comum, o desenvolvimento econ\u00f4mico, a justi\u00e7a ambiental e de g\u00eanero, o fortalecimento dos direitos humanos e a justi\u00e7a social. Para isso ele prop\u00f5e que a ONU, os governos, empresas e sociedade civil trabalhem juntos para desenvolver um \u201cPacto Digital Global\u201d a ser apresentado na \u201cSummit of the Future\u201d, destinada a desenhar princ\u00edpios compartilhados para um futuro digital aberto, livre e seguro para todos.<\/p><p>O IGF deste ano, que tem como tema principal \u201cUma Internet Resiliente para um Futuro Compartilhado Sustent\u00e1vel e Comum\u201d, se concentrar\u00e1 nos temas surgidos para o Pacto. \u00c9 fundamental que a comunidade de Governan\u00e7a da Internet da Am\u00e9rica Latina e Caribe contribua, a partir de suas necessidades, realidades e prioridades, a construir a vis\u00e3o do\u00a0 <span style=\"text-decoration: underline;\"><a href=\"httpss:\/\/www.apc.org\/en\/blog\/inside-digital-society-whats-all-about-digital-cooperation\" target=\"_blank\" rel=\"noopener\">futuro digital que queremos<\/a><\/span>.<\/p>\t\t\t\t\t\t<\/div>\n\t\t\t\t<\/div>\n\t\t\t\t\t<\/div>\n\t\t<\/div>\n\t\t\t\t\t\t\t<\/div>\n\t\t<\/section>\n\t\t\t\t<section class=\"elementor-section elementor-top-section elementor-element elementor-element-e4d9b76 elementor-section-stretched elementor-hidden-desktop elementor-hidden-tablet elementor-hidden-mobile elementor-section-boxed elementor-section-height-default elementor-section-height-default\" data-id=\"e4d9b76\" data-element_type=\"section\" data-settings=\"{&quot;stretch_section&quot;:&quot;section-stretched&quot;,&quot;background_background&quot;:&quot;classic&quot;}\">\n\t\t\t\t\t\t<div class=\"elementor-container elementor-column-gap-default\">\n\t\t\t\t\t<div class=\"elementor-column elementor-col-100 elementor-top-column elementor-element elementor-element-09459dc\" data-id=\"09459dc\" data-element_type=\"column\">\n\t\t\t<div class=\"elementor-widget-wrap elementor-element-populated\">\n\t\t\t\t\t\t\t\t<section class=\"elementor-section elementor-inner-section elementor-element elementor-element-5bf7556 elementor-section-content-middle elementor-section-boxed elementor-section-height-default elementor-section-height-default\" data-id=\"5bf7556\" data-element_type=\"section\">\n\t\t\t\t\t\t<div class=\"elementor-container elementor-column-gap-default\">\n\t\t\t\t\t<div class=\"elementor-column elementor-col-50 elementor-inner-column elementor-element elementor-element-da25d51\" data-id=\"da25d51\" data-element_type=\"column\">\n\t\t\t<div class=\"elementor-widget-wrap elementor-element-populated\">\n\t\t\t\t\t\t\t\t<div class=\"elementor-element elementor-element-8674e55 elementor-widget elementor-widget-heading\" data-id=\"8674e55\" data-element_type=\"widget\" data-widget_type=\"heading.default\">\n\t\t\t\t<div class=\"elementor-widget-container\">\n\t\t\t<h2 class=\"elementor-heading-title elementor-size-default\">\nInscri\u00e7\u00e3o\n<\/h2>\t\t<\/div>\n\t\t\t\t<\/div>\n\t\t\t\t\t<\/div>\n\t\t<\/div>\n\t\t\t\t<div class=\"elementor-column elementor-col-50 elementor-inner-column elementor-element elementor-element-3c9c2f7\" data-id=\"3c9c2f7\" data-element_type=\"column\">\n\t\t\t<div class=\"elementor-widget-wrap elementor-element-populated\">\n\t\t\t\t\t\t\t\t<div class=\"elementor-element elementor-element-b096584 elementor-mobile-align-center elementor-widget elementor-widget-button\" data-id=\"b096584\" data-element_type=\"widget\" data-widget_type=\"button.default\">\n\t\t\t\t<div class=\"elementor-widget-container\">\n\t\t\t\t\t<div class=\"elementor-button-wrapper\">\n\t\t\t<a class=\"elementor-button elementor-button-link elementor-size-sm\" href=\"\" target=\"_blank\">\n\t\t\t\t\t\t<span class=\"elementor-button-content-wrapper\">\n\t\t\t\t\t\t<span class=\"elementor-button-icon elementor-align-icon-right\">\n\t\t\t\t<i aria-hidden=\"true\" class=\"fas fa-angle-double-right\"><\/i>\t\t\t<\/span>\n\t\t\t\t\t\t<span class=\"elementor-button-text\">Inscreva-se<\/span>\n\t\t<\/span>\n\t\t\t\t\t<\/a>\n\t\t<\/div>\n\t\t\t\t<\/div>\n\t\t\t\t<\/div>\n\t\t\t\t\t<\/div>\n\t\t<\/div>\n\t\t\t\t\t\t\t<\/div>\n\t\t<\/section>\n\t\t\t\t\t<\/div>\n\t\t<\/div>\n\t\t\t\t\t\t\t<\/div>\n\t\t<\/section>\n\t\t\t\t<section class=\"elementor-section elementor-top-section elementor-element elementor-element-fd87a2c elementor-hidden-desktop elementor-hidden-tablet elementor-hidden-mobile elementor-section-boxed elementor-section-height-default elementor-section-height-default\" data-id=\"fd87a2c\" data-element_type=\"section\">\n\t\t\t\t\t\t<div class=\"elementor-container elementor-column-gap-default\">\n\t\t\t\t\t<div class=\"elementor-column elementor-col-100 elementor-top-column elementor-element elementor-element-8fd9fe5\" data-id=\"8fd9fe5\" data-element_type=\"column\">\n\t\t\t<div class=\"elementor-widget-wrap elementor-element-populated\">\n\t\t\t\t\t\t\t\t<div class=\"elementor-element elementor-element-bf2792a elementor-widget elementor-widget-heading\" data-id=\"bf2792a\" data-element_type=\"widget\" data-widget_type=\"heading.default\">\n\t\t\t\t<div class=\"elementor-widget-container\">\n\t\t\t<h2 class=\"elementor-heading-title elementor-size-default\">Agenda<\/h2>\t\t<\/div>\n\t\t\t\t<\/div>\n\t\t\t\t<div class=\"elementor-element elementor-element-69a2e86 elementor-widget-divider--view-line_icon elementor-view-default elementor-widget-divider--element-align-center elementor-widget elementor-widget-divider\" data-id=\"69a2e86\" data-element_type=\"widget\" data-widget_type=\"divider.default\">\n\t\t\t\t<div class=\"elementor-widget-container\">\n\t\t\t\t\t<div class=\"elementor-divider\">\n\t\t\t<span class=\"elementor-divider-separator\">\n\t\t\t\t\t\t\t<div class=\"elementor-icon elementor-divider__element\">\n\t\t\t\t\t<i aria-hidden=\"true\" class=\"fas fa-chevron-down\"><\/i><\/div>\n\t\t\t\t\t\t<\/span>\n\t\t<\/div>\n\t\t\t\t<\/div>\n\t\t\t\t<\/div>\n\t\t\t\t<div class=\"elementor-element elementor-element-06476c7 elementor-widget elementor-widget-heading\" data-id=\"06476c7\" data-element_type=\"widget\" data-widget_type=\"heading.default\">\n\t\t\t\t<div class=\"elementor-widget-container\">\n\t\t\t<h2 class=\"elementor-heading-title elementor-size-default\">TER\u00c7A-FEIRA, 23 DE NOVEMBRO<\/h2>\t\t<\/div>\n\t\t\t\t<\/div>\n\t\t\t\t<div class=\"elementor-element elementor-element-b07ca58 eael-table-align-center eael-dt-th-align-left elementor-widget elementor-widget-eael-data-table\" data-id=\"b07ca58\" data-element_type=\"widget\" data-widget_type=\"eael-data-table.default\">\n\t\t\t\t<div class=\"elementor-widget-container\">\n\t\t\t<style>\n\t\t\t@media (max-width: 767px) {\n\t\t\t   #eael-data-table-b07ca58.custom-responsive-option-enable .eael-data-table thead {\n                    display: none;\n                }\n               #eael-data-table-b07ca58.custom-responsive-option-enable .eael-data-table tbody tr td {\n                    float: none;\n                    clear: left;\n                    width: 100%;\n                    text-align: left;\n                    display: flex;\n                    align-items: center;\n                }\n\t\t\t}\n\t\t\t<\/style>\t\t<div class=\"eael-data-table-wrap custom-responsive-option-enable\" data-table_id=\"b07ca58\" id=\"eael-data-table-b07ca58\" data-custom_responsive=\"true\">\n\t\t\t<table class=\"tablesorter eael-data-table center\" id=\"eael-data-table-b07ca58\">\n\t\t\t    <thead>\n\t\t\t        <tr class=\"table-header\">\n\t\t\t\t\t\t\t\t\t            <th class=\"\" id=\"\" colspan=\"\">\n\t\t\t\t\t\t\t\t\t\t\t\t\t\t<span class=\"data-table-header-text\">Horario (UTC)<\/span><\/th>\n\t\t\t        \t\t\t\t            <th class=\"\" id=\"\" colspan=\"\">\n\t\t\t\t\t\t\t\t\t\t\t\t\t\t<span class=\"data-table-header-text\">Tem\u00e1tica<\/span><\/th>\n\t\t\t        \t\t\t\t        <\/tr>\n\t\t\t    <\/thead>\n\t\t\t  \t<tbody>\n\t\t\t\t\t\t\t\t\t\t\t<tr>\n\t\t\t\t\t\t\t\t\t\t\t\t\t\t\t\t   \t\t\t\t\t\t\t\t\t\t\t<td colspan=\"\" rowspan=\"\" class=\"\" id=\"\">\n\t\t\t\t\t\t\t\t\t\t\t\t<div class=\"td-content-wrapper\"><div class=\"td-content\">14:15 - 14:\u00b730<\/div><\/div>\n\t\t\t\t\t\t\t\t\t\t\t<\/td>\n\t\t\t\t\t\t\t\t\t\t\t\t\t\t\t\t\t\t\t\t\t\t\t\t\t\t\t\t\t   \t\t\t\t\t\t\t\t\t\t\t<td colspan=\"\" rowspan=\"\" class=\"\" id=\"\">\n\t\t\t\t\t\t\t\t\t\t\t\t<div class=\"td-content-wrapper\"><div class=\"td-content\">Abertura<\/div><\/div>\n\t\t\t\t\t\t\t\t\t\t\t<\/td>\n\t\t\t\t\t\t\t\t\t\t\t\t\t\t\t\t\t\t\t\t\t\t\t\t\t\t<\/tr>\n\t\t\t        \t\t\t\t\t\t<tr>\n\t\t\t\t\t\t\t\t\t\t\t\t\t\t\t\t   \t\t\t\t\t\t\t\t\t\t\t<td colspan=\"\" rowspan=\"\" class=\"\" id=\"\">\n\t\t\t\t\t\t\t\t\t\t\t\t<div class=\"td-content-wrapper\"><div class=\"td-content\">14:30 - 16:00<\/div><\/div>\n\t\t\t\t\t\t\t\t\t\t\t<\/td>\n\t\t\t\t\t\t\t\t\t\t\t\t\t\t\t\t\t\t\t\t\t\t\t\t\t\t\t\t\t   \t\t\t\t\t\t\t\t\t\t\t<td colspan=\"\" rowspan=\"\" class=\"\" id=\"\">\n\t\t\t\t\t\t\t\t\t\t\t\t<div class=\"td-content-wrapper\"><div class=\"td-content\"><p><strong>Atualiza\u00e7\u00e3o sobre as Iniciativas Nacionais e Regionais de Internet e o Youth IGF<\/strong><\/p><\/div><\/div>\n\t\t\t\t\t\t\t\t\t\t\t<\/td>\n\t\t\t\t\t\t\t\t\t\t\t\t\t\t\t\t\t\t\t\t\t\t\t\t\t\t<\/tr>\n\t\t\t        \t\t\t\t\t\t<tr>\n\t\t\t\t\t\t\t\t\t\t\t\t\t\t\t\t   \t\t\t\t\t\t\t\t\t\t\t<td colspan=\"\" rowspan=\"\" class=\"\" id=\"\">\n\t\t\t\t\t\t\t\t\t\t\t\t<div class=\"td-content-wrapper\"><div class=\"td-content\">18:00 - 19:30<\/div><\/div>\n\t\t\t\t\t\t\t\t\t\t\t<\/td>\n\t\t\t\t\t\t\t\t\t\t\t\t\t\t\t\t\t\t\t\t\t\t\t\t\t\t\t\t\t   \t\t\t\t\t\t\t\t\t\t\t<td colspan=\"\" rowspan=\"\" class=\"\" id=\"\">\n\t\t\t\t\t\t\t\t\t\t\t\t<div class=\"td-content-wrapper\"><div class=\"td-content\"><p><strong>O papel da tecnologia em situa\u00e7\u00f5es de tens\u00e3o nos regimes democr\u00e1ticos: como a governan\u00e7a da Internet pode contribuir para a implementa\u00e7\u00e3o de tecnologia com uma abordagem de direitos fundamentais?<\/strong><\/p><p>A experi\u00eancia recente da pandemia, bem como as situa\u00e7\u00f5es de convuls\u00e3o pol\u00edtica e social na regi\u00e3o, evidenciam o papel que a tecnologia e a informa\u00e7\u00e3o (comunicadas e divulgadas atrav\u00e9s da Internet) podem desempenhar para enfrentar as situa\u00e7\u00f5es de crise. Mas, ao mesmo tempo, a experi\u00eancia recente mostra como as tecnologias digitais podem acentuar os riscos de controle e exclus\u00e3o por meio de vigil\u00e2ncia em massa e padronizada sob o pretexto da crise.<\/p><p>A sess\u00e3o do LACIGF sobre este tema visa contribuir para a compreens\u00e3o dos desafios atuais sobre como uma abordagem dos direitos fundamentais pode ser promovida na implementa\u00e7\u00e3o de tecnologias em situa\u00e7\u00f5es de crise, em oposi\u00e7\u00e3o \u00e0 ideia de que o exerc\u00edcio de garantias deve ser suspenso nestes cen\u00e1rios, mostrando a contribui\u00e7\u00e3o que do ponto de vista da governan\u00e7a da Internet pode ser feita para garantir a legalidade, necessidade e proporcionalidade das implementa\u00e7\u00f5es tecnol\u00f3gicas que s\u00e3o adotadas como parte da mitiga\u00e7\u00e3o de cen\u00e1rios de crise. A sess\u00e3o buscar\u00e1 compartilhar perspectivas e exemplos sobre:<\/p><ul><li>O tipo de implementa\u00e7\u00f5es que se desenvolveram na regi\u00e3o a partir de diferentes experi\u00eancias de crise, incluindo: a crise da sa\u00fade no contexto da pandemia, crises motivadas por processos de ruptura pol\u00edtica, crises institucionais voltadas para as demandas sociais, crises econ\u00f4micas derivadas da pol\u00edtica e instabilidade social;<\/li><li>Qual a contribui\u00e7\u00e3o que os m\u00faltiplos setores podem dar para um desenvolvimento de respostas tecnol\u00f3gicas mais alinhado com o exerc\u00edcio dos direitos fundamentais; e,<\/li><li>Os mecanismos necess\u00e1rios de transpar\u00eancia e presta\u00e7\u00e3o de contas dos diferentes atores em torno dos diferentes processos de desenvolvimento e uso das tecnologias digitais.<\/li><\/ul><p>Formato: A ideia \u00e9 contar com as perspectivas dos diferentes atores, em um painel multissetorial.<\/p><\/div><\/div>\n\t\t\t\t\t\t\t\t\t\t\t<\/td>\n\t\t\t\t\t\t\t\t\t\t\t\t\t\t\t\t\t\t\t\t\t\t\t\t\t\t<\/tr>\n\t\t\t        \t\t\t\t\t\t<tr>\n\t\t\t\t\t\t\t\t\t\t\t\t\t\t\t\t   \t\t\t\t\t\t\t\t\t\t\t<td colspan=\"\" rowspan=\"\" class=\"\" id=\"\">\n\t\t\t\t\t\t\t\t\t\t\t\t<div class=\"td-content-wrapper\"><div class=\"td-content\">20:00 - 21:30<\/div><\/div>\n\t\t\t\t\t\t\t\t\t\t\t<\/td>\n\t\t\t\t\t\t\t\t\t\t\t\t\t\t\t\t\t\t\t\t\t\t\t\t\t\t\t\t\t   \t\t\t\t\t\t\t\t\t\t\t<td colspan=\"\" rowspan=\"\" class=\"\" id=\"\">\n\t\t\t\t\t\t\t\t\t\t\t\t<div class=\"td-content-wrapper\"><div class=\"td-content\"><p><strong>Oportunidades para a integra\u00e7\u00e3o digital regional<\/strong><\/p><p>A economia global \u00e9 atualmente uma economia digitalizada. O desenvolvimento do ecossistema digital na Am\u00e9rica Latina e o Caribe traz consigo desafios locais e nacionais muito importantes, como a implementa\u00e7\u00e3o de redes de conectividade e a amplia\u00e7\u00e3o do acesso, mas tamb\u00e9m desafios que requerem uma perspectiva transnacional, devido \u00e0s caracter\u00edsticas naturais da Internet, que vai al\u00e9m das barreiras geogr\u00e1ficas.<\/p><p>A regi\u00e3o oferece grandes possibilidades para o crescimento da economia digital, sustentado na implementa\u00e7\u00e3o de mais e melhores redes, e na integra\u00e7\u00e3o de acordos transnacionais que promovam a integra\u00e7\u00e3o e o interc\u00e2mbio. Atualmente, no entanto, existem barreiras de outra natureza que dificultam esse crescimento.<\/p><p>As barreiras \u00e0s vezes podem ser log\u00edsticas, burocr\u00e1ticas, por falta de harmoniza\u00e7\u00e3o legal e regulat\u00f3ria ou por falta de infraestrutura. Em muitos casos, os regimes regulat\u00f3rios n\u00e3o foram adaptados ao avan\u00e7o das novas tecnologias. O di\u00e1logo por meio de f\u00f3runs supranacionais e com participa\u00e7\u00e3o de atores p\u00fablicos e privados, comunidade t\u00e9cnica, sociedade civil e academia \u00e9 fundamental para avan\u00e7ar no entendimento de onde e como \u00e9 necess\u00e1rio avan\u00e7ar.<\/p><p>Atualmente, podem ser identificados in\u00fameros processos de negocia\u00e7\u00e3o comercial e integra\u00e7\u00e3o regional, nos quais se discutem e, por vezes, incluem cl\u00e1usulas relacionadas \u00e0 economia digital. Tanto no Mercosul quanto na Alian\u00e7a do Pac\u00edfico, houve avan\u00e7os nos acordos sobre quest\u00f5es de pol\u00edtica digital. Al\u00e9m disso, alguns pa\u00edses, como o M\u00e9xico e Chile, participam de acordos digitais que transcendem a Am\u00e9rica Latina (TMEC e DEPA, respectivamente), ao mesmo tempo em que ocorrem discuss\u00f5es em esferas globais sobre essas quest\u00f5es.<\/p><p>____<\/p><p>Moderador - Alejandro Pati\u00f1o - CEPAL<\/p><div dir=\"ltr\"><div><span style=\"color: #33cccc;\">Speakers<\/span><\/div><div>\u00a0<\/div><ul><li>Francisco Molina - Secretar\u00eda de Econom\u00eda - M\u00e9xico<\/li><li>Eduardo Chomali - CAF<\/li><li>Sissi De la Pe\u00f1a - ALAI<\/li><li>Ariel Graizer - LAC-IX<\/li><li>Kemly Camacho - Sula Batsu \u00a0- Costa Rica<\/li><li>Fernando L\u00f3pez Guti\u00e9rrez - Director de Pol\u00edticas P\u00fablicas\u00a0 ASIET\u00a0<\/li><\/ul><\/div><\/div><\/div>\n\t\t\t\t\t\t\t\t\t\t\t<\/td>\n\t\t\t\t\t\t\t\t\t\t\t\t\t\t\t\t\t\t\t\t\t\t\t\t\t\t<\/tr>\n\t\t\t        \t\t\t    <\/tbody>\n\t\t\t<\/table>\n\t\t<\/div>\n\t  \t\t\t<\/div>\n\t\t\t\t<\/div>\n\t\t\t\t<div class=\"elementor-element elementor-element-9643e3a elementor-widget elementor-widget-spacer\" data-id=\"9643e3a\" data-element_type=\"widget\" data-widget_type=\"spacer.default\">\n\t\t\t\t<div class=\"elementor-widget-container\">\n\t\t\t<style>\/*! elementor - v3.16.0 - 09-10-2023 *\/\n.elementor-column .elementor-spacer-inner{height:var(--spacer-size)}.e-con{--container-widget-width:100%}.e-con-inner>.elementor-widget-spacer,.e-con>.elementor-widget-spacer{width:var(--container-widget-width,var(--spacer-size));--align-self:var(--container-widget-align-self,initial);--flex-shrink:0}.e-con-inner>.elementor-widget-spacer>.elementor-widget-container,.e-con>.elementor-widget-spacer>.elementor-widget-container{height:100%;width:100%}.e-con-inner>.elementor-widget-spacer>.elementor-widget-container>.elementor-spacer,.e-con>.elementor-widget-spacer>.elementor-widget-container>.elementor-spacer{height:100%}.e-con-inner>.elementor-widget-spacer>.elementor-widget-container>.elementor-spacer>.elementor-spacer-inner,.e-con>.elementor-widget-spacer>.elementor-widget-container>.elementor-spacer>.elementor-spacer-inner{height:var(--container-widget-height,var(--spacer-size))}.e-con-inner>.elementor-widget-spacer.elementor-widget-empty,.e-con>.elementor-widget-spacer.elementor-widget-empty{position:relative;min-height:22px;min-width:22px}.e-con-inner>.elementor-widget-spacer.elementor-widget-empty .elementor-widget-empty-icon,.e-con>.elementor-widget-spacer.elementor-widget-empty .elementor-widget-empty-icon{position:absolute;top:0;bottom:0;left:0;right:0;margin:auto;padding:0;width:22px;height:22px}<\/style>\t\t<div class=\"elementor-spacer\">\n\t\t\t<div class=\"elementor-spacer-inner\"><\/div>\n\t\t<\/div>\n\t\t\t\t<\/div>\n\t\t\t\t<\/div>\n\t\t\t\t<div class=\"elementor-element elementor-element-6839dde elementor-widget elementor-widget-heading\" data-id=\"6839dde\" data-element_type=\"widget\" data-widget_type=\"heading.default\">\n\t\t\t\t<div class=\"elementor-widget-container\">\n\t\t\t<h2 class=\"elementor-heading-title elementor-size-default\">QUARTA-FEIRA, 24 DE NOVEMBRO<\/h2>\t\t<\/div>\n\t\t\t\t<\/div>\n\t\t\t\t\t<\/div>\n\t\t<\/div>\n\t\t\t\t\t\t\t<\/div>\n\t\t<\/section>\n\t\t\t\t<section class=\"elementor-section elementor-top-section elementor-element elementor-element-53ddfed elementor-hidden-desktop elementor-hidden-tablet elementor-hidden-mobile elementor-section-boxed elementor-section-height-default elementor-section-height-default\" data-id=\"53ddfed\" data-element_type=\"section\">\n\t\t\t\t\t\t<div class=\"elementor-container elementor-column-gap-default\">\n\t\t\t\t\t<div class=\"elementor-column elementor-col-100 elementor-top-column elementor-element elementor-element-e8d9d9a\" data-id=\"e8d9d9a\" data-element_type=\"column\">\n\t\t\t<div class=\"elementor-widget-wrap elementor-element-populated\">\n\t\t\t\t\t\t\t\t<div class=\"elementor-element elementor-element-9536605 eael-table-align-center eael-dt-th-align-left elementor-widget elementor-widget-eael-data-table\" data-id=\"9536605\" data-element_type=\"widget\" data-widget_type=\"eael-data-table.default\">\n\t\t\t\t<div class=\"elementor-widget-container\">\n\t\t\t<style>\n\t\t\t@media (max-width: 767px) {\n\t\t\t   #eael-data-table-9536605.custom-responsive-option-enable .eael-data-table thead {\n                    display: none;\n                }\n               #eael-data-table-9536605.custom-responsive-option-enable .eael-data-table tbody tr td {\n                    float: none;\n                    clear: left;\n                    width: 100%;\n                    text-align: left;\n                    display: flex;\n                    align-items: center;\n                }\n\t\t\t}\n\t\t\t<\/style>\t\t<div class=\"eael-data-table-wrap custom-responsive-option-enable\" data-table_id=\"9536605\" id=\"eael-data-table-9536605\" data-custom_responsive=\"true\">\n\t\t\t<table class=\"tablesorter eael-data-table center\" id=\"eael-data-table-9536605\">\n\t\t\t    <thead>\n\t\t\t        <tr class=\"table-header\">\n\t\t\t\t\t\t\t\t\t            <th class=\"\" id=\"\" colspan=\"1\">\n\t\t\t\t\t\t\t\t\t\t\t\t\t\t<span class=\"data-table-header-text\">Hor\u00e1rio (UTC)<\/span><\/th>\n\t\t\t        \t\t\t\t            <th class=\"\" id=\"\" colspan=\"\">\n\t\t\t\t\t\t\t\t\t\t\t\t\t\t<span class=\"data-table-header-text\">Tem\u00e1tica<\/span><\/th>\n\t\t\t        \t\t\t\t        <\/tr>\n\t\t\t    <\/thead>\n\t\t\t  \t<tbody>\n\t\t\t\t\t\t\t\t\t\t\t<tr>\n\t\t\t\t\t\t\t\t\t\t\t\t\t\t\t\t   \t\t\t\t\t\t\t\t\t\t\t<td colspan=\"\" rowspan=\"\" class=\"\" id=\"\">\n\t\t\t\t\t\t\t\t\t\t\t\t<div class=\"td-content-wrapper\"><div class=\"td-content\">14:30 - 16:\u00b700<\/div><\/div>\n\t\t\t\t\t\t\t\t\t\t\t<\/td>\n\t\t\t\t\t\t\t\t\t\t\t\t\t\t\t\t\t\t\t\t\t\t\t\t\t\t\t\t\t   \t\t\t\t\t\t\t\t\t\t\t<td colspan=\"\" rowspan=\"\" class=\"\" id=\"\">\n\t\t\t\t\t\t\t\t\t\t\t\t<div class=\"td-content-wrapper\"><div class=\"td-content\"><p><strong>Modelos de colabora\u00e7\u00e3o eficazes para a governan\u00e7a da Internet: O caso dos recursos compartilhados<\/strong><\/p><p>A sess\u00e3o apresentar\u00e1 diferentes casos, projetos e modelos de colabora\u00e7\u00e3o de natureza multissetorial que se desenvolveram em torno da gest\u00e3o dos recursos compartilhados da Internet. Desta forma, o painel explorar\u00e1 quais s\u00e3o as principais caracter\u00edsticas que se identificam em casos de colabora\u00e7\u00e3o regional efetiva.<\/p><p>A governan\u00e7a dos recursos compartilhados da Internet permite examinar como o modelo multistakeholder assume uma forma espec\u00edfica para uma variedade de casos e problemas.<\/p><p>Formato: Painel multissetorial<\/p><\/div><\/div>\n\t\t\t\t\t\t\t\t\t\t\t<\/td>\n\t\t\t\t\t\t\t\t\t\t\t\t\t\t\t\t\t\t\t\t\t\t\t\t\t\t<\/tr>\n\t\t\t        \t\t\t\t\t\t<tr>\n\t\t\t\t\t\t\t\t\t\t\t\t\t\t\t\t   \t\t\t\t\t\t\t\t\t\t\t<td colspan=\"\" rowspan=\"\" class=\"\" id=\"\">\n\t\t\t\t\t\t\t\t\t\t\t\t<div class=\"td-content-wrapper\"><div class=\"td-content\">18:00 - 19:30<\/div><\/div>\n\t\t\t\t\t\t\t\t\t\t\t<\/td>\n\t\t\t\t\t\t\t\t\t\t\t\t\t\t\t\t\t\t\t\t\t\t\t\t\t\t\t\t\t   \t\t\t\t\t\t\t\t\t\t\t<td colspan=\"\" rowspan=\"\" class=\"\" id=\"\">\n\t\t\t\t\t\t\t\t\t\t\t\t<div class=\"td-content-wrapper\"><div class=\"td-content\"><p><strong>Acesso universal e inclus\u00e3o no n\u00edvel social, econ\u00f4mico e de direitos humanos: Como chegamos a um diagn\u00f3stico positivo para obter linhas de trabalho comuns para as m\u00faltiplas partes interessadas?<\/strong><\/p><p>Levando em conta os obst\u00e1culos, barreiras e desvantagens que o acesso e a inclus\u00e3o constituem nos diversos contextos, os que se agravaram com a pandemia a n\u00edvel global, \u00e9 necess\u00e1rio entre as m\u00faltiplas partes interessadas obter linhas de trabalho comuns, revertendo positivamente o acontecido.<\/p><p>Para isso, cada parte, no papel que lhe corresponde, far\u00e1 um ajuste do estado em que se encontra em rela\u00e7\u00e3o a essas quest\u00f5es, e citar\u00e1 qual \u00e9 o diagn\u00f3stico a que chegaram e como em conjunto podem criar linhas espec\u00edficas, com incentivos e instrumentos concretos para obt\u00ea-las e promover o acesso e a inclus\u00e3o, chegando a um consenso, valendo-se da confian\u00e7a existente entre eles.<\/p><p>Este consenso se tornar\u00e1 uma contribui\u00e7\u00e3o para explicar esse aspecto ao IGF, indicando seu objetivo de atingir a todos e reduzir as falhas e fissuras que possam existir em todas as pessoas.<\/p><p>____<\/p><p><span style=\"color: #33cccc;\">Speakers<\/span><\/p><ul><li>Nathalia Foditsch, Especialista S\u00eanior em Pol\u00edticas e Regulamenta\u00e7\u00f5es, Alliance for an Affordable Internet (A4ia)<\/li><li>Virginia Pardo, Diretora da \u00c1rea de Sociedade da Informa\u00e7\u00e3o da Ag\u00eancia para o Governo Eletr\u00f4nico, Sociedade da Informa\u00e7\u00e3o e Conhecimento (Agesic)<\/li><li>Carlos Mart\u00ednez Cagnazzo, Gerente de Tecnologia de LACNIC<\/li><li>Mat\u00edas Dodel, Universidade Cat\u00f3lica do Uruguai<\/li><li>Ra\u00fal Echeberr\u00eda, Diretor Executivo da Associa\u00e7\u00e3o Latino-Americana da Internet (ALAI)<\/li><li>Claudia Valdivia, presidente da Internet for All<\/li><\/ul><\/div><\/div>\n\t\t\t\t\t\t\t\t\t\t\t<\/td>\n\t\t\t\t\t\t\t\t\t\t\t\t\t\t\t\t\t\t\t\t\t\t\t\t\t\t<\/tr>\n\t\t\t        \t\t\t\t\t\t<tr>\n\t\t\t\t\t\t\t\t\t\t\t\t\t\t\t\t   \t\t\t\t\t\t\t\t\t\t\t<td colspan=\"\" rowspan=\"\" class=\"\" id=\"\">\n\t\t\t\t\t\t\t\t\t\t\t\t<div class=\"td-content-wrapper\"><div class=\"td-content\">20:00 - 21:30<\/div><\/div>\n\t\t\t\t\t\t\t\t\t\t\t<\/td>\n\t\t\t\t\t\t\t\t\t\t\t\t\t\t\t\t\t\t\t\t\t\t\t\t\t\t\t\t\t   \t\t\t\t\t\t\t\t\t\t\t<td colspan=\"\" rowspan=\"\" class=\"\" id=\"\">\n\t\t\t\t\t\t\t\t\t\t\t\t<div class=\"td-content-wrapper\"><div class=\"td-content\"><p><strong>Futuro do LACIGF<\/strong><\/p><\/div><\/div>\n\t\t\t\t\t\t\t\t\t\t\t<\/td>\n\t\t\t\t\t\t\t\t\t\t\t\t\t\t\t\t\t\t\t\t\t\t\t\t\t\t<\/tr>\n\t\t\t        \t\t\t\t\t\t<tr>\n\t\t\t\t\t\t\t\t\t\t\t\t\t\t\t\t   \t\t\t\t\t\t\t\t\t\t\t<td colspan=\"\" rowspan=\"\" class=\"\" id=\"\">\n\t\t\t\t\t\t\t\t\t\t\t\t<div class=\"td-content-wrapper\"><div class=\"td-content\">21:30 - 21:45<\/div><\/div>\n\t\t\t\t\t\t\t\t\t\t\t<\/td>\n\t\t\t\t\t\t\t\t\t\t\t\t\t\t\t\t\t\t\t\t\t\t\t\t\t\t\t\t\t   \t\t\t\t\t\t\t\t\t\t\t<td colspan=\"\" rowspan=\"\" class=\"\" id=\"\">\n\t\t\t\t\t\t\t\t\t\t\t\t<div class=\"td-content-wrapper\"><div class=\"td-content\"><p><strong>Encerramento<\/strong><\/p><\/div><\/div>\n\t\t\t\t\t\t\t\t\t\t\t<\/td>\n\t\t\t\t\t\t\t\t\t\t\t\t\t\t\t\t\t\t\t\t\t\t\t\t\t\t<\/tr>\n\t\t\t        \t\t\t    <\/tbody>\n\t\t\t<\/table>\n\t\t<\/div>\n\t  \t\t\t<\/div>\n\t\t\t\t<\/div>\n\t\t\t\t\t<\/div>\n\t\t<\/div>\n\t\t\t\t\t\t\t<\/div>\n\t\t<\/section>\n\t\t\t\t<section class=\"elementor-section elementor-top-section elementor-element elementor-element-4d6262f elementor-section-stretched elementor-section-boxed elementor-section-height-default elementor-section-height-default\" data-id=\"4d6262f\" data-element_type=\"section\" data-settings=\"{&quot;background_background&quot;:&quot;classic&quot;,&quot;stretch_section&quot;:&quot;section-stretched&quot;}\">\n\t\t\t\t\t\t<div class=\"elementor-container elementor-column-gap-default\">\n\t\t\t\t\t<div class=\"elementor-column elementor-col-100 elementor-top-column elementor-element elementor-element-8c9952d\" data-id=\"8c9952d\" data-element_type=\"column\">\n\t\t\t<div class=\"elementor-widget-wrap elementor-element-populated\">\n\t\t\t\t\t\t\t\t<div class=\"elementor-element elementor-element-ae4ebed elementor-widget elementor-widget-heading\" data-id=\"ae4ebed\" data-element_type=\"widget\" data-widget_type=\"heading.default\">\n\t\t\t\t<div class=\"elementor-widget-container\">\n\t\t\t<h2 class=\"elementor-heading-title elementor-size-default\">inscri\u00e7\u00f5es<\/h2>\t\t<\/div>\n\t\t\t\t<\/div>\n\t\t\t\t<div class=\"elementor-element elementor-element-ac78c51 elementor-widget-divider--view-line elementor-widget elementor-widget-divider\" data-id=\"ac78c51\" data-element_type=\"widget\" data-widget_type=\"divider.default\">\n\t\t\t\t<div class=\"elementor-widget-container\">\n\t\t\t\t\t<div class=\"elementor-divider\">\n\t\t\t<span class=\"elementor-divider-separator\">\n\t\t\t\t\t\t<\/span>\n\t\t<\/div>\n\t\t\t\t<\/div>\n\t\t\t\t<\/div>\n\t\t\t\t<div class=\"elementor-element elementor-element-f1c70ee elementor-widget elementor-widget-text-editor\" data-id=\"f1c70ee\" data-element_type=\"widget\" data-widget_type=\"text-editor.default\">\n\t\t\t\t<div class=\"elementor-widget-container\">\n\t\t\t\t\t\t\t<p>As inscri\u00e7\u00f5es para a 15\u00aa edi\u00e7\u00e3o do F\u00f3rum Latino-Americano de Governan\u00e7a da Internet j\u00e1 est\u00e3o abertas. Todas as pessoas que desejam participar do LACIGF15 devem preencher e enviar o formul\u00e1rio que voc\u00ea encontrar\u00e1 abaixo. O f\u00f3rum acontecer\u00e1 entre os dias 25 e 26 de outubro, online, e inclui quatro sess\u00f5es abertas. Al\u00e9m disso, no dia 24 de outubro ser\u00e1 realizado o &#8220;dia zero&#8221;, com atividades do Youth LACIGF e as iniciativas nacionais e regionais de governan\u00e7a de internet (NRIs).<\/p>\t\t\t\t\t\t<\/div>\n\t\t\t\t<\/div>\n\t\t\t\t<div class=\"elementor-element elementor-element-3bc75ad elementor-widget elementor-widget-eael-creative-button\" data-id=\"3bc75ad\" data-element_type=\"widget\" data-widget_type=\"eael-creative-button.default\">\n\t\t\t\t<div class=\"elementor-widget-container\">\n\t\t\t        <div class=\"eael-creative-button-wrapper\">\n\n            <a class=\"eael-creative-button eael-creative-button--winona\" href=\"\" target=\"_blank _blank\" data-text=\"Vamos!\">\n\n\t    \n                <div class=\"creative-button-inner\">\n\n                    \n                    <span class=\"cretive-button-text\">Registrar agora<\/span>\n\n                                            <span class=\"eael-creative-button-icon-right\"><i aria-hidden=\"true\" class=\"fas fa-caret-square-right\"><\/i><\/span>                                    <\/div>\n\t                        <\/a>\n        <\/div>\n\t\t<\/div>\n\t\t\t\t<\/div>\n\t\t\t\t\t<\/div>\n\t\t<\/div>\n\t\t\t\t\t\t\t<\/div>\n\t\t<\/section>\n\t\t\t\t<section class=\"elementor-section elementor-top-section elementor-element elementor-element-d031258 elementor-section-boxed elementor-section-height-default elementor-section-height-default\" data-id=\"d031258\" data-element_type=\"section\" data-settings=\"{&quot;background_background&quot;:&quot;classic&quot;}\">\n\t\t\t\t\t\t<div class=\"elementor-container elementor-column-gap-default\">\n\t\t\t\t\t<div class=\"elementor-column elementor-col-100 elementor-top-column elementor-element elementor-element-da740cd\" data-id=\"da740cd\" data-element_type=\"column\">\n\t\t\t<div class=\"elementor-widget-wrap elementor-element-populated\">\n\t\t\t\t\t\t\t\t<div class=\"elementor-element elementor-element-5dfc0ca elementor-widget elementor-widget-heading\" data-id=\"5dfc0ca\" data-element_type=\"widget\" data-widget_type=\"heading.default\">\n\t\t\t\t<div class=\"elementor-widget-container\">\n\t\t\t<h2 class=\"elementor-heading-title elementor-size-default\">Agenda<\/h2>\t\t<\/div>\n\t\t\t\t<\/div>\n\t\t\t\t<div class=\"elementor-element elementor-element-7f68f1f elementor-widget-divider--view-line elementor-widget elementor-widget-divider\" data-id=\"7f68f1f\" data-element_type=\"widget\" data-widget_type=\"divider.default\">\n\t\t\t\t<div class=\"elementor-widget-container\">\n\t\t\t\t\t<div class=\"elementor-divider\">\n\t\t\t<span class=\"elementor-divider-separator\">\n\t\t\t\t\t\t<\/span>\n\t\t<\/div>\n\t\t\t\t<\/div>\n\t\t\t\t<\/div>\n\t\t\t\t\t<\/div>\n\t\t<\/div>\n\t\t\t\t\t\t\t<\/div>\n\t\t<\/section>\n\t\t\t\t<section class=\"elementor-section elementor-top-section elementor-element elementor-element-40f6074 elementor-section-boxed elementor-section-height-default elementor-section-height-default\" data-id=\"40f6074\" data-element_type=\"section\">\n\t\t\t\t\t\t<div class=\"elementor-container elementor-column-gap-default\">\n\t\t\t\t\t<div class=\"elementor-column elementor-col-100 elementor-top-column elementor-element elementor-element-df88993\" data-id=\"df88993\" data-element_type=\"column\">\n\t\t\t<div class=\"elementor-widget-wrap elementor-element-populated\">\n\t\t\t\t\t\t\t\t<div class=\"elementor-element elementor-element-94df901 elementor-widget elementor-widget-text-editor\" data-id=\"94df901\" data-element_type=\"widget\" data-widget_type=\"text-editor.default\">\n\t\t\t\t<div class=\"elementor-widget-container\">\n\t\t\t\t\t\t\t<p style=\"text-align: center;\"><span style=\"font-weight: 400;\">Todos os hor\u00e1rios est\u00e3o no <\/span><b>-3 UTC (Hora do Uruguai)<\/b><\/p><p style=\"text-align: center;\"><strong><em><span style=\"color: #268187;\">DIA 0\u00a0<\/span><br \/>Segunda-feira 24\/10<\/em><\/strong><\/p>\t\t\t\t\t\t<\/div>\n\t\t\t\t<\/div>\n\t\t\t\t<div class=\"elementor-element elementor-element-8dbad58 eael-dt-th-align-mobile-center eael-table-align-center eael-dt-th-align-left elementor-widget elementor-widget-eael-data-table\" data-id=\"8dbad58\" data-element_type=\"widget\" data-widget_type=\"eael-data-table.default\">\n\t\t\t\t<div class=\"elementor-widget-container\">\n\t\t\t<style>\n\t\t\t@media (max-width: 767px) {\n\t\t\t   #eael-data-table-8dbad58.custom-responsive-option-enable .eael-data-table thead {\n                    display: none;\n                }\n               #eael-data-table-8dbad58.custom-responsive-option-enable .eael-data-table tbody tr td {\n                    float: none;\n                    clear: left;\n                    width: 100%;\n                    text-align: left;\n                    display: flex;\n                    align-items: center;\n                }\n\t\t\t}\n\t\t\t<\/style>\t\t<div class=\"eael-data-table-wrap custom-responsive-option-enable\" data-table_id=\"8dbad58\" id=\"eael-data-table-8dbad58\" data-custom_responsive=\"true\">\n\t\t\t<table class=\"tablesorter eael-data-table center\" id=\"eael-data-table-8dbad58\">\n\t\t\t    <thead>\n\t\t\t        <tr class=\"table-header\">\n\t\t\t\t\t\t\t\t\t            <th class=\"head-hora\" id=\"\" colspan=\"1\">\n\t\t\t\t\t\t\t\t\t\t\t\t\t\t<span class=\"data-table-header-text\">Hor\u00e1rio <br>(-3 UTC)<\/span><\/th>\n\t\t\t        \t\t\t\t            <th class=\"\" id=\"\" colspan=\"1\">\n\t\t\t\t\t\t\t\t\t\t\t\t\t\t<span class=\"data-table-header-text\">Sess\u00e3o<\/span><\/th>\n\t\t\t        \t\t\t\t        <\/tr>\n\t\t\t    <\/thead>\n\t\t\t  \t<tbody>\n\t\t\t\t\t\t\t\t\t\t\t<tr>\n\t\t\t\t\t\t\t\t\t\t\t\t\t\t\t\t   \t\t\t\t\t\t\t\t\t\t\t<td colspan=\"\" rowspan=\"\" class=\"hora-tabla\" id=\"\">\n\t\t\t\t\t\t\t\t\t\t\t\t<div class=\"td-content-wrapper\"><div class=\"td-content\"><p><strong>10:00 <span style=\"font-weight: 400;\">\u00a0<strong>\u00e0s<\/strong><\/span> 11:30 <\/strong><\/p><\/div><\/div>\n\t\t\t\t\t\t\t\t\t\t\t<\/td>\n\t\t\t\t\t\t\t\t\t\t\t\t\t\t\t\t\t\t\t\t\t\t\t\t\t\t\t\t\t   \t\t\t\t\t\t\t\t\t\t\t<td colspan=\"\" rowspan=\"\" class=\"\" id=\"\">\n\t\t\t\t\t\t\t\t\t\t\t\t<div class=\"td-content-wrapper\"><div class=\"td-content\"><h2><strong><span style=\"color: #c40655;\">Workshop IV Youth Track Global<\/span><br \/>Rumo a uma transforma\u00e7\u00e3o digital robusta: Construindo pontes entre a seguran\u00e7a cibern\u00e9tica e os direitos digitais.\u00a0<\/strong><\/h2><p>Ciber-seguran\u00e7a \u00e9 um termo amplo que engloba a prote\u00e7\u00e3o de infra-estruturas cr\u00edticas de informa\u00e7\u00e3o, assim como as redes de informa\u00e7\u00e3o de pequenas e m\u00e9dias empresas, ou computadores pessoais. A Ciberseguran\u00e7a \u00e9 um processo que envolve a sociedade como um todo, a Internet oferece oportunidades sem precedentes para fazer valer os direitos humanos e desempenha um papel cada vez mais importante em nossa vida di\u00e1ria. Esta sess\u00e3o analisa a seguran\u00e7a cibern\u00e9tica a partir de uma perspectiva centrada no ser humano. A liberdade de express\u00e3o, o livre fluxo de informa\u00e7\u00f5es e o direito \u00e0 privacidade est\u00e3o sob ataque na era da cibervigil\u00e2ncia. De uma perspectiva centrada no ser humano, estes direitos devem ser intendidos como parte fundamental da ciber-seguran\u00e7a. As prote\u00e7\u00f5es dos direitos humanos devem ser efetivamente abordadas na esfera digital e conquistar seu lugar nas agendas da ciberseguran\u00e7a para poderem conduzir a mecanismos de responsabilidade democr\u00e1tica.<\/p><ul><li style=\"font-weight: 400;\" aria-level=\"1\"><strong>Painelistas:<\/strong><em><span style=\"font-weight: 400;\">Wout de Natris, Joao Moreno\u00a0<\/span><\/em><\/li><li style=\"font-weight: 400;\" aria-level=\"1\"><span style=\"font-weight: 400;\"><strong>Moderadores:<\/strong><em> Nicol\u00e1s Fiumarelli, Umut Pajaro<\/em> <em>Vel\u00e1squez<\/em> e <em>Phio Ti Lim<\/em><\/span><\/li><li style=\"font-weight: 400;\" aria-level=\"1\"><b>Relator:<\/b><span style=\"font-weight: 400;\"><span style=\"font-weight: 400;\">\u00a0Definir<\/span><\/span>\u00a0<\/li><\/ul><hr \/><p><strong>Keynote: <\/strong>Benjamin Chong Castillo<\/p><\/div><\/div>\n\t\t\t\t\t\t\t\t\t\t\t<\/td>\n\t\t\t\t\t\t\t\t\t\t\t\t\t\t\t\t\t\t\t\t\t\t\t\t\t\t<\/tr>\n\t\t\t        \t\t\t\t\t\t<tr>\n\t\t\t\t\t\t\t\t\t\t\t\t\t\t\t\t   \t\t\t\t\t\t\t\t\t\t\t<td colspan=\"\" rowspan=\"\" class=\"hora-tabla\" id=\"\">\n\t\t\t\t\t\t\t\t\t\t\t\t<div class=\"td-content-wrapper\"><div class=\"td-content\"><p><strong>11:30 \u00e0s 13:30\u00a0<\/strong><\/p><\/div><\/div>\n\t\t\t\t\t\t\t\t\t\t\t<\/td>\n\t\t\t\t\t\t\t\t\t\t\t\t\t\t\t\t\t\t\t\t\t\t\t\t\t\t\t\t\t   \t\t\t\t\t\t\t\t\t\t\t<td colspan=\"\" rowspan=\"\" class=\"\" id=\"\">\n\t\t\t\t\t\t\t\t\t\t\t\t<div class=\"td-content-wrapper\"><div class=\"td-content\"><h2><strong>Iniciativas do Youth LACIGF na Am\u00e9rica Latina<\/strong><\/h2><ul><li style=\"font-weight: 400;\" aria-level=\"1\"><strong>Youth IGF Brasil:<\/strong> Por confirmar<\/li><li style=\"font-weight: 400;\" aria-level=\"1\"><strong>Youth IGF Col\u00f4mbia:<\/strong><em> Laura Ramos e Benjamin Chong<\/em><\/li><li style=\"font-weight: 400;\" aria-level=\"1\"><strong>Youth IGF Nicar\u00e1gua<\/strong>: <em>Cristina Morales Angulo<\/em><\/li><li style=\"font-weight: 400;\" aria-level=\"1\"><strong>IGF Venezuela y Redes Ayuda:<\/strong> <em>David Aragort<\/em><\/li><li style=\"font-weight: 400;\" aria-level=\"1\"><strong>IGF Panam\u00e1:<\/strong> <em>Abdias Zambrano<\/em><\/li><li style=\"font-weight: 400;\" aria-level=\"1\"><strong>Embaixadores da Internet Rep\u00fablica Dominicana:<\/strong> <em>Federica Tortorella<\/em><\/li><li style=\"font-weight: 400;\" aria-level=\"1\"><strong>IGF Argentina and Vituagora:<\/strong> <em>Augusto Mathurin<\/em><\/li><\/ul><\/div><\/div>\n\t\t\t\t\t\t\t\t\t\t\t<\/td>\n\t\t\t\t\t\t\t\t\t\t\t\t\t\t\t\t\t\t\t\t\t\t\t\t\t\t<\/tr>\n\t\t\t        \t\t\t\t\t\t<tr>\n\t\t\t\t\t\t\t\t\t\t\t\t\t\t\t\t   \t\t\t\t\t\t\t\t\t\t\t<td colspan=\"\" rowspan=\"\" class=\"hora-tabla\" id=\"\">\n\t\t\t\t\t\t\t\t\t\t\t\t<div class=\"td-content-wrapper\"><div class=\"td-content\"><p><strong>15:00 \u00e0s 18:00<\/strong><\/p><\/div><\/div>\n\t\t\t\t\t\t\t\t\t\t\t<\/td>\n\t\t\t\t\t\t\t\t\t\t\t\t\t\t\t\t\t\t\t\t\t\t\t\t\t\t\t\t\t   \t\t\t\t\t\t\t\t\t\t\t<td colspan=\"\" rowspan=\"\" class=\"\" id=\"\">\n\t\t\t\t\t\t\t\t\t\t\t\t<div class=\"td-content-wrapper\"><div class=\"td-content\"><h2 style=\"text-align: left;\"><strong><span style=\"color: #c20453;\">NRIS:<\/span> Governan\u00e7a da Internet na Am\u00e9rica Latina e no Caribe: avan\u00e7os, desafios, perspectivas e experi\u00eancias<\/strong><\/h2><\/div><\/div>\n\t\t\t\t\t\t\t\t\t\t\t<\/td>\n\t\t\t\t\t\t\t\t\t\t\t\t\t\t\t\t\t\t\t\t\t\t\t\t\t\t<\/tr>\n\t\t\t        \t\t\t    <\/tbody>\n\t\t\t<\/table>\n\t\t<\/div>\n\t  \t\t\t<\/div>\n\t\t\t\t<\/div>\n\t\t\t\t<div class=\"elementor-element elementor-element-cae5a9a elementor-widget elementor-widget-text-editor\" data-id=\"cae5a9a\" data-element_type=\"widget\" data-widget_type=\"text-editor.default\">\n\t\t\t\t<div class=\"elementor-widget-container\">\n\t\t\t\t\t\t\t<p style=\"text-align: center;\"><em><span style=\"color: #117873;\"><b>DIA 1<\/b><\/span><br \/><strong>Ter\u00e7a-feira 25\/10<\/strong><br \/><br \/><\/em><\/p>\t\t\t\t\t\t<\/div>\n\t\t\t\t<\/div>\n\t\t\t\t<div class=\"elementor-element elementor-element-3ed45ef eael-dt-th-align-mobile-center eael-table-align-center eael-dt-th-align-left elementor-widget elementor-widget-eael-data-table\" data-id=\"3ed45ef\" data-element_type=\"widget\" data-widget_type=\"eael-data-table.default\">\n\t\t\t\t<div class=\"elementor-widget-container\">\n\t\t\t<style>\n\t\t\t@media (max-width: 767px) {\n\t\t\t   #eael-data-table-3ed45ef.custom-responsive-option-enable .eael-data-table thead {\n                    display: none;\n                }\n               #eael-data-table-3ed45ef.custom-responsive-option-enable .eael-data-table tbody tr td {\n                    float: none;\n                    clear: left;\n                    width: 100%;\n                    text-align: left;\n                    display: flex;\n                    align-items: center;\n                }\n\t\t\t}\n\t\t\t<\/style>\t\t<div class=\"eael-data-table-wrap custom-responsive-option-enable\" data-table_id=\"3ed45ef\" id=\"eael-data-table-3ed45ef\" data-custom_responsive=\"true\">\n\t\t\t<table class=\"tablesorter eael-data-table center\" id=\"eael-data-table-3ed45ef\">\n\t\t\t    <thead>\n\t\t\t        <tr class=\"table-header\">\n\t\t\t\t\t\t\t\t\t            <th class=\"head-hora\" id=\"\" colspan=\"1\">\n\t\t\t\t\t\t\t\t\t\t\t\t\t\t<span class=\"data-table-header-text\">Hor\u00e1rio <br>(-3 UTC)<\/span><\/th>\n\t\t\t        \t\t\t\t            <th class=\"\" id=\"\" colspan=\"\">\n\t\t\t\t\t\t\t\t\t\t\t\t\t\t<span class=\"data-table-header-text\">Sess\u00e3o<\/span><\/th>\n\t\t\t        \t\t\t\t        <\/tr>\n\t\t\t    <\/thead>\n\t\t\t  \t<tbody>\n\t\t\t\t\t\t\t\t\t\t\t<tr>\n\t\t\t\t\t\t\t\t\t\t\t\t\t\t\t\t   \t\t\t\t\t\t\t\t\t\t\t<td colspan=\"\" rowspan=\"\" class=\"hora-tabla\" id=\"\">\n\t\t\t\t\t\t\t\t\t\t\t\t<div class=\"td-content-wrapper\"><div class=\"td-content\"><p><strong>10:00 \u00e0s 10:45<\/strong><\/p><\/div><\/div>\n\t\t\t\t\t\t\t\t\t\t\t<\/td>\n\t\t\t\t\t\t\t\t\t\t\t\t\t\t\t\t\t\t\t\t\t\t\t\t\t\t\t\t\t   \t\t\t\t\t\t\t\t\t\t\t<td colspan=\"\" rowspan=\"\" class=\"\" id=\"\">\n\t\t\t\t\t\t\t\t\t\t\t\t<div class=\"td-content-wrapper\"><div class=\"td-content\"><h2><strong>Abertura <\/strong><\/h2><ul><li><em>Virginia Pardo<\/em>, AGESIC<\/li><li><em>Christian O\u2019Flaherty,<\/em> ISOC<\/li><li><em>Valeria Betancourt,<\/em> APC<\/li><li>Ra\u00fal Echeberr\u00eda, ALAI<br \/><br \/><\/li><li><strong>Moderador:<\/strong> Alejandra Erramuspe<\/li><\/ul><p><strong>+ Keynote<\/strong><\/p><\/div><\/div>\n\t\t\t\t\t\t\t\t\t\t\t<\/td>\n\t\t\t\t\t\t\t\t\t\t\t\t\t\t\t\t\t\t\t\t\t\t\t\t\t\t<\/tr>\n\t\t\t        \t\t\t\t\t\t<tr>\n\t\t\t\t\t\t\t\t\t\t\t\t\t\t\t\t   \t\t\t\t\t\t\t\t\t\t\t<td colspan=\"\" rowspan=\"\" class=\"hora-tabla\" id=\"\">\n\t\t\t\t\t\t\t\t\t\t\t\t<div class=\"td-content-wrapper\"><div class=\"td-content\"><p><strong>11:00 \u00e0s 13:00\u00a0<\/strong><\/p><\/div><\/div>\n\t\t\t\t\t\t\t\t\t\t\t<\/td>\n\t\t\t\t\t\t\t\t\t\t\t\t\t\t\t\t\t\t\t\t\t\t\t\t\t\t\t\t\t   \t\t\t\t\t\t\t\t\t\t\t<td colspan=\"\" rowspan=\"\" class=\"\" id=\"\">\n\t\t\t\t\t\t\t\t\t\t\t\t<div class=\"td-content-wrapper\"><div class=\"td-content\"><h2><strong><span style=\"color: #bb294b;\">Sess\u00e3o 1:<\/span> <br \/>Rumo \u00e0 conectividade significativa para todas as pessoas: desafios, aprendizagens e propostas a partir da Am\u00e9rica Latina e do Caribe<\/strong><\/h2><p>A pandemia da COVID-19, ao mesmo tempo, em que mostrou a relev\u00e2ncia da internet para o exerc\u00edcio de direitos fundamentais, especialmente em situa\u00e7\u00f5es extraordin\u00e1rias e de urg\u00eancia, evidenciou as desigualdades que persistem por tr\u00e1s dos n\u00fameros de acesso \u00e0 internet na Am\u00e9rica Latina e no Caribe. Esta sess\u00e3o busca discutir os desafios e avan\u00e7os com rela\u00e7\u00e3o \u00e0 conectividade, al\u00e9m de desenvolver propostas que partem da regi\u00e3o no \u00e2mbito do Global Digital Compact (Pacto Digital Mundial), que tem entre seus temas a promo\u00e7\u00e3o da conex\u00e3o para todas as pessoas.<\/p><\/div><\/div>\n\t\t\t\t\t\t\t\t\t\t\t<\/td>\n\t\t\t\t\t\t\t\t\t\t\t\t\t\t\t\t\t\t\t\t\t\t\t\t\t\t<\/tr>\n\t\t\t        \t\t\t\t\t\t<tr>\n\t\t\t\t\t\t\t\t\t\t\t\t\t\t\t\t   \t\t\t\t\t\t\t\t\t\t\t<td colspan=\"\" rowspan=\"\" class=\"hora-tabla\" id=\"\">\n\t\t\t\t\t\t\t\t\t\t\t\t<div class=\"td-content-wrapper\"><div class=\"td-content\"><p><strong>15:00 \u00e0s 17:00<\/strong><\/p><\/div><\/div>\n\t\t\t\t\t\t\t\t\t\t\t<\/td>\n\t\t\t\t\t\t\t\t\t\t\t\t\t\t\t\t\t\t\t\t\t\t\t\t\t\t\t\t\t   \t\t\t\t\t\t\t\t\t\t\t<td colspan=\"\" rowspan=\"\" class=\"\" id=\"\">\n\t\t\t\t\t\t\t\t\t\t\t\t<div class=\"td-content-wrapper\"><div class=\"td-content\"><h2 style=\"text-align: left;\"><strong><span style=\"color: #bb294b;\">Sess\u00e3o 2:<\/span> <br \/>A prote\u00e7\u00e3o dos direitos humanos em ambientes digitais na Am\u00e9rica Latina e no Caribe<\/strong><\/h2><p>A internet, al\u00e9m de ser um direito em si, \u00e9 uma facilitadora do exerc\u00edcio de um conjunto de direitos. \u00c0 medida que os Estados avan\u00e7am cada vez mais rumo \u00e0 digitaliza\u00e7\u00e3o de servi\u00e7os essenciais, o acesso \u00e0 internet se torna fundamental para o direito \u00e0 educa\u00e7\u00e3o, manifesta\u00e7\u00e3o<br \/>social, sa\u00fade, trabalho, entre v\u00e1rios outros. Por outro lado, a censura, a vigil\u00e2ncia, a viol\u00eancia on-line \u2013 sobretudo contra grupos que foram historicamente marginalizados \u2013 e a aus\u00eancia de conte\u00fados relevantes na l\u00edngua local, por exemplo, dificultam o exerc\u00edcio destes direitos. Esta sess\u00e3o busca refletir sobre os avan\u00e7os e desafios da prote\u00e7\u00e3o dos direitos humanos em ambientes digitais na Am\u00e9rica Latina e no Caribe e mapear propostas regionais sobre o tema no contexto do Global Digital Compact.<\/p><\/div><\/div>\n\t\t\t\t\t\t\t\t\t\t\t<\/td>\n\t\t\t\t\t\t\t\t\t\t\t\t\t\t\t\t\t\t\t\t\t\t\t\t\t\t<\/tr>\n\t\t\t        \t\t\t    <\/tbody>\n\t\t\t<\/table>\n\t\t<\/div>\n\t  \t\t\t<\/div>\n\t\t\t\t<\/div>\n\t\t\t\t<div class=\"elementor-element elementor-element-227877a elementor-widget elementor-widget-text-editor\" data-id=\"227877a\" data-element_type=\"widget\" data-widget_type=\"text-editor.default\">\n\t\t\t\t<div class=\"elementor-widget-container\">\n\t\t\t\t\t\t\t<p style=\"text-align: center;\"><em><span style=\"color: #107063;\"><b>DIA 2<\/b><\/span><br \/><strong>Quarta-feira 26\/10<\/strong><br \/><br \/><\/em><\/p>\t\t\t\t\t\t<\/div>\n\t\t\t\t<\/div>\n\t\t\t\t<div class=\"elementor-element elementor-element-127ad21 eael-dt-th-align-mobile-center eael-table-align-center eael-dt-th-align-left elementor-widget elementor-widget-eael-data-table\" data-id=\"127ad21\" data-element_type=\"widget\" data-widget_type=\"eael-data-table.default\">\n\t\t\t\t<div class=\"elementor-widget-container\">\n\t\t\t<style>\n\t\t\t@media (max-width: 767px) {\n\t\t\t   #eael-data-table-127ad21.custom-responsive-option-enable .eael-data-table thead {\n                    display: none;\n                }\n               #eael-data-table-127ad21.custom-responsive-option-enable .eael-data-table tbody tr td {\n                    float: none;\n                    clear: left;\n                    width: 100%;\n                    text-align: left;\n                    display: flex;\n                    align-items: center;\n                }\n\t\t\t}\n\t\t\t<\/style>\t\t<div class=\"eael-data-table-wrap custom-responsive-option-enable\" data-table_id=\"127ad21\" id=\"eael-data-table-127ad21\" data-custom_responsive=\"true\">\n\t\t\t<table class=\"tablesorter eael-data-table center\" id=\"eael-data-table-127ad21\">\n\t\t\t    <thead>\n\t\t\t        <tr class=\"table-header\">\n\t\t\t\t\t\t\t\t\t            <th class=\"head-hora\" id=\"\" colspan=\"1\">\n\t\t\t\t\t\t\t\t\t\t\t\t\t\t<span class=\"data-table-header-text\">Hor\u00e1rio <br>(-3 UTC)<\/span><\/th>\n\t\t\t        \t\t\t\t            <th class=\"\" id=\"\" colspan=\"\">\n\t\t\t\t\t\t\t\t\t\t\t\t\t\t<span class=\"data-table-header-text\">Sess\u00e3o<\/span><\/th>\n\t\t\t        \t\t\t\t        <\/tr>\n\t\t\t    <\/thead>\n\t\t\t  \t<tbody>\n\t\t\t\t\t\t\t\t\t\t\t<tr>\n\t\t\t\t\t\t\t\t\t\t\t\t\t\t\t\t   \t\t\t\t\t\t\t\t\t\t\t<td colspan=\"\" rowspan=\"\" class=\"hora-tabla\" id=\"\">\n\t\t\t\t\t\t\t\t\t\t\t\t<div class=\"td-content-wrapper\"><div class=\"td-content\"><p><strong>11:00 \u00e0s <\/strong><strong>13:00\u00a0<\/strong><\/p><\/div><\/div>\n\t\t\t\t\t\t\t\t\t\t\t<\/td>\n\t\t\t\t\t\t\t\t\t\t\t\t\t\t\t\t\t\t\t\t\t\t\t\t\t\t\t\t\t   \t\t\t\t\t\t\t\t\t\t\t<td colspan=\"\" rowspan=\"\" class=\"\" id=\"\">\n\t\t\t\t\t\t\t\t\t\t\t\t<div class=\"td-content-wrapper\"><div class=\"td-content\"><h2 style=\"text-align: left;\"><strong><span style=\"color: #bb294b;\">Sess\u00e3o 3:<\/span> <br \/>Mitos e realidades sobre a prote\u00e7\u00e3o de dados na Am\u00e9rica Latina e no Caribe<\/strong><\/h2><p>Os pa\u00edses da Am\u00e9rica Latina e do Caribe fizeram importantes avan\u00e7os em mat\u00e9ria de<br \/>prote\u00e7\u00e3o de dados nos \u00faltimos anos. Na regi\u00e3o mais desigual do mundo, as estruturas de prote\u00e7\u00e3o de dados s\u00e3o um instrumento fundamental para a promo\u00e7\u00e3o da autonomia das pessoas, enquanto representam uma oportunidade de desenvolvimento econ\u00f4mico na economia digital. No entanto, a consolida\u00e7\u00e3o de marcos normativos traz diversos desafios de implementa\u00e7\u00e3o n\u00e3o s\u00f3 no \u00e2mbito institucional, mas tamb\u00e9m t\u00e9cnico, bem como na busca do devido equil\u00edbrio com outros direitos fundamentais. Esta sess\u00e3o busca explorar os recentes avan\u00e7os da regi\u00e3o sobre a prote\u00e7\u00e3o de dados, identificar boas pr\u00e1ticas alinhadas com o contexto do Sul Global e mapear os desafios que persistem, oferecendo contribui\u00e7\u00f5es \u00e0s discuss\u00f5es do Global Digital Compact sobre o tema.<\/p><\/div><\/div>\n\t\t\t\t\t\t\t\t\t\t\t<\/td>\n\t\t\t\t\t\t\t\t\t\t\t\t\t\t\t\t\t\t\t\t\t\t\t\t\t\t<\/tr>\n\t\t\t        \t\t\t\t\t\t<tr>\n\t\t\t\t\t\t\t\t\t\t\t\t\t\t\t\t   \t\t\t\t\t\t\t\t\t\t\t<td colspan=\"\" rowspan=\"\" class=\"hora-tabla\" id=\"\">\n\t\t\t\t\t\t\t\t\t\t\t\t<div class=\"td-content-wrapper\"><div class=\"td-content\"><p><strong>15:00 \u00e0s 17:00<\/strong><\/p><\/div><\/div>\n\t\t\t\t\t\t\t\t\t\t\t<\/td>\n\t\t\t\t\t\t\t\t\t\t\t\t\t\t\t\t\t\t\t\t\t\t\t\t\t\t\t\t\t   \t\t\t\t\t\t\t\t\t\t\t<td colspan=\"\" rowspan=\"\" class=\"\" id=\"\">\n\t\t\t\t\t\t\t\t\t\t\t\t<div class=\"td-content-wrapper\"><div class=\"td-content\"><h2><strong><span style=\"color: #bb294b;\">Sess\u00e3o 4:<\/span> <br \/>Quem supervisiona a Internet? A responsabilidade sobre os conte\u00fados enganosos: reflex\u00f5es da Am\u00e9rica Latina e do Caribe<\/strong><\/h2><p>Os pa\u00edses da Am\u00e9rica Latina e do Caribe s\u00e3o cada vez mais afetados pela desinforma\u00e7\u00e3o on-line: processos eleitorais e de decis\u00f5es democr\u00e1ticas s\u00e3o impactados por not\u00edcias duvidosas que ocupam o debate p\u00fablico, muitas vezes afastando-o de discuss\u00f5es fundamentais do interesse p\u00fablico. A desinforma\u00e7\u00e3o incentivada por autoridades governamentais, econ\u00f4micas e por grupos organizados fomentados pelo \u00f3dio tamb\u00e9m tem sido utilizada como mecanismo de deslegitima\u00e7\u00e3o de certas vozes e discursos, representando uma das principais preocupa\u00e7\u00f5es para a regula\u00e7\u00e3o da internet atualmente. A sess\u00e3o abordar\u00e1 os problemas derivados do combate aos conte\u00fados e comportamentos enganosos on-line, explorando as tentativas e limita\u00e7\u00f5es de iniciativas p\u00fablicas e privadas para controlar a desinforma\u00e7\u00e3o na regi\u00e3o. As participantes buscar\u00e3o consensos para contribuir com o processo do Global Digital Compact.<\/p><\/div><\/div>\n\t\t\t\t\t\t\t\t\t\t\t<\/td>\n\t\t\t\t\t\t\t\t\t\t\t\t\t\t\t\t\t\t\t\t\t\t\t\t\t\t<\/tr>\n\t\t\t        \t\t\t\t\t\t<tr>\n\t\t\t\t\t\t\t\t\t\t\t\t\t\t\t\t   \t\t\t\t\t\t\t\t\t\t\t<td colspan=\"\" rowspan=\"\" class=\"hora-tabla\" id=\"\">\n\t\t\t\t\t\t\t\t\t\t\t\t<div class=\"td-content-wrapper\"><div class=\"td-content\"><p><strong>17:00 \u00e0s 17:30<\/strong><\/p><\/div><\/div>\n\t\t\t\t\t\t\t\t\t\t\t<\/td>\n\t\t\t\t\t\t\t\t\t\t\t\t\t\t\t\t\t\t\t\t\t\t\t\t\t\t\t\t\t   \t\t\t\t\t\t\t\t\t\t\t<td colspan=\"\" rowspan=\"\" class=\"\" id=\"\">\n\t\t\t\t\t\t\t\t\t\t\t\t<div class=\"td-content-wrapper\"><div class=\"td-content\"><h2 style=\"text-align: left;\">Encerramento<\/h2><ul><li><em>Jamila Venturini<\/em>, Derechos Digitales<\/li><li><em>Ignacio Estrada<\/em>, LACNIC<\/li><\/ul><\/div><\/div>\n\t\t\t\t\t\t\t\t\t\t\t<\/td>\n\t\t\t\t\t\t\t\t\t\t\t\t\t\t\t\t\t\t\t\t\t\t\t\t\t\t<\/tr>\n\t\t\t        \t\t\t    <\/tbody>\n\t\t\t<\/table>\n\t\t<\/div>\n\t  \t\t\t<\/div>\n\t\t\t\t<\/div>\n\t\t\t\t\t<\/div>\n\t\t<\/div>\n\t\t\t\t\t\t\t<\/div>\n\t\t<\/section>\n\t\t\t\t\t\t\t<\/div>\n\t\t","protected":false},"excerpt":{"rendered":"<p>RESERVE A DATA&#8212;-On-line \/ 24 a 26 de outubro de 2022 consulta p\u00fablica LACIGF15 abre consulta p\u00fablica \u00e0 comunidade de Governan\u00e7a de Internet da Am\u00e9rica Latina e Caribe sobre tem\u00e1ticas priorit\u00e1rias para a regi\u00e3o. A consulta estar\u00e1 aberta at\u00e9 28 de agosto e definir\u00e1 os temas da programa\u00e7\u00e3o do LACIGF15, a ser realizado online entre [&hellip;]<\/p>\n","protected":false},"author":4,"featured_media":0,"parent":0,"menu_order":0,"comment_status":"closed","ping_status":"closed","template":"","meta":{"footnotes":""},"_links":{"self":[{"href":"https:\/\/eventos.lacigf.org\/pt-br\/wp-json\/wp\/v2\/pages\/1864"}],"collection":[{"href":"https:\/\/eventos.lacigf.org\/pt-br\/wp-json\/wp\/v2\/pages"}],"about":[{"href":"https:\/\/eventos.lacigf.org\/pt-br\/wp-json\/wp\/v2\/types\/page"}],"author":[{"embeddable":true,"href":"https:\/\/eventos.lacigf.org\/pt-br\/wp-json\/wp\/v2\/users\/4"}],"replies":[{"embeddable":true,"href":"https:\/\/eventos.lacigf.org\/pt-br\/wp-json\/wp\/v2\/comments?post=1864"}],"version-history":[{"count":107,"href":"https:\/\/eventos.lacigf.org\/pt-br\/wp-json\/wp\/v2\/pages\/1864\/revisions"}],"predecessor-version":[{"id":2555,"href":"https:\/\/eventos.lacigf.org\/pt-br\/wp-json\/wp\/v2\/pages\/1864\/revisions\/2555"}],"wp:attachment":[{"href":"https:\/\/eventos.lacigf.org\/pt-br\/wp-json\/wp\/v2\/media?parent=1864"}],"curies":[{"name":"wp","href":"https:\/\/api.w.org\/{rel}","templated":true}]}}