{"id":118,"date":"2019-04-05T13:18:44","date_gmt":"2019-04-05T16:18:44","guid":{"rendered":"https:\/\/eventos.lacigf.org\/lacigf-12\/"},"modified":"2019-10-22T14:39:55","modified_gmt":"2019-10-22T17:39:55","slug":"lacigf-12","status":"publish","type":"page","link":"https:\/\/eventos.lacigf.org\/pt-br\/lacigf-12\/","title":{"rendered":"LACIGF 12"},"content":{"rendered":"\n<p>O LACIGF 12 acontecer\u00e1 de 6 a 8 de agosto de 2019.<\/p>\n\n\n<p>&nbsp;<\/p>\n\n\n<p>O evento ser\u00e1 realizado em conjunto com o Cap\u00edtulo da Bol\u00edvia da ISOC e vai acontecer no Hotel Casa Grande, localizado na Calle 16 N\u00ba8009, Calacoto, La Paz, Bol\u00edvia.<\/p>\n\n\n<div id=\"tabs\" class=\"tabsAgotamiento open-window-1\">\n<ul>\n<li><a href=\"#tabs-1\">Agenda<\/a><\/li>\n<li><a href=\"#tabs-2\">Hospedagem<\/a><\/li>\n<li><a href=\"#tabs-3\">Media<\/a><\/li>\n<li><a href=\"#tabs-4\">Informa\u00e7\u00e3o geral<\/a><\/li>\n<li><a href=\"#tabs-5\">Atividades paralelas<\/a><\/li>\n<\/ul>\n<div id=\"tabs-1\">\n<table style=\"margin: 30px 0 0 0;\" width=\"100%\">\n<tbody>\n<tr>\n<td style=\"text-align: center; vertical-align: middle;\">Relatorias e tradu\u00e7\u00f5es por:<br \/><img decoding=\"async\" loading=\"lazy\" class=\"size-full wp-image-649 aligncenter\" src=\"https:\/\/eventos.lacigf.org\/wp-content\/uploads\/2019\/10\/lacigf12.png\" alt=\"\" width=\"304\" height=\"100\" srcset=\"https:\/\/eventos.lacigf.org\/wp-content\/uploads\/2019\/10\/lacigf12.png 304w, https:\/\/eventos.lacigf.org\/wp-content\/uploads\/2019\/10\/lacigf12-300x99.png 300w\" sizes=\"(max-width: 304px) 100vw, 304px\" \/><\/td>\n<\/tr>\n<\/tbody>\n<\/table>\n<h2>Segunda-feira 5<\/h2>\n<table id=\"agenda\" width=\"100%\" cellspacing=\"0\" cellpadding=\"0\">\n<tbody>\n<tr>\n<td width=\"10%\">18:00 \u2013 19:00<\/td>\n<td width=\"80%\">Sess\u00e3o de novos participantes<\/td>\n<td width=\"10%\">Sala de reuni\u00f5es 1 e 2<\/td>\n<td width=\"10%\">\u00a0<\/td>\n<\/tr>\n<\/tbody>\n<\/table>\n<h2>Ter\u00e7a-feira 6<\/h2>\n<table id=\"agenda\" width=\"100%\" cellspacing=\"0\" cellpadding=\"0\">\n<tbody>\n<tr>\n<td width=\"10%\">8:00 &#8211; 9:00<\/td>\n<td width=\"80%\">Inscri\u00e7\u00e3o LACIGF<\/td>\n<td width=\"10%\">\u00a0<\/td>\n<td width=\"10%\">\u00a0<\/td>\n<\/tr>\n<tr>\n<td>9:00 &#8211; 9:30<\/td>\n<td>\n<p>Cerim\u00f4nia de abertura<\/p>\n<ul>\n<li>Representante do Organizador Local: Roberto Zambrana<\/li>\n<li>Representante do Comit\u00ea de Programa LACIGF: Andr\u00e9s Sastre &#8211; ASIET<\/li>\n<li>Presidente do Concelho Municipal: Andrea Cornejo Vargas<\/li>\n<li>Senhor Vice-ministro das Telecomunica\u00e7\u00f5es da Bol\u00edvia &#8211; Iv\u00e1n Zambrana<\/li>\n<\/ul>\n<\/td>\n<td><a href=\"https:\/\/youtu.be\/Pk_N-Y0nV8w\">Video<\/a><\/td>\n<td><a href=\"https:\/\/eventos.lacigf.org\/wp-content\/uploads\/2019\/10\/lacigf12-0-apertura-pt.pdf\">Relatoria<\/a><\/td>\n<\/tr>\n<tr>\n<td>9:30 &#8211; 11:00<\/td>\n<td>\n<p>Sess\u00e3o 1 \u2013 Direitos Humanos \u2013 Liberdade de Express\u00e3o na Internet<\/p>\n<ul>\n<li>Carlos Cort\u00e9s &#8211; Linterna Verde (Sociedade civil)<\/li>\n<li>Esteban Lescano &#8211; CABASE (Setor privado)<\/li>\n<li>Mar\u00eda Cristina Capelo &#8211; Facebook (Setor privado)<\/li>\n<li>Thiago Tavares &#8211; CGI (Comunidade T\u00e9cnica)<\/li>\n<li>Miguel Candia &#8211; MRE.py (Setor de Governo)<\/li>\n<\/ul>\n<p>Moderador: Ana Bizberge &#8211; Observacom<\/p>\n<p>Relatoria: Federico Rodr\u00edguez Hormaechea, YouthIGF Uruguay \/ Marieliv Flores &#8211; Hiperderecho<\/p>\n<p>Moderador remoto: Alfredo Velazco &#8211; Usuarios Digitales<\/p>\n<\/td>\n<td><a href=\"https:\/\/youtu.be\/aS3TCcZHmcc\">Video<\/a><\/td>\n<td><a href=\"https:\/\/eventos.lacigf.org\/wp-content\/uploads\/2019\/10\/lacigf12-1-pt.pdf\">Relatoria<\/a><\/td>\n<\/tr>\n<tr id=\"break\">\n<td id=\"\">11:00 &#8211; 11:30<\/td>\n<td colspan=\"3\">Coffee Break<\/td>\n<\/tr>\n<tr>\n<td>11:30 &#8211; 13:00<\/td>\n<td>Sess\u00e3o 2 \u2013 Tecnologias de vigil\u00e2ncia na nossa regi\u00e3o: um olhar a partir da experi\u00eancia e da pr\u00e1tica em prol de um ambiente digital mais seguro\n<p>\u00a0<\/p>\n<p>Se\u00e7\u00e3o 1 &#8211; Painel<\/p>\n<p>Moderador: Martha Tudon &#8211; Art\u00edculo 19<\/p>\n<p>Painelistas:<\/p>\n<ul>\n<li>Daniela Mac\u00edas &#8211; DINARDAP Ecuador, Sector Gobiernos<\/li>\n<li>Daniela Alvarado &#8211; IPYS Venezuela, Sociedad Civil<\/li>\n<li>L\u00eda Hern\u00e1ndez &#8211; IPANDETEC, Sociedad Civil<\/li>\n<\/ul>\n<p>Relator: Cristina Morales &#8211; IPANDETEC<\/p>\n<p>Moderador remoto: Maria Paz Canales<\/p>\n<p>Se\u00e7\u00e3o 2 &#8211; Grupos de trabalho<\/p>\n<ul>\n<li>Rogelio L\u00f3pez &#8211; Access Now: Evaluando nuestras pr\u00e1cticas de seguridad digital anti vigilancia: cuando el juego se hace verdadero<\/li>\n<li>Pablo Arcuri &#8211; Internews: Mitos y realidades de la mensajer\u00eda instant\u00e1nea: WhatsApp, Signal, Telegram&#8230;\u00bfqu\u00e9 debo usar para que mis comunicaciones sean seguras?<\/li>\n<li>Juliana Guerra &#8211; Derechos Digitales\/Ciberseguras: Tus tecnolog\u00edas, tus decisiones. Metodolog\u00edas basadas en las decisiones conscientes e informadas<\/li>\n<\/ul>\n<\/td>\n<td><a href=\"https:\/\/youtu.be\/Y8nHHLkBb34\">Video<\/a><\/td>\n<td><a href=\"https:\/\/eventos.lacigf.org\/wp-content\/uploads\/2019\/10\/lacigf12-2-pt.pdf\">Relatoria<\/a><\/td>\n<\/tr>\n<tr id=\"break\">\n<td>13:00 &#8211; 14:30<\/td>\n<td colspan=\"3\">Almo\u00e7o &#8211; Margarita restaurant: Av. S\u00e1nchez Bustamante entre as ruas 16 e 17 &#8211;&gt; <a href=\"https:\/\/goo.gl\/maps\/WTWbBKNGcosUoSQt7\" target=\"_blank\" rel=\"noopener noreferrer\">ver mapa<\/a><\/td>\n<\/tr>\n<tr>\n<td>14:30 \u2013 16:00<\/td>\n<td>Sess\u00e3o 3 \u2013 Iniciativas Regionais de Governan\u00e7a- NRIs: Avan\u00e7os e desafios nas discuss\u00f5es sobre Governan\u00e7a na ALC\n<p>\u00a0<\/p>\n<p>Moderador: Kevon Swift<\/p>\n<p>Painelistas:<\/p>\n<ul>\n<li>Susana Chaves<\/li>\n<li>Jacqueline Morris<\/li>\n<li>Julian Casasbuenas<\/li>\n<li>Fl\u00e1vio Wagner<\/li>\n<li>Guilherme Alves<\/li>\n<\/ul>\n<\/td>\n<td><a href=\"https:\/\/youtu.be\/Qd9MC_lmjl0\">Video<\/a><\/td>\n<td><a href=\"https:\/\/eventos.lacigf.org\/wp-content\/uploads\/2019\/10\/lacigf12-3-pt.pdf\">Relatoria<\/a><\/td>\n<\/tr>\n<tr id=\"break\">\n<td>16:00 &#8211; 16:30<\/td>\n<td colspan=\"3\">Coffee Break<\/td>\n<\/tr>\n<tr>\n<td>16:30 \u2013 18:00<\/td>\n<td>Sess\u00e3o 4 &#8211; Futuro da Governan\u00e7a da Internet\n<p>\u00a0<\/p>\n<p><strong>PARTE I &#8211; Perspectivas sobre o futuro da governan\u00e7a da Internet (painel &#8211; 30min)<\/strong><\/p>\n<p>Em junho deste ano, o High Level Panel on Digital Cooperation (digitalcooperation.org) apresentou seu relat\u00f3rio \u201cThe age of digital interdependence\u201d (A era da interdepend\u00eancia digital), no qual ilustra a natureza interconectada da tecnologia digital, seu impacto nas pol\u00edticas e coloca 5 recomenda\u00e7\u00f5es para favorecer nosso futuro digital comum.<\/p>\n<p>Este grupo, o HLPDC, foi formado em 2018 pelo Secret\u00e1rio Geral das Na\u00e7\u00f5es Unidas, com o objetivo de contribuir no provimento de solu\u00e7\u00f5es sobre como a sociedade global deve lidar com os desafios e oportunidades que as novas tecnologias introduzem.<\/p>\n<p>O relat\u00f3rio deste painel \u00e9 uma base inestim\u00e1vel para a discuss\u00e3o global sobre quais estruturas e mecanismos de governan\u00e7a s\u00e3o mais apropriados para o futuro.<\/p>\n<p>A Am\u00e9rica Latina e o Caribe n\u00e3o podem ficar por fora deste debate que, entre outros pontos, inclui o futuro do F\u00f3rum da Governan\u00e7a da Internet Global (IGF) e qual deve ser sua evolu\u00e7\u00e3o.<\/p>\n<p>O objetivo deste painel \u00e9 iniciar um debate, que deve continuar ap\u00f3s o LACIGF, com vistas a gerar as capacidades e massa cr\u00edtica na regi\u00e3o para que os atores regionais tragam sua voz ao debate global.<\/p>\n<p>Moderador: <em>Ra\u00fal Echeberr\u00eda<\/em><\/p>\n<p>Panelistas:<\/p>\n<ul>\n<li><em>Chengetai Masango (IGF)\u00a0<\/em><\/li>\n<li><em>Andres Piazza<\/em><\/li>\n<li><em>Jackeline Morris (End Users)<\/em><\/li>\n<li><em>Sebasti\u00e1n Bellagamba (ISOC)\u00a0<\/em><\/li>\n<li><em>Fl\u00e1via Lefevre (CGI.br)<\/em><\/li>\n<li><em>Adela Goberna (ALAI)<\/em><\/li>\n<\/ul>\n<p><strong>PARTE II \u2013 Perspectivas sobre o futuro do LACIGF (Keynote) + Microfone aberto<\/strong><\/p>\n<p>H\u00e1 dois meses foi iniciado um processo aberto de consulta sobre o presente e futuro do LACIGF. Este processo resultou no relat\u00f3rio recentemente publicado por Ra\u00fal Echeberr\u00eda, no qual ele apresenta as conclus\u00f5es da consulta, o diagn\u00f3stico da realidade atual do LACIGF e algumas recomenda\u00e7\u00f5es sobre como adaptar o LACIGF aos desafios de hoje.<\/p>\n<p>O objetivo deste painel \u00e9 dar continuidade \u00e0 discuss\u00e3o sobre os resultados apresentados no relat\u00f3rio e come\u00e7ar a delinear a\u00e7\u00f5es futuras a fim de implementar as mudan\u00e7as que t\u00eam maior aceita\u00e7\u00e3o por parte da comunidade.<\/p>\n<p>Sem d\u00favida, os dois componentes desta sess\u00e3o est\u00e3o fortemente relacionados e espera-se que ambas as discuss\u00f5es se alimentem mutuamente.<\/p>\n<p>Apresentador e moderador: <em>Ra\u00fal Echeberr\u00eda<\/em><\/p>\n<\/td>\n<td><a href=\"https:\/\/youtu.be\/NEixgkGamV8\">Video<\/a><\/td>\n<td>\n<p>Relatoria<\/p>\n<p><a href=\"https:\/\/eventos.lacigf.org\/wp-content\/uploads\/2019\/10\/lacigf12-4-1-pt.pdf\">parte 1<\/a><\/p>\n<p><a href=\"https:\/\/eventos.lacigf.org\/wp-content\/uploads\/2019\/10\/lacigf12-4-2-pt.pdf\">parte 2<\/a><\/p>\n<\/td>\n<\/tr>\n<tr id=\"social\">\n<td>19:00<\/td>\n<td colspan=\"3\"><strong>Coquetel de Boas vindas<\/strong>\n<p>\u00a0<\/p>\n<p><em>Jardim Japon\u00eas<\/em><\/p>\n<ul>\n<li>Av Ballivi\u00e1n &amp; Calle 8, La Paz, Bolivia.<\/li>\n<li>Transporte: sa\u00edda em \u00f4nibus do Hotel Casa Grande \u00e0s 18:30 hs.<\/li>\n<li><a href=\"https:\/\/www.google.com\/maps\/place\/Jard\u00edn+Japones\/@-16.5403234,-68.0919278,17.47z\/data=!4m12!1m6!3m5!1s0x915f21264906e231:0x5633e1de30575f00!2sJard\u00edn+Japones!8m2!3d-16.5408774!4d-68.0919991!3m4!1s0x915f21264906e231:0x5633e1de30575f00!8m2!3d-16.5408774!4d-68.0919991\" target=\"_blank\" rel=\"noopener noreferrer\">Map location<\/a><\/li>\n<\/ul>\n<\/td>\n<\/tr>\n<\/tbody>\n<\/table>\n<h2>Quarta-feira 7<\/h2>\n<table id=\"agenda\" width=\"100%\" cellspacing=\"0\" cellpadding=\"0\">\n<tbody>\n<tr>\n<td width=\"10%\">08:00 \u2013 09:00<\/td>\n<td width=\"80%\">Inscri\u00e7\u00e3o LACIGF<\/td>\n<td width=\"10%\">\u00a0<\/td>\n<td width=\"10%\">\u00a0<\/td>\n<\/tr>\n<tr>\n<td>09:00 \u2013 09:30<\/td>\n<td>Presente e futuro da Governan\u00e7a da Internet\n<p>\u00a0<\/p>\n<p>Keynote: Chengetai Masango, Jefe de la Secretar\u00eda del Foro de Gobernanza de Internet.<\/p>\n<\/td>\n<td>Gran sal\u00e3o<\/td>\n<td><a href=\"https:\/\/eventos.lacigf.org\/wp-content\/uploads\/2019\/10\/lacigf12-presentefuturogob-pt.pdf\">Relatoria<\/a><\/td>\n<\/tr>\n<tr>\n<td>09:30 \u2013 11:00<\/td>\n<td>Sess\u00e3o 5 \u2013 SETOR PRIVADO &#8211; Digitaliza\u00e7\u00e3o e transforma\u00e7\u00e3o produtiva: Motoriza\u00e7\u00e3o do desenvolvimento econ\u00f4mico por meio das TICs\n<p>\u00a0<\/p>\n<p>Painelistas:<\/p>\n<ul>\n<li>Fernando Rojas, CEPAL<\/li>\n<li>Pamela Gonzales, Bolivia TechHub<\/li>\n<li>Juan Pablo Vial, Gobierno Chile<\/li>\n<li>Ver\u00f3nica Arroyo, Access Now<\/li>\n<\/ul>\n<p>Moderador: Alejandra Erramuspe &#8211; Uruguay<\/p>\n<\/td>\n<td><a href=\"https:\/\/youtu.be\/_SVukPHVUPk\">Video<\/a><\/td>\n<td><a href=\"https:\/\/eventos.lacigf.org\/wp-content\/uploads\/2019\/10\/lacigf12-5-pt.pdf\">Relatoria<\/a><\/td>\n<\/tr>\n<tr id=\"break\">\n<td>11:00 \u2013 11:30<\/td>\n<td colspan=\"3\">Coffee Break<\/td>\n<\/tr>\n<tr>\n<td>11:30 &#8211; 13:00<\/td>\n<td>\n<p>Sess\u00e3o 6 &#8211; Acesso \u00e0 Internet &#8211; Desafio de conectar com qualidade aos n\u00e3o conectados no curto prazo:<\/p>\n<ul>\n<li>Pol\u00edticas p\u00fablicas que incentivam a implementa\u00e7\u00e3o de infraestrutura e o investimento.<\/li>\n<li>Novos modelos de conectividade em \u00e1reas rurais e marginalizadas (Redes Comunit\u00e1rias).<\/li>\n<li>Repensar o modelo regulat\u00f3rio para alcan\u00e7ar essas \u00e1reas n\u00e3o conectadas.<\/li>\n<li>Internet para todos &#8211; Como avan\u00e7ar na inclus\u00e3o dos idosos, pessoas com defici\u00eancias f\u00edsicas e com capacidades diferentes.<\/li>\n<\/ul>\n<p>Moderador: Valeria Betancourt (APC)<\/p>\n<p>Interven\u00e7\u00f5es de abertura:<\/p>\n<ul>\n<li>Maria Cristina Capello \/ Facebook<\/li>\n<li>Karla Velasco &#8211; REDES A.C<\/li>\n<\/ul>\n<p>Panelistas:<\/p>\n<ul>\n<li>Natalia Quevedo Gonz\u00e1lez, Comisi\u00f3n de Regulaci\u00f3n de Comunicaciones (CRC)<\/li>\n<li>Eduardo Tom\u00e9, ISOC Honduras<\/li>\n<li>Andr\u00e9s Sastre, ASIET<\/li>\n<li>Juli\u00e1n Casasbuenas, Colnodo, Colombia<\/li>\n<\/ul>\n<\/td>\n<td><a href=\"https:\/\/youtu.be\/eJ3JthbiDPc\">Video<\/a><\/td>\n<td><a href=\"https:\/\/eventos.lacigf.org\/wp-content\/uploads\/2019\/10\/lacigf12-6-pt.pdf\">Relatoria<\/a><\/td>\n<\/tr>\n<tr id=\"break\">\n<td>13:00 \u2013 14:30<\/td>\n<td colspan=\"3\">Almo\u00e7o &#8211; Margarita restaurant: Av. S\u00e1nchez Bustamante entre as ruas 16 e 17 &#8211;&gt; <a href=\"https:\/\/goo.gl\/maps\/WTWbBKNGcosUoSQt7\" target=\"_blank\" rel=\"noopener noreferrer\">ver mapa<\/a><\/td>\n<\/tr>\n<tr>\n<td>14:30 \u2013 16:00<\/td>\n<td>Sess\u00e3o 7 \u2013 TEMA INTERSETORIAL \u2013 SETOR GOVERNO: Internet e Jurisdi\u00e7\u00e3o. A import\u00e2ncia da prote\u00e7\u00e3o dos direitos online, nas esferas p\u00fablica e privada.\n<p>\u00a0<\/p>\n<p>Apresenta\u00e7\u00f5es<\/p>\n<ul>\n<li>Representante de Gobierno: Miguel Candia (Paraguay)<\/li>\n<li>Representante de Sociedad Civil: Katitza Rodriguez (EFF)<\/li>\n<li>Representante de Gobierno: Lorena Naranjo (Ecuador)<\/li>\n<\/ul>\n<p>Moderadores: Miguel Candia \/ Juan Pablo Vial \/ Alejandra Erramuspe<\/p>\n<\/td>\n<td><a href=\"https:\/\/youtu.be\/0EXDt6M6kv0\">Video<\/a><\/td>\n<td><a href=\"https:\/\/eventos.lacigf.org\/wp-content\/uploads\/2019\/10\/lacigf12-7-pt.pdf\">Relatoria<\/a><\/td>\n<\/tr>\n<tr id=\"break\">\n<td>16:00 \u2013 16:30<\/td>\n<td colspan=\"3\">Coffee Break<\/td>\n<\/tr>\n<tr>\n<td>16:30 \u2013 18:00<\/td>\n<td>\n<p>Sess\u00e3o 8 \u2013 Fragmenta\u00e7\u00e3o da Internet: Prote\u00e7\u00e3o da criptografia e comunica\u00e7\u00f5es an\u00f4nimas<\/p>\n<ul>\n<li>Mar\u00eda Cristina Capelo &#8211; Facebook<\/li>\n<li>Katitza Rodr\u00edguez (EFF)<\/li>\n<li>Ang\u00e9lica Contreras (FemHackPartyLAC)<\/li>\n<li>Nath\u00e1lia Sautchuk (ISOC Cap BR)<\/li>\n<\/ul>\n<p>Moderador: Adela Goberna &#8211; ALAI<\/p>\n<p>Moderador remoto: Israel Rosas (ISOC)<\/p>\n<\/td>\n<td><a href=\"https:\/\/youtu.be\/8TJIzVp_yjE\">Video<\/a><\/td>\n<td><a href=\"https:\/\/eventos.lacigf.org\/wp-content\/uploads\/2019\/10\/lacigf12-8-pt.pdf\">Relatoria<\/a><\/td>\n<\/tr>\n<\/tbody>\n<\/table>\n<h2>Quinta-feira 8<\/h2>\n<table id=\"agenda\" width=\"100%\" cellspacing=\"0\" cellpadding=\"0\">\n<tbody>\n<tr>\n<td width=\"10%\">08:30 \u2013 09:00<\/td>\n<td width=\"80%\">Inscri\u00e7\u00e3o LACIGF<\/td>\n<td width=\"10%\">\u00a0<\/td>\n<td width=\"10%\">\u00a0<\/td>\n<\/tr>\n<tr>\n<td>09:00 \u2013 11:00<\/td>\n<td>Sess\u00e3o 9 \u2013 \u2013 TEMA INTERSETORIAL \u2013 SETOR COMUNIDADE T\u00c9CNICA: Seguran\u00e7a na Internet sob uma abordagem multi-participativa: diferentes realidades, desafios comuns e ferramentas convergentes\n<p>\u00a0<\/p>\n<p>Introdu\u00e7\u00e3o: Ernesto Maj\u00f3 (LACNIC)<\/p>\n<ul>\n<li>Moderador Geral: Ernesto Boj\u00f3rquez (LACTLD)<\/li>\n<li>Moderador da Comunidade T\u00e9cnica: Sebasti\u00e1n Bellagamba (ISOC)<\/li>\n<li>Moderador do Setor Privado: Andres Sastre (ASIET)<\/li>\n<li>Moderador do Setor Governamental: Alejandra Erramuspe (AGESIC)<\/li>\n<li>Moderador da Sociedade Civil: Valeria Betancourt (APC)<\/li>\n<li>Modera\u00e7\u00e3o remota: Ver\u00f3nica Arroyo (Youth Observatory)<\/li>\n<\/ul>\n<p>Relator: Juliana Novaes \/ Matheus Figueiredo Lima (Youth Observatory)<\/p>\n<\/td>\n<td><a href=\"https:\/\/youtu.be\/wlipzllXLxo\">Video<\/a><\/td>\n<td><a href=\"https:\/\/eventos.lacigf.org\/wp-content\/uploads\/2019\/10\/lacigf12-9-pt.pdf\">Relatoria<\/a><\/td>\n<\/tr>\n<tr id=\"break\">\n<td>11:00 \u2013 11:30<\/td>\n<td colspan=\"3\">Coffee Break<\/td>\n<\/tr>\n<tr>\n<td>11:30 &#8211; 13:00<\/td>\n<td>Sess\u00e3o 10 \u2013 Seguran\u00e7a cibern\u00e9tica e defesa cibern\u00e9tica: Realidade atual e como tornar nossas sociedades mais resilientes para o futuro\n<p>\u00a0<\/p>\n<p>Moderador: Ernesto Boj\u00f3rquez &#8211; Presidente LACTLD<\/p>\n<p>Painelistas:<\/p>\n<ul>\n<li>L\u00eda Sol\u00eds &#8211; ISOC Bolivia, Comunidad T\u00e9cnica<\/li>\n<li>Maryleana M\u00e9ndez, secretaria ejecutiva ASIET, Sector Privado<\/li>\n<li>Carlos Guerrero, Hiperderecho, Sociedad Civil<\/li>\n<li>Lorena Naranjo, DINARDAP Ecuador, Sector Gobiernos<\/li>\n<\/ul>\n<p>Relator: Gaspar Pisanu &#8211; Access Now<\/p>\n<\/td>\n<td><a href=\"https:\/\/youtu.be\/fIN3dDH7FzI\">Video<\/a><\/td>\n<td><a href=\"https:\/\/eventos.lacigf.org\/wp-content\/uploads\/2019\/10\/lacigf12-10-pt.pdf\">Relatoria<\/a><\/td>\n<\/tr>\n<tr id=\"break\">\n<td>13:00 \u2013 14:30<\/td>\n<td colspan=\"3\">Almo\u00e7o &#8211; Margarita restaurant: Av. S\u00e1nchez Bustamante entre as ruas 16 e 17 &#8211;&gt; <a href=\"https:\/\/goo.gl\/maps\/WTWbBKNGcosUoSQt7\" target=\"_blank\" rel=\"noopener noreferrer\">ver mapa<\/a><\/td>\n<\/tr>\n<tr>\n<td>14:30 \u2013 16:00<\/td>\n<td>Sess\u00e3o 11 \u2013 Sess\u00e3o LOCAL: O impacto da abordagem de m\u00faltiplas partes interessadas sobre a Governan\u00e7a da Internet na Bol\u00edvia\n<p>\u00a0<\/p>\n<p>Moderador: Roberto Zambrana &#8211; ISOC Bolivia<\/p>\n<p>Painelistas:<\/p>\n<ul>\n<li>Eduardo Trigo &#8211; Gerente General de la C\u00e1mara de Telecomunicaciones de Bolivia (sector privado)<\/li>\n<li>L\u00eda Sol\u00eds &#8211; NOG Bolivia (Comunidad t\u00e9cnica)<\/li>\n<li>Iv\u00e1n Zambrana &#8211; Viceministro de Telecomunicaciones (Gobierno)<\/li>\n<li>Rosa Flores &#8211; Vicedecana de la Facultad de Ciencias Puras y Naturales de la Universidad Mayor de San Andr\u00e9s (Academia)<\/li>\n<\/ul>\n<p>Relatora: Maribel Garay<\/p>\n<\/td>\n<td><a href=\"https:\/\/youtu.be\/AGJa2LYKUKU\">Video<\/a><\/td>\n<td><a href=\"https:\/\/eventos.lacigf.org\/wp-content\/uploads\/2019\/10\/lacigf12-11-pt.pdf\">Relatoria<\/a><\/td>\n<\/tr>\n<tr id=\"break\">\n<td>16:00 \u2013 16:30<\/td>\n<td colspan=\"3\">Coffee Break<\/td>\n<\/tr>\n<tr>\n<td>16:30 \u2013 18:00<\/td>\n<td>Sess\u00e3o 12: Tomada de decis\u00f5es automatizada e Intelig\u00eancia Artificial: como se prepara a regi\u00e3o?\n<p>\u00a0<\/p>\n<p>Moderadora: Mar\u00eda Paz Canales &#8211; Derechos Digitales<\/p>\n<p>Painelistas:<\/p>\n<ul>\n<li>Estelle Mass\u00e9 &#8211; Access Now (Sociedad Civil)<\/li>\n<li>Javier Barreiro, Director de Tecnolog\u00eda de Agesic, Uruguay (Sector Gobiernos)<\/li>\n<li>Pollyanna Rigon Valente &#8211; Youth Observatory (Comunidad T\u00e9cnica)<\/li>\n<li>Paula Vargas, Facebook (Sector Privado)<\/li>\n<\/ul>\n<p>Relatoria: Federico Rodr\u00edguez Hormaechea, YouthIGF Uruguay \/ Sof\u00eda Bustos &#8211; Fundaci\u00f3n Datos Protegidos<\/p>\n<\/td>\n<td><a href=\"https:\/\/youtu.be\/UaAiR15grsU\">Video<\/a><\/td>\n<td><a href=\"https:\/\/eventos.lacigf.org\/wp-content\/uploads\/2019\/10\/lacigf12-12-pt.pdf\">Relatoria<\/a><\/td>\n<\/tr>\n<tr>\n<td>18:00 \u2013 18:30<\/td>\n<td>Cerim\u00f4nia de encerramento\n<p>\u00a0<\/p>\n<p>Representante del Comit\u00e9 de Programa: Mar\u00eda Paz Canales &#8211; Derechos Digitales<\/p>\n<p>Representante de la Autoridad Local: Prefeito Municipal de La Paz Luis Revilla<\/p>\n<\/td>\n<td><a href=\"https:\/\/youtu.be\/BJvkU6CoAuc\">Video<\/a><\/td>\n<td><a href=\"https:\/\/eventos.lacigf.org\/wp-content\/uploads\/2019\/10\/lacigf12-clausura-pt.pdf\">Relatoria<\/a><\/td>\n<\/tr>\n<\/tbody>\n<\/table>\n<\/div>\n<div id=\"tabs-2\">\n<h2>Hotel Casa Grande Sede de LACIGF 12<\/h2>\n<p>Endere\u00e7o: Rua 16 N\u00ba8009, Calacoto, La Paz, Bolivia. \u00a0<\/p>\n<ul>\n<li>Telefone: +<a href=\"tel:591-2-2774000\">591-2-2774000<\/a><\/li>\n<li>WhatsApp:<a href=\"http:\/\/wa.me\/59162478000\">+591-62478000<\/a><\/li>\n<li>Site: \u00a0<a href=\"https:\/\/www.casa-grande-hotel.com\/es\/\">https:\/\/www.casa-grande-hotel.com\/es\/<\/a><\/li>\n<\/ul>\n<ul>\n<li>Aeroporto mais pr\u00f3ximo: Aeroporto Internacional El Alto<\/li>\n<li>Site: <a href=\"http:\/\/www.sabsa.aero\/\">http:\/\/www.sabsa.aero\/<\/a><\/li>\n<li>Telefone:+591 2 2157300<\/li>\n<\/ul>\n<p><strong>Quartos<\/strong><\/p>\n<ul>\n<li>Ejecutiva King (Simple\/Casal): USD 153 a di\u00e1ria, pre\u00e7o pelo quarto.\u00a0<\/li>\n<li>Ejecutiva Doble (Doble):\u00a0 USD 173 a di\u00e1ria, pre\u00e7o pelo quarto.\u00a0<\/li>\n<li>Deluxe King (Simple\/Casal):\u00a0 USD 183 a di\u00e1ria, pre\u00e7o pelo quarto.\u00a0<\/li>\n<\/ul>\n<p><strong>A tarifa do quarto inclui:<\/strong><\/p>\n<ul>\n<li>Caf\u00e9 da manha americano (Buffet)<\/li>\n<li>WiFi<\/li>\n<li>Gin\u00e1sio<\/li>\n<\/ul>\n<p><strong>Check-in\/Check-out<\/strong><\/p>\n<p>O hor\u00e1rio para check-in \u00e9 \u00e0s 13:00 horas e para check-out \u00e9 \u00e0s 12:00 horas.<\/p>\n<p>Reservas: <a href=\"mailto:hotel@casa-grande.com.bo\">hotel@casa-grande.com.bo<\/a><\/p>\n<p>Importante: para ter direito \u00e0 tarifa corporativa, voc\u00ea deve mencionar que participa do evento LACIGF 12.<\/p>\n<p><strong>Transporte<\/strong><\/p>\n<p>Se deseja ser contatado(a) para ter op\u00e7\u00f5es de transporte desde o aeroporto, registre neste formul\u00e1rio a informa\u00e7\u00e3o da sua chegada: <a href=\"https:\/\/isoc.bo\/vuelo-lacigf\/\">https:\/\/isoc.bo\/vuelo-lacigf\/<\/a><\/p>\n<p>\u00a0<\/p>\n<h2>Sugest\u00f5es de hoteis nas proximidades<\/h2>\n<h3>Hotel ATIX<\/h3>\n<p>Endere\u00e7o: Rua 16 N\u00ba 8052, entre Julio Pati\u00f1o e S\u00e1nchez Bustamante.<\/p>\n<ul>\n<li>Dist\u00e2ncia com o local do evento: 20 metros.<\/li>\n<li>Telefone: (+591) 7-8961200<\/li>\n<li>Site: <a href=\"http:\/\/www.atixhotel.com\/\">http:\/\/www.atixhotel.com\/<\/a><\/li>\n<\/ul>\n<p><strong>Quartos<\/strong><\/p>\n<ul>\n<li>Standard: USD 120 a di\u00e1ria, pre\u00e7o pelo quarto.\u00a0<\/li>\n<li>Superior: USD 129 a di\u00e1ria, pre\u00e7o pelo quarto.\u00a0<\/li>\n<li>Superior Doble: USD 137 a di\u00e1ria, pre\u00e7o pelo quarto.\u00a0<\/li>\n<li>Deluxe: USD 146 a di\u00e1ria, pre\u00e7o pelo quarto.\u00a0<\/li>\n<\/ul>\n<p><strong>O valor do quarto inclui:<\/strong><\/p>\n<ul>\n<li>Caf\u00e9 da manha americano (Buffet)<\/li>\n<li>WiFi livre no pr\u00e9dio todo<\/li>\n<li>Gin\u00e1sio<\/li>\n<\/ul>\n<p>Reservas: Alejandra Arispe <a href=\"mailto:aarispe@atixhotel.com\">aarispe@atixhotel.com<\/a><\/p>\n<p>Importante: Para ter direito \u00e0 tarifa corporativa, voc\u00ea deve mencionar que participa do evento LACIGF 12.<\/p>\n<h3>Hotel Casa Grande Express<\/h3>\n<p>Endere\u00e7o: Av. Sanchez Bustamante N\u00ba1012 entre rua 16 e 17.<\/p>\n<ul>\n<li>Dist\u00e2ncia com o local do evento: 80 metros.<\/li>\n<li>Telefone: +<a href=\"tel:591-2-2796655\">591-2-2796655<\/a><\/li>\n<li>WhatsApp:<a href=\"http:\/\/wa.me\/59162478000\">+ 591-62466888<\/a><\/li>\n<li>Site: <a href=\"https:\/\/www.casagrandeexpress.com\/\">https:\/\/www.casagrandeexpress.com\/<\/a><\/li>\n<\/ul>\n<p><strong>Quartos<\/strong><\/p>\n<ul>\n<li>King (Simple): USD 110 a di\u00e1ria, pre\u00e7o pelo quarto.\u00a0<\/li>\n<li>King (Casal):\u00a0 USD 120 a di\u00e1ria, pre\u00e7o pelo quarto.\u00a0<\/li>\n<li>Doble (2 camas):\u00a0 USD 120 a di\u00e1ria, pre\u00e7o pelo quarto.<\/li>\n<\/ul>\n<p>Reservas: <a href=\"mailto:hotel@casa-grande.com.bo\">hotel@casa-grande.com.bo<\/a><\/p>\n<p>Importante: Para ter direito \u00e0 tarifa corporativa, voc\u00ea deve mencionar que participa do evento LACIGF 12.<\/p>\n<h3>Hotel Casa Grande Suites<\/h3>\n<p>Endere\u00e7o: Av. Ballivian e rua 17 N\u00ba1000. \u00a0<\/p>\n<p>Dist\u00e2ncia com o local do evento: 250 metros.<\/p>\n<ul>\n<li>Telefone: + <a href=\"tel:%20591%202%202795511\">591 2 2795511<\/a><\/li>\n<li>WhatsApp: + <a href=\"https:\/\/wa.me\/59162491111\">59 162491111<\/a><\/li>\n<li>Site: https:\/\/www.casa-grande-suites.com\/<\/li>\n<\/ul>\n<p><strong>Quartos<\/strong><\/p>\n<ul>\n<li>King Suite: USD 140 a di\u00e1ria, pre\u00e7o pelo quarto.<\/li>\n<li>Twin Suite: USD 160 a di\u00e1ria, pre\u00e7o pelo quarto.<\/li>\n<li>Family Suite:\u00a0 USD 200 a di\u00e1ria, pre\u00e7o pelo quarto.<\/li>\n<\/ul>\n<p>Reservas: <a href=\"mailto:hotel@casa-grande.com.bo\">hotel@casa-grande.com.bo<\/a><\/p>\n<p>Importante: Para ter direito \u00e0 tarifa corporativa, voc\u00ea deve mencionar que participa do evento LACIGF 12.<\/p>\n<h3>Hotel Calacoto<\/h3>\n<p>Endere\u00e7o: Rua 13 e S\u00e1nchez Bustamante N\u00ba 8009<\/p>\n<ul>\n<li>Dist\u00e2ncia com o local do evento: 300 metros.<\/li>\n<li>Telefone: (591-2) 2774600 &#8211; (591-2) 2152524<\/li>\n<li>Site: <a href=\"http:\/\/www.hotelcalacoto.com\/\">http:\/\/www.hotelcalacoto.com\/<\/a><\/li>\n<\/ul>\n<p><strong>Quartos<\/strong><\/p>\n<ul>\n<li>Simple: USD 64 a di\u00e1ria, pre\u00e7o pelo quarto.<\/li>\n<li>Doble: USD 79 a di\u00e1ria, pre\u00e7o pelo quarto.<\/li>\n<li>Suite Ejecutiva: \u00a0USD 100 a di\u00e1ria, pre\u00e7o pelo quarto.<\/li>\n<\/ul>\n<p>Reservas: Fabiola Quintana <a href=\"mailto:info@hotelcalacoto.com\">info@hotelcalacoto.com<\/a><\/p>\n<p>Importante: Para ter direito \u00e0 tarifa corporativa, voc\u00ea deve mencionar que participa do evento LACIGF 12.<\/p>\n<h3>Hotel Rennova<\/h3>\n<p>Endere\u00e7o: Rua 13 e Julio Pati\u00f1o N\u00ba 695<\/p>\n<ul>\n<li>Dist\u00e2ncia com o local do evento: 350 metros.<\/li>\n<li>Telefone: +591 22971917<\/li>\n<li>Site: <a href=\"https:\/\/www.hotelrennova.com\/\">https:\/\/www.hotelrennova.com\/<\/a><\/li>\n<\/ul>\n<p><strong>Quartos<\/strong><\/p>\n<ul>\n<li>Simple: USD 95 a di\u00e1ria, pre\u00e7o pelo quarto.<\/li>\n<li>Doble: USD 115 a di\u00e1ria, pre\u00e7o pelo quarto.<\/li>\n<li>Superior: USD 135 a di\u00e1ria, pre\u00e7o pelo quarto. \u00a0<\/li>\n<\/ul>\n<p>Reservas: Ingrid Salamanca <a href=\"mailto:reservas@hotelrennova.com\">reservas@hotelrennova.com<\/a><\/p>\n<p>Importante: Para ter direito \u00e0 tarifa corporativa, voc\u00ea deve mencionar que participa do evento LACIGF 12.<\/p>\n<\/div>\n<div id=\"tabs-3\">\n<h3>Fotos<\/h3>\n<p>Ter\u00e7a-feira 6: <a href=\"https:\/\/photos.app.goo.gl\/PZKcXqdjo7Be6LEk8\" target=\"_lank\" rel=\"noopener noreferrer\">https:\/\/photos.app.goo.gl\/PZKcXqdjo7Be6LEk8<\/a><\/p>\n<p>Cocktail de boas-vindas: <a href=\"https:\/\/photos.app.goo.gl\/fDryqJqwCK7mW3Sv5\" target=\"_lank\" rel=\"noopener noreferrer\">https:\/\/photos.app.goo.gl\/fDryqJqwCK7mW3Sv5<\/a><\/p>\n<p>Quarta-feira 7: <a href=\"https:\/\/photos.app.goo.gl\/FJFY9U9eGMLrY5x58\" target=\"_lank\" rel=\"noopener noreferrer\">https:\/\/photos.app.goo.gl\/FJFY9U9eGMLrY5x58<\/a><\/p>\n<p>Quinta-feira 8: <a href=\"https:\/\/photos.app.goo.gl\/VoQQkitiK9hEuEY48\" target=\"_lank\" rel=\"noopener noreferrer\">https:\/\/photos.app.goo.gl\/VoQQkitiK9hEuEY48<\/a><\/p>\n<\/div>\n<div id=\"tabs-4\">\n<h3>Clima<\/h3>\n<p>O evento vai acontecer no inverno e a temperatura em La Paz \u00e9 fria &#8211; seca, em geral com sol, com possibilidade de chuvas espor\u00e1dicas durante o dia.<\/p>\n<ul type=\"disc\">\n<li>Temperatura m\u00e1xima: 17\u00b0C (m\u00e9dia dia)<\/li>\n<li>Temperatura m\u00ednima: -2\u00b0C (m\u00e9dia noite)<\/li>\n<\/ul>\n<h3>Alguns conselhos<\/h3>\n<ul>\n<li>Para prevenir o mal da montanha, voc\u00ea pode tomar a p\u00edlula &#8220;Sorojchi Pill&#8221;, um rem\u00e9dio que previne e alivia os sintomas da doen\u00e7a da altitude, dispon\u00edvel em todas as farm\u00e1cias e\/ou beber ch\u00e1 de coca. Recomenda-se tamb\u00e9m comer pequenas por\u00e7\u00f5es e beber muitos l\u00edquidos.<\/li>\n<li>Usar protetor solar e hidratante.<\/li>\n<li>Levar roupa quente.<\/li>\n<\/ul>\n<h3>Aeroporto<\/h3>\n<p>O aeroporto Internacional de El Alto (LPB) \u00e9 o \u00fanico aeroporto de acesso \u00e0 cidade de La Paz, localizado a 30 quil\u00f4metros do local do evento, o Hotel Casa Grande.\u00a0<\/p>\n<h3>Companhias A\u00e9reas<\/h3>\n<p>Estas s\u00e3o as companhias a\u00e9reas que chegam \u00e0s cidades de Santa Cruz de la Sierra e La Paz.<\/p>\n<ul type=\"disc\">\n<li>Boliviana de Avia\u00e7\u00e3o (Nacional)<\/li>\n<li>Amaszonas (Nacional)<\/li>\n<li>AVIANCA<\/li>\n<li>LATAM<\/li>\n<li>American Airlines<\/li>\n<li>Aerol\u00edneas Argentinas<\/li>\n<li>Copa Airlines<\/li>\n<li>GOL<\/li>\n<li>Air Europa<\/li>\n<\/ul>\n<h3>Transporte<\/h3>\n<p>Existem v\u00e1rias op\u00e7\u00f5es para ir do Aeroporto Internacional de El Alto para o local do evento:<\/p>\n<ul type=\"disc\">\n<li>R\u00e1dio t\u00e1xis (tem um cartaz com o telefone). (15 US$ aprox.)<\/li>\n<li>T\u00e1xis Aeroporto (15 US$ aprox.)<\/li>\n<li>Minibus (chega somente at\u00e9 o centro da cidade de La Paz)<\/li>\n<li>T\u00e1xi at\u00e9 o ponto do telef\u00e9rico amarelo e depois conex\u00e3o para o telef\u00e9rico verde, e do ponto de t\u00e1xi (trecho curto) para o hotel.<\/li>\n<\/ul>\n<h3>Eletricidade<\/h3>\n<p>Na Bol\u00edvia 220 V., e os plugues s\u00e3o do tipo A \/ C.<\/p>\n<p><img decoding=\"async\" loading=\"lazy\" src=\"https:\/\/eventos.lacigf.org\/wp-content\/uploads\/2019\/07\/enchufes.png\" width=\"379\" height=\"120\" \/><\/p>\n<h3>Moeda<\/h3>\n<p>A moeda oficial \u00e9 o peso boliviano (BS).<\/p>\n<p>No paralelo 1 US$ = 6.95 BS<\/p>\n<p>Os cart\u00f5es de cr\u00e9dito s\u00e3o aceitos em muitos lugares, exceto em lojas e restaurantes informais.<\/p>\n<p>O d\u00f3lar \u00e9 aceito em muitos dos neg\u00f3cios at\u00e9 um m\u00e1ximo de US$ 20, mas o troco \u00e9 devolvido em pesos bolivianos BS.<\/p>\n<h3>Telecomunica\u00e7\u00f5es<\/h3>\n<p>A Bol\u00edvia possui v\u00e1rias operadoras de telefonia m\u00f3vel. Entre as principais est\u00e3o: ENTEL, TIGO e VIVA. Existem planos pr\u00e9-pagos, pacotes de minutos e dados para um tempo determinado. Para obter mais informa\u00e7\u00f5es sobre esses planos e a localiza\u00e7\u00e3o dos v\u00e1rios centros onde voc\u00ea pode compr\u00e1-los, acesse os links abaixo:<\/p>\n<ul>\n<li><a href=\"http:\/\/www.entel.bo\/\">http:\/\/www.entel.bo\/<\/a><\/li>\n<li><a href=\"https:\/\/www.tigo.com.bo\/\">https:\/\/www.tigo.com.bo\/<\/a><\/li>\n<li><a href=\"https:\/\/www.viva.com.bo\/\">https:\/\/www.viva.com.bo\/<\/a><\/li>\n<\/ul>\n<\/div>\n<div id=\"tabs-5\">\n<h2>Segunda-feira 5<\/h2>\n<table id=\"agenda\" width=\"100%\" cellspacing=\"0\" cellpadding=\"0\">\n<tbody>\n<tr>\n<td width=\"10%\">08:45 \u2013 13:00<\/td>\n<td width=\"80%\">Agenda de liberdade de express\u00e3o e privacidade na Am\u00e9rica Latina\n<p>\u00a0<\/p>\n<p>\u00a0<\/p>\n<p>Local: Sal\u00e3o Uma del Hotel Atix<\/p>\n<\/td>\n<td width=\"10%\">\u00a0<\/td>\n<\/tr>\n<tr>\n<td>09:00 \u2013 17:00<\/td>\n<td>Desenvolvimento de capacidades para uma experi\u00eancia da Internet mais confi\u00e1vel na regi\u00e3o\n<p>\u00a0<\/p>\n<p>\u00a0<\/p>\n<p><a href=\"https:\/\/triple-i-lacigf2019.gfce-events.com\/page\/610927\" target=\"_blank\" rel=\"noopener noreferrer\">Pr\u00e9via inscri\u00e7\u00e3o<\/a><\/p>\n<p><a href=\"https:\/\/eventos.lacigf.org\/wp-content\/uploads\/2019\/07\/agenda-GFCE-tripleI.pdf\" target=\"_blank\" rel=\"noopener noreferrer\">Agenda<\/a><\/p>\n<p>Local: Hotel Atix<\/p>\n<\/td>\n<td>\u00a0<\/td>\n<\/tr>\n<tr>\n<td width=\"10%\">09:30 \u2013 19:00<\/td>\n<td>4to YouthLACIGF\n<p>\u00a0<\/p>\n<p>\u00a0<\/p>\n<p>Local: Escuela Militar de Ingenier\u00eda (EMI) Irpavi, Av. Rafael Pab\u00f3n, La Paz (<a href=\"https:\/\/goo.gl\/maps\/P8bUCXaSm1R31LsK9\">https:\/\/goo.gl\/maps\/P8bUCXaSm1R31LsK9<\/a>)<\/p>\n<p>Registro: <a href=\"https:\/\/forms.gle\/pKwk6r2Av45eAQXZ7\">https:\/\/forms.gle\/pKwk6r2Av45eAQXZ7<\/a><\/p>\n<p>Agenda: <a href=\"https:\/\/www.facebook.com\/events\/1384123121734715\/?active_tab=about\">https:\/\/www.facebook.com\/events\/1384123121734715\/?active_tab=about<\/a><\/p>\n<p>Organiza: Youth Observatory\/Youth SIG Internet Society<\/p>\n<\/td>\n<td>\u00a0<\/td>\n<\/tr>\n<tr>\n<td>19:00 \u2013 20:00<\/td>\n<td>Direitos humanos e tecnologias: nossos desafios comuns\n<p>\u00a0<\/p>\n<p>\u00a0<\/p>\n<p>Contato: Paz Pe\u00f1a <a href=\"mailto:paz@pazpena.com\">paz@pazpena.com<\/a> \/ +56999101718<\/p>\n<p>Organiza: Al Sur<\/p>\n<p>Local: Hotel Casa Grande, sala de Reuni\u00f5es 1 e 2<\/p>\n<\/td>\n<td>\u00a0<\/td>\n<\/tr>\n<\/tbody>\n<\/table>\n<h2>Ter\u00e7a-feira 6 a Sexta-feira 9<\/h2>\n<table id=\"agenda\" width=\"100%\" cellspacing=\"0\" cellpadding=\"0\">\n<tbody>\n<tr>\n<td width=\"10%\">10:00<\/td>\n<td width=\"80%\">Instala\u00e7\u00e3o sobre privacidade on-line The Glass Room, da Tactical Tech e Funda\u00e7\u00e3o Mozilla\n<p>\u00a0<\/p>\n<p>\u00a0<\/p>\n<p>Local: esta\u00e7\u00e3o do telef\u00e9rico da curva de Holgu\u00edn<\/p>\n<p>Organiza: Funda\u00e7\u00e3o Internet Bolivia.org e Mi Telef\u00e9rico.<\/p>\n<\/td>\n<td width=\"10%\">\u00a0<\/td>\n<\/tr>\n<\/tbody>\n<\/table>\n<h2>Quarta-feira 7<\/h2>\n<table id=\"agenda\" width=\"100%\" cellspacing=\"0\" cellpadding=\"0\">\n<tbody>\n<tr>\n<td width=\"10%\">19:00<\/td>\n<td width=\"80%\">Painel &#8220;Privacidade dos dados pessoais e a democracia, aprendizados da Am\u00e9rica Latina e da Europa&#8221;\n<p>\u00a0<\/p>\n<p>\u00a0<\/p>\n<p>Local: Auditorio de la FES, Obrajes, av. Hernando Siles No. 5998 esquina calle 14.<\/p>\n<p>Organiza: Funda\u00e7\u00e3o Internet Bolivia.org e Friedrich Ebert Stiftung (FES).<\/p>\n<\/td>\n<td width=\"10%\">\u00a0<\/td>\n<\/tr>\n<tr>\n<td>19:00<\/td>\n<td>2\u00b0 FemHack Party LAC por uma Internet feminista\n<p>\u00a0<\/p>\n<p>\u00a0<\/p>\n<p>Local: Virgen de los Deseos, Av. 20 de octubre No. 2060, entre calles J.J. P\u00e9rez y Aspiazu.<\/p>\n<p>Organiza: Grupo de Especial Interesse de Mulheres da Internet Society (Women SIG ISOC), a Associa\u00e7\u00e3o para o Progresso das Comunica\u00e7\u00f5es (APC), Bolivia Tech Hub, ISOC Bol\u00edvia, Hackeando o machismo e Funda\u00e7\u00e3o Internet Bolivia.org<\/p>\n<\/td>\n<td>\u00a0<\/td>\n<\/tr>\n<\/tbody>\n<\/table>\n<h2>Quinta-feira 8<\/h2>\n<table id=\"agenda\" width=\"100%\" cellspacing=\"0\" cellpadding=\"0\">\n<tbody>\n<tr>\n<td width=\"10%\">09:00 \u2013 12:00<\/td>\n<td width=\"80%\">Oficina: Tecnologias antidemocr\u00e1ticas. Fake news, dados e vigil\u00e2ncia\n<p>\u00a0<\/p>\n<p>\u00a0<\/p>\n<p>Local: Cowork. San Miguel, calle Claudio Aliaga No. 1239 entre calles Gabriel Ren\u00e9 Moreno y Enrique Pe\u00f1aranda.<\/p>\n<p>Organiza: Internet Bolivia.org Foundation<\/p>\n<\/td>\n<td width=\"10%\">\u00a0<\/td>\n<\/tr>\n<tr>\n<td>09:00 \u2013 12:00<\/td>\n<td>Oficinas de seguran\u00e7a digital para jornalistas com Access Now\n<p>\u00a0<\/p>\n<p>\u00a0<\/p>\n<p>Local: Virgen de los Deseos, Av. 20 de octubre No. 2060, entre calles J.J. P\u00e9rez y Aspiazu.<\/p>\n<p>Organiza: Access Now and Internet Bolivia.org Foundation<\/p>\n<\/td>\n<td>\u00a0<\/td>\n<\/tr>\n<tr>\n<td>19:00 \u2013 20:30<\/td>\n<td>Conversatorio \u201cLibertad de expresi\u00f3n en internet\u201d\n<p>\u00a0<\/p>\n<p>\u00a0<\/p>\n<p>Lugar: Auditorio Principal del Bloque G de la Universidad Cat\u00f3lica Boliviana \u201d San Pablo\u201d, ubicada en la Avenida 14 de Septiembre N\u00ba4807 esquina calle 2 de Obrajes.<\/p>\n<p>Objetivo: El conversatorio abordar\u00e1 la libertad de expresi\u00f3n en Internet en el Sistema Interamericano de protecci\u00f3n de los derechos humanos, se presentar\u00e1n los est\u00e1ndares destinados a proteger la libertad de expresi\u00f3n y pensamiento en Internet.<\/p>\n<p>Organiza: Fundaci\u00f3n CONSTRUIR, el Cap\u00edtulo Boliviano de Derechos Humanos, Democracia y Desarrollo, Inclusi\u00f3n Digital, el Centro de Informaci\u00f3n y Acceso a la Informaci\u00f3n de la Universidad de Palermo de Buenos Aires, Argentina y el Instituto Paname\u00f1o de Derecho y Nuevas Tecnolog\u00edas (IPANDETEC), enn coordinaci\u00f3n con la Universidad Cat\u00f3lica \u201cSan Pablo\u201d La Paz a trav\u00e9s de la Facultad de Derecho y Ciencias Pol\u00edticas.<\/p>\n<p><a href=\"https:\/\/docs.google.com\/forms\/d\/e\/1FAIpQLSc-cxWEjGcAIxIwIsTOjZXLgR7ETjwr7lnZLzUiLBdZN1rGew\/viewform\" target=\"_blank\" rel=\"noopener noreferrer\">Registro<\/a><\/p>\n<\/td>\n<td>\u00a0<\/td>\n<\/tr>\n<\/tbody>\n<\/table>\n<h2>S\u00e1bado 10<\/h2>\n<table id=\"agenda\" width=\"100%\" cellspacing=\"0\" cellpadding=\"0\">\n<tbody>\n<tr>\n<td width=\"10%\">15:00 &#8211; 18:00<\/td>\n<td width=\"80%\">Oficinas de seguran\u00e7a digital para jornalistas com Access Now\n<p>\u00a0<\/p>\n<p>\u00a0<\/p>\n<p>Local: Virgen de los Deseos, Av. 20 de octubre No. 2060, entre calles J.J. P\u00e9rez y Aspiazu.<\/p>\n<p>Organiza: Access Now and Internet Bolivia.org Foundation<\/p>\n<\/td>\n<td width=\"10%\">\u00a0<\/td>\n<\/tr>\n<\/tbody>\n<\/table>\n<\/div>\n<\/div>","protected":false},"excerpt":{"rendered":"<p>O LACIGF 12 acontecer\u00e1 de 6 a 8 de agosto de 2019. &nbsp; O evento ser\u00e1 realizado em conjunto com o Cap\u00edtulo da Bol\u00edvia da ISOC e vai acontecer no Hotel Casa Grande, localizado na Calle 16 N\u00ba8009, Calacoto, La Paz, Bol\u00edvia. Agenda Hospedagem Media Informa\u00e7\u00e3o geral Atividades paralelas Relatorias e tradu\u00e7\u00f5es por: Segunda-feira 5 [&hellip;]<\/p>\n","protected":false},"author":1,"featured_media":0,"parent":0,"menu_order":0,"comment_status":"closed","ping_status":"closed","template":"","meta":{"footnotes":""},"_links":{"self":[{"href":"https:\/\/eventos.lacigf.org\/pt-br\/wp-json\/wp\/v2\/pages\/118"}],"collection":[{"href":"https:\/\/eventos.lacigf.org\/pt-br\/wp-json\/wp\/v2\/pages"}],"about":[{"href":"https:\/\/eventos.lacigf.org\/pt-br\/wp-json\/wp\/v2\/types\/page"}],"author":[{"embeddable":true,"href":"https:\/\/eventos.lacigf.org\/pt-br\/wp-json\/wp\/v2\/users\/1"}],"replies":[{"embeddable":true,"href":"https:\/\/eventos.lacigf.org\/pt-br\/wp-json\/wp\/v2\/comments?post=118"}],"version-history":[{"count":60,"href":"https:\/\/eventos.lacigf.org\/pt-br\/wp-json\/wp\/v2\/pages\/118\/revisions"}],"predecessor-version":[{"id":666,"href":"https:\/\/eventos.lacigf.org\/pt-br\/wp-json\/wp\/v2\/pages\/118\/revisions\/666"}],"wp:attachment":[{"href":"https:\/\/eventos.lacigf.org\/pt-br\/wp-json\/wp\/v2\/media?parent=118"}],"curies":[{"name":"wp","href":"https:\/\/api.w.org\/{rel}","templated":true}]}}