{"id":1863,"date":"2022-08-05T15:17:29","date_gmt":"2022-08-05T18:17:29","guid":{"rendered":"https:\/\/eventos.lacigf.org\/?page_id=1863"},"modified":"2022-10-25T11:54:10","modified_gmt":"2022-10-25T14:54:10","slug":"lacigf-15","status":"publish","type":"page","link":"https:\/\/eventos.lacigf.org\/en\/lacigf-15\/","title":{"rendered":"LACIGF 15"},"content":{"rendered":"\t\t<div data-elementor-type=\"wp-page\" data-elementor-id=\"1863\" class=\"elementor elementor-1863\">\n\t\t\t\t\t\t\t\t\t<section class=\"elementor-section elementor-top-section elementor-element elementor-element-fead96e elementor-section-full_width elementor-section-stretched elementor-section-height-default elementor-section-height-default\" data-id=\"fead96e\" data-element_type=\"section\" data-settings=\"{&quot;stretch_section&quot;:&quot;section-stretched&quot;,&quot;background_background&quot;:&quot;classic&quot;}\">\n\t\t\t\t\t\t\t<div class=\"elementor-background-overlay\"><\/div>\n\t\t\t\t\t\t\t<div class=\"elementor-container elementor-column-gap-default\">\n\t\t\t\t\t<div class=\"elementor-column elementor-col-100 elementor-top-column elementor-element elementor-element-dd96352\" data-id=\"dd96352\" data-element_type=\"column\">\n\t\t\t<div class=\"elementor-widget-wrap elementor-element-populated\">\n\t\t\t\t\t\t\t\t<div class=\"elementor-element elementor-element-d760ade elementor-widget elementor-widget-text-editor\" data-id=\"d760ade\" data-element_type=\"widget\" data-widget_type=\"text-editor.default\">\n\t\t\t\t<div class=\"elementor-widget-container\">\n\t\t\t<style>\/*! elementor - v3.16.0 - 09-10-2023 *\/\n.elementor-widget-text-editor.elementor-drop-cap-view-stacked .elementor-drop-cap{background-color:#69727d;color:#fff}.elementor-widget-text-editor.elementor-drop-cap-view-framed .elementor-drop-cap{color:#69727d;border:3px solid;background-color:transparent}.elementor-widget-text-editor:not(.elementor-drop-cap-view-default) .elementor-drop-cap{margin-top:8px}.elementor-widget-text-editor:not(.elementor-drop-cap-view-default) .elementor-drop-cap-letter{width:1em;height:1em}.elementor-widget-text-editor .elementor-drop-cap{float:left;text-align:center;line-height:1;font-size:50px}.elementor-widget-text-editor .elementor-drop-cap-letter{display:inline-block}<\/style>\t\t\t\t<h3 style=\"text-align: center;\">SAVE THE DATE<br \/>&#8212;-<br \/>Online \/ 24-26 October 2022<\/h3>\t\t\t\t\t\t<\/div>\n\t\t\t\t<\/div>\n\t\t\t\t\t<\/div>\n\t\t<\/div>\n\t\t\t\t\t\t\t<\/div>\n\t\t<\/section>\n\t\t\t\t<section class=\"elementor-section elementor-top-section elementor-element elementor-element-4e8b7e4 elementor-hidden-tablet elementor-hidden-mobile elementor-hidden-desktop elementor-section-boxed elementor-section-height-default elementor-section-height-default\" data-id=\"4e8b7e4\" data-element_type=\"section\" data-settings=\"{&quot;background_background&quot;:&quot;classic&quot;}\">\n\t\t\t\t\t\t<div class=\"elementor-container elementor-column-gap-default\">\n\t\t\t\t\t<div class=\"elementor-column elementor-col-100 elementor-top-column elementor-element elementor-element-281763b\" data-id=\"281763b\" data-element_type=\"column\">\n\t\t\t<div class=\"elementor-widget-wrap elementor-element-populated\">\n\t\t\t\t\t\t\t\t<div class=\"elementor-element elementor-element-17dd2ee elementor-widget elementor-widget-heading\" data-id=\"17dd2ee\" data-element_type=\"widget\" data-widget_type=\"heading.default\">\n\t\t\t\t<div class=\"elementor-widget-container\">\n\t\t\t<style>\/*! elementor - v3.16.0 - 09-10-2023 *\/\n.elementor-heading-title{padding:0;margin:0;line-height:1}.elementor-widget-heading .elementor-heading-title[class*=elementor-size-]>a{color:inherit;font-size:inherit;line-height:inherit}.elementor-widget-heading .elementor-heading-title.elementor-size-small{font-size:15px}.elementor-widget-heading .elementor-heading-title.elementor-size-medium{font-size:19px}.elementor-widget-heading .elementor-heading-title.elementor-size-large{font-size:29px}.elementor-widget-heading .elementor-heading-title.elementor-size-xl{font-size:39px}.elementor-widget-heading .elementor-heading-title.elementor-size-xxl{font-size:59px}<\/style><h2 class=\"elementor-heading-title elementor-size-default\">public consultation<\/h2>\t\t<\/div>\n\t\t\t\t<\/div>\n\t\t\t\t<div class=\"elementor-element elementor-element-a865072 elementor-widget-divider--view-line elementor-widget elementor-widget-divider\" data-id=\"a865072\" data-element_type=\"widget\" data-widget_type=\"divider.default\">\n\t\t\t\t<div class=\"elementor-widget-container\">\n\t\t\t<style>\/*! elementor - v3.16.0 - 09-10-2023 *\/\n.elementor-widget-divider{--divider-border-style:none;--divider-border-width:1px;--divider-color:#0c0d0e;--divider-icon-size:20px;--divider-element-spacing:10px;--divider-pattern-height:24px;--divider-pattern-size:20px;--divider-pattern-url:none;--divider-pattern-repeat:repeat-x}.elementor-widget-divider .elementor-divider{display:flex}.elementor-widget-divider .elementor-divider__text{font-size:15px;line-height:1;max-width:95%}.elementor-widget-divider .elementor-divider__element{margin:0 var(--divider-element-spacing);flex-shrink:0}.elementor-widget-divider .elementor-icon{font-size:var(--divider-icon-size)}.elementor-widget-divider .elementor-divider-separator{display:flex;margin:0;direction:ltr}.elementor-widget-divider--view-line_icon .elementor-divider-separator,.elementor-widget-divider--view-line_text .elementor-divider-separator{align-items:center}.elementor-widget-divider--view-line_icon .elementor-divider-separator:after,.elementor-widget-divider--view-line_icon .elementor-divider-separator:before,.elementor-widget-divider--view-line_text .elementor-divider-separator:after,.elementor-widget-divider--view-line_text .elementor-divider-separator:before{display:block;content:\"\";border-bottom:0;flex-grow:1;border-top:var(--divider-border-width) var(--divider-border-style) var(--divider-color)}.elementor-widget-divider--element-align-left .elementor-divider .elementor-divider-separator>.elementor-divider__svg:first-of-type{flex-grow:0;flex-shrink:100}.elementor-widget-divider--element-align-left .elementor-divider-separator:before{content:none}.elementor-widget-divider--element-align-left .elementor-divider__element{margin-left:0}.elementor-widget-divider--element-align-right .elementor-divider .elementor-divider-separator>.elementor-divider__svg:last-of-type{flex-grow:0;flex-shrink:100}.elementor-widget-divider--element-align-right .elementor-divider-separator:after{content:none}.elementor-widget-divider--element-align-right .elementor-divider__element{margin-right:0}.elementor-widget-divider:not(.elementor-widget-divider--view-line_text):not(.elementor-widget-divider--view-line_icon) .elementor-divider-separator{border-top:var(--divider-border-width) var(--divider-border-style) var(--divider-color)}.elementor-widget-divider--separator-type-pattern{--divider-border-style:none}.elementor-widget-divider--separator-type-pattern.elementor-widget-divider--view-line .elementor-divider-separator,.elementor-widget-divider--separator-type-pattern:not(.elementor-widget-divider--view-line) .elementor-divider-separator:after,.elementor-widget-divider--separator-type-pattern:not(.elementor-widget-divider--view-line) .elementor-divider-separator:before,.elementor-widget-divider--separator-type-pattern:not([class*=elementor-widget-divider--view]) .elementor-divider-separator{width:100%;min-height:var(--divider-pattern-height);-webkit-mask-size:var(--divider-pattern-size) 100%;mask-size:var(--divider-pattern-size) 100%;-webkit-mask-repeat:var(--divider-pattern-repeat);mask-repeat:var(--divider-pattern-repeat);background-color:var(--divider-color);-webkit-mask-image:var(--divider-pattern-url);mask-image:var(--divider-pattern-url)}.elementor-widget-divider--no-spacing{--divider-pattern-size:auto}.elementor-widget-divider--bg-round{--divider-pattern-repeat:round}.rtl .elementor-widget-divider .elementor-divider__text{direction:rtl}.e-con-inner>.elementor-widget-divider,.e-con>.elementor-widget-divider{width:var(--container-widget-width,100%);--flex-grow:var(--container-widget-flex-grow)}<\/style>\t\t<div class=\"elementor-divider\">\n\t\t\t<span class=\"elementor-divider-separator\">\n\t\t\t\t\t\t<\/span>\n\t\t<\/div>\n\t\t\t\t<\/div>\n\t\t\t\t<\/div>\n\t\t\t\t<div class=\"elementor-element elementor-element-4de34de elementor-widget elementor-widget-text-editor\" data-id=\"4de34de\" data-element_type=\"widget\" data-widget_type=\"text-editor.default\">\n\t\t\t\t<div class=\"elementor-widget-container\">\n\t\t\t\t\t\t\t<h3 style=\"text-align: center;\"><span style=\"color: #33cccc;\"><strong>LACIGF15 opens public consultation to the Latin American and Caribbean Internet Governance community to identify priority issues for the region.<\/strong><\/span><\/h3><p><strong><em>The consultation will be open until August 28th and will define the themes of the LACIGF15 program, to be held online between October 24 and 26<\/em><\/strong><\/p>\t\t\t\t\t\t<\/div>\n\t\t\t\t<\/div>\n\t\t\t\t\t<\/div>\n\t\t<\/div>\n\t\t\t\t\t\t\t<\/div>\n\t\t<\/section>\n\t\t\t\t<section class=\"elementor-section elementor-top-section elementor-element elementor-element-071bdae elementor-section-stretched elementor-hidden-desktop elementor-hidden-tablet elementor-hidden-mobile elementor-section-boxed elementor-section-height-default elementor-section-height-default\" data-id=\"071bdae\" data-element_type=\"section\" data-settings=\"{&quot;stretch_section&quot;:&quot;section-stretched&quot;,&quot;background_background&quot;:&quot;classic&quot;}\">\n\t\t\t\t\t\t<div class=\"elementor-container elementor-column-gap-default\">\n\t\t\t\t\t<div class=\"elementor-column elementor-col-100 elementor-top-column elementor-element elementor-element-f29cfdd\" data-id=\"f29cfdd\" data-element_type=\"column\">\n\t\t\t<div class=\"elementor-widget-wrap elementor-element-populated\">\n\t\t\t\t\t\t\t\t<section class=\"elementor-section elementor-inner-section elementor-element elementor-element-e209182 elementor-section-content-middle elementor-section-boxed elementor-section-height-default elementor-section-height-default\" data-id=\"e209182\" data-element_type=\"section\">\n\t\t\t\t\t\t<div class=\"elementor-container elementor-column-gap-default\">\n\t\t\t\t\t<div class=\"elementor-column elementor-col-50 elementor-inner-column elementor-element elementor-element-95f2290\" data-id=\"95f2290\" data-element_type=\"column\">\n\t\t\t<div class=\"elementor-widget-wrap elementor-element-populated\">\n\t\t\t\t\t\t\t\t<div class=\"elementor-element elementor-element-8d0631f elementor-widget elementor-widget-heading\" data-id=\"8d0631f\" data-element_type=\"widget\" data-widget_type=\"heading.default\">\n\t\t\t\t<div class=\"elementor-widget-container\">\n\t\t\t<h2 class=\"elementor-heading-title elementor-size-default\">Inscription\n<\/h2>\t\t<\/div>\n\t\t\t\t<\/div>\n\t\t\t\t\t<\/div>\n\t\t<\/div>\n\t\t\t\t<div class=\"elementor-column elementor-col-50 elementor-inner-column elementor-element elementor-element-5c8a048\" data-id=\"5c8a048\" data-element_type=\"column\" data-settings=\"{&quot;background_background&quot;:&quot;classic&quot;}\">\n\t\t\t<div class=\"elementor-widget-wrap elementor-element-populated\">\n\t\t\t\t\t\t\t\t<div class=\"elementor-element elementor-element-5d6fdd1 elementor-mobile-align-center elementor-widget elementor-widget-button\" data-id=\"5d6fdd1\" data-element_type=\"widget\" data-widget_type=\"button.default\">\n\t\t\t\t<div class=\"elementor-widget-container\">\n\t\t\t\t\t<div class=\"elementor-button-wrapper\">\n\t\t\t<a class=\"elementor-button elementor-button-link elementor-size-sm\" href=\"\" target=\"_blank\">\n\t\t\t\t\t\t<span class=\"elementor-button-content-wrapper\">\n\t\t\t\t\t\t<span class=\"elementor-button-icon elementor-align-icon-right\">\n\t\t\t\t<i aria-hidden=\"true\" class=\"fas fa-angle-double-right\"><\/i>\t\t\t<\/span>\n\t\t\t\t\t\t<span class=\"elementor-button-text\">Register<\/span>\n\t\t<\/span>\n\t\t\t\t\t<\/a>\n\t\t<\/div>\n\t\t\t\t<\/div>\n\t\t\t\t<\/div>\n\t\t\t\t\t<\/div>\n\t\t<\/div>\n\t\t\t\t\t\t\t<\/div>\n\t\t<\/section>\n\t\t\t\t\t<\/div>\n\t\t<\/div>\n\t\t\t\t\t\t\t<\/div>\n\t\t<\/section>\n\t\t\t\t<section class=\"elementor-section elementor-top-section elementor-element elementor-element-7632831 elementor-section-stretched elementor-hidden-tablet elementor-hidden-desktop elementor-hidden-mobile elementor-section-boxed elementor-section-height-default elementor-section-height-default\" data-id=\"7632831\" data-element_type=\"section\" data-settings=\"{&quot;stretch_section&quot;:&quot;section-stretched&quot;,&quot;background_background&quot;:&quot;classic&quot;}\">\n\t\t\t\t\t\t<div class=\"elementor-container elementor-column-gap-default\">\n\t\t\t\t\t<div class=\"elementor-column elementor-col-100 elementor-top-column elementor-element elementor-element-71bc605\" data-id=\"71bc605\" data-element_type=\"column\">\n\t\t\t<div class=\"elementor-widget-wrap elementor-element-populated\">\n\t\t\t\t\t\t\t\t<section class=\"elementor-section elementor-inner-section elementor-element elementor-element-1492cc2 elementor-section-content-middle elementor-section-boxed elementor-section-height-default elementor-section-height-default\" data-id=\"1492cc2\" data-element_type=\"section\">\n\t\t\t\t\t\t<div class=\"elementor-container elementor-column-gap-default\">\n\t\t\t\t\t<div class=\"elementor-column elementor-col-100 elementor-inner-column elementor-element elementor-element-03652e9\" data-id=\"03652e9\" data-element_type=\"column\">\n\t\t\t<div class=\"elementor-widget-wrap elementor-element-populated\">\n\t\t\t\t\t\t\t\t<div class=\"elementor-element elementor-element-c6a535a elementor-mobile-align-center elementor-align-center elementor-widget elementor-widget-button\" data-id=\"c6a535a\" data-element_type=\"widget\" data-widget_type=\"button.default\">\n\t\t\t\t<div class=\"elementor-widget-container\">\n\t\t\t\t\t<div class=\"elementor-button-wrapper\">\n\t\t\t<a class=\"elementor-button elementor-button-link elementor-size-lg\" href=\"\" target=\"_blank\">\n\t\t\t\t\t\t<span class=\"elementor-button-content-wrapper\">\n\t\t\t\t\t\t<span class=\"elementor-button-icon elementor-align-icon-right\">\n\t\t\t\t<i aria-hidden=\"true\" class=\"fas fa-angle-double-right\"><\/i>\t\t\t<\/span>\n\t\t\t\t\t\t<span class=\"elementor-button-text\">Access to public consultation<\/span>\n\t\t<\/span>\n\t\t\t\t\t<\/a>\n\t\t<\/div>\n\t\t\t\t<\/div>\n\t\t\t\t<\/div>\n\t\t\t\t\t<\/div>\n\t\t<\/div>\n\t\t\t\t\t\t\t<\/div>\n\t\t<\/section>\n\t\t\t\t\t<\/div>\n\t\t<\/div>\n\t\t\t\t\t\t\t<\/div>\n\t\t<\/section>\n\t\t\t\t<section class=\"elementor-section elementor-top-section elementor-element elementor-element-58514ef elementor-section-boxed elementor-section-height-default elementor-section-height-default\" data-id=\"58514ef\" data-element_type=\"section\">\n\t\t\t\t\t\t<div class=\"elementor-container elementor-column-gap-default\">\n\t\t\t\t\t<div class=\"elementor-column elementor-col-100 elementor-top-column elementor-element elementor-element-fa0edac\" data-id=\"fa0edac\" data-element_type=\"column\">\n\t\t\t<div class=\"elementor-widget-wrap elementor-element-populated\">\n\t\t\t\t\t\t\t\t<div class=\"elementor-element elementor-element-669ff90 elementor-widget elementor-widget-text-editor\" data-id=\"669ff90\" data-element_type=\"widget\" data-widget_type=\"text-editor.default\">\n\t\t\t\t<div class=\"elementor-widget-container\">\n\t\t\t\t\t\t\t<p>The 15th edition of the Latin American and Caribbean Internet Governance Forum (LACIGF15) will be held from October 24th to 26th, 2022. The event, which serves as preparation for the <span style=\"text-decoration: underline;\"><a href=\"httpss:\/\/www.intgovforum.org\/\" target=\"_blank\" rel=\"noopener\">Global Internet Governance Forum<\/a><\/span> (IGF), this year will have an online format.<\/p><p>The LACIGF15 agenda will be built around the themes identified by the United Nations Secretary-General in the <span style=\"text-decoration: underline;\"><a href=\"httpss:\/\/www.un.org\/techenvoy\/global-digital-compact\">Global Digital Compact<\/a><\/span>. A public consultation will be held to identify four priorities for the Latin American and Caribbean Internet Governance community to be addressed during the event.<\/p><p>Those interested in contributing to the construction of the agenda can answer the consultation until the end of August 28th, 2022. The results will be systematized by the LACIGF15 Program Committee.<\/p>\t\t\t\t\t\t<\/div>\n\t\t\t\t<\/div>\n\t\t\t\t<div class=\"elementor-element elementor-element-268b1f0 elementor-widget elementor-widget-heading\" data-id=\"268b1f0\" data-element_type=\"widget\" data-widget_type=\"heading.default\">\n\t\t\t\t<div class=\"elementor-widget-container\">\n\t\t\t<h2 class=\"elementor-heading-title elementor-size-default\">About the Global Digital Compact<\/h2>\t\t<\/div>\n\t\t\t\t<\/div>\n\t\t\t\t<div class=\"elementor-element elementor-element-41f3193 elementor-widget-divider--view-line elementor-widget elementor-widget-divider\" data-id=\"41f3193\" data-element_type=\"widget\" data-widget_type=\"divider.default\">\n\t\t\t\t<div class=\"elementor-widget-container\">\n\t\t\t\t\t<div class=\"elementor-divider\">\n\t\t\t<span class=\"elementor-divider-separator\">\n\t\t\t\t\t\t<\/span>\n\t\t<\/div>\n\t\t\t\t<\/div>\n\t\t\t\t<\/div>\n\t\t\t\t<div class=\"elementor-element elementor-element-949099e elementor-widget elementor-widget-text-editor\" data-id=\"949099e\" data-element_type=\"widget\" data-widget_type=\"text-editor.default\">\n\t\t\t\t<div class=\"elementor-widget-container\">\n\t\t\t\t\t\t\t<p>For the UN Secretary-General, digital cooperation will be crucial if digital technologies are to focus on the common good and ensure that the potential harms of the digital realm do not risk overshadowing its benefits. Digital governance, he notes, has not kept pace with the inherently informal and decentralized nature of the internet, which is dominated by commercial interests. There is an urgent need to address the ethical, social and regulatory issues related to current and future technologies to ensure that they contribute to the common good, the economic development, environmental and gender justice, the strengthening of the exercise of human rights and social justice.<\/p><p>To this end, it proposes that the UN, governments, businesses and civil society work together to agree on a &#8220;Global Digital Compact&#8221; that can be presented at the Summit of the Future, aimed at outlining shared principles for an open, free and secure digital future for all.<\/p><p>This year&#8217;s Global IGF will discuss &#8220;A Resilient Internet for a Shared Sustainable and Common Future&#8221;, with a focus on the themes suggested for the Compact. It is essential that the Internet Governance community in Latin America and the Caribbean contribute, from their needs, realities and priorities, to build the vision of the <span style=\"text-decoration: underline;\"><a href=\"httpss:\/\/www.apc.org\/en\/blog\/inside-digital-society-whats-all-about-digital-cooperation\" target=\"_blank\" rel=\"noopener\">digital future we want<\/a><\/span>.<\/p>\t\t\t\t\t\t<\/div>\n\t\t\t\t<\/div>\n\t\t\t\t\t<\/div>\n\t\t<\/div>\n\t\t\t\t\t\t\t<\/div>\n\t\t<\/section>\n\t\t\t\t<section class=\"elementor-section elementor-top-section elementor-element elementor-element-cc1534a elementor-hidden-desktop elementor-hidden-tablet elementor-hidden-mobile elementor-section-boxed elementor-section-height-default elementor-section-height-default\" data-id=\"cc1534a\" data-element_type=\"section\">\n\t\t\t\t\t\t<div class=\"elementor-container elementor-column-gap-default\">\n\t\t\t\t\t<div class=\"elementor-column elementor-col-100 elementor-top-column elementor-element elementor-element-64c60a2\" data-id=\"64c60a2\" data-element_type=\"column\">\n\t\t\t<div class=\"elementor-widget-wrap elementor-element-populated\">\n\t\t\t\t\t\t\t\t<div class=\"elementor-element elementor-element-03605b5 elementor-widget elementor-widget-heading\" data-id=\"03605b5\" data-element_type=\"widget\" data-widget_type=\"heading.default\">\n\t\t\t\t<div class=\"elementor-widget-container\">\n\t\t\t<h2 class=\"elementor-heading-title elementor-size-default\">Agenda<\/h2>\t\t<\/div>\n\t\t\t\t<\/div>\n\t\t\t\t<div class=\"elementor-element elementor-element-87ce2bc elementor-widget-divider--view-line_icon elementor-view-default elementor-widget-divider--element-align-center elementor-widget elementor-widget-divider\" data-id=\"87ce2bc\" data-element_type=\"widget\" data-widget_type=\"divider.default\">\n\t\t\t\t<div class=\"elementor-widget-container\">\n\t\t\t\t\t<div class=\"elementor-divider\">\n\t\t\t<span class=\"elementor-divider-separator\">\n\t\t\t\t\t\t\t<div class=\"elementor-icon elementor-divider__element\">\n\t\t\t\t\t<i aria-hidden=\"true\" class=\"fas fa-chevron-down\"><\/i><\/div>\n\t\t\t\t\t\t<\/span>\n\t\t<\/div>\n\t\t\t\t<\/div>\n\t\t\t\t<\/div>\n\t\t\t\t<div class=\"elementor-element elementor-element-006b770 elementor-widget elementor-widget-heading\" data-id=\"006b770\" data-element_type=\"widget\" data-widget_type=\"heading.default\">\n\t\t\t\t<div class=\"elementor-widget-container\">\n\t\t\t<h2 class=\"elementor-heading-title elementor-size-default\">TUESDAY 23 NOVEMBER<\/h2>\t\t<\/div>\n\t\t\t\t<\/div>\n\t\t\t\t<div class=\"elementor-element elementor-element-45967b8 eael-table-align-center eael-dt-th-align-left elementor-widget elementor-widget-eael-data-table\" data-id=\"45967b8\" data-element_type=\"widget\" data-widget_type=\"eael-data-table.default\">\n\t\t\t\t<div class=\"elementor-widget-container\">\n\t\t\t<style>\n\t\t\t@media (max-width: 767px) {\n\t\t\t   #eael-data-table-45967b8.custom-responsive-option-enable .eael-data-table thead {\n                    display: none;\n                }\n               #eael-data-table-45967b8.custom-responsive-option-enable .eael-data-table tbody tr td {\n                    float: none;\n                    clear: left;\n                    width: 100%;\n                    text-align: left;\n                    display: flex;\n                    align-items: center;\n                }\n\t\t\t}\n\t\t\t<\/style>\t\t<div class=\"eael-data-table-wrap custom-responsive-option-enable\" data-table_id=\"45967b8\" id=\"eael-data-table-45967b8\" data-custom_responsive=\"true\">\n\t\t\t<table class=\"tablesorter eael-data-table center\" id=\"eael-data-table-45967b8\">\n\t\t\t    <thead>\n\t\t\t        <tr class=\"table-header\">\n\t\t\t\t\t\t\t\t\t            <th class=\"\" id=\"\" colspan=\"\">\n\t\t\t\t\t\t\t\t\t\t\t\t\t\t<span class=\"data-table-header-text\">Time (UTC)<\/span><\/th>\n\t\t\t        \t\t\t\t            <th class=\"\" id=\"\" colspan=\"\">\n\t\t\t\t\t\t\t\t\t\t\t\t\t\t<span class=\"data-table-header-text\">Topic<\/span><\/th>\n\t\t\t        \t\t\t\t        <\/tr>\n\t\t\t    <\/thead>\n\t\t\t  \t<tbody>\n\t\t\t\t\t\t\t\t\t\t\t<tr>\n\t\t\t\t\t\t\t\t\t\t\t\t\t\t\t\t   \t\t\t\t\t\t\t\t\t\t\t<td colspan=\"\" rowspan=\"\" class=\"\" id=\"\">\n\t\t\t\t\t\t\t\t\t\t\t\t<div class=\"td-content-wrapper\"><div class=\"td-content\">14:15 - 14:\u00b730<\/div><\/div>\n\t\t\t\t\t\t\t\t\t\t\t<\/td>\n\t\t\t\t\t\t\t\t\t\t\t\t\t\t\t\t\t\t\t\t\t\t\t\t\t\t\t\t\t   \t\t\t\t\t\t\t\t\t\t\t<td colspan=\"\" rowspan=\"\" class=\"\" id=\"\">\n\t\t\t\t\t\t\t\t\t\t\t\t<div class=\"td-content-wrapper\"><div class=\"td-content\">Opening<\/div><\/div>\n\t\t\t\t\t\t\t\t\t\t\t<\/td>\n\t\t\t\t\t\t\t\t\t\t\t\t\t\t\t\t\t\t\t\t\t\t\t\t\t\t<\/tr>\n\t\t\t        \t\t\t\t\t\t<tr>\n\t\t\t\t\t\t\t\t\t\t\t\t\t\t\t\t   \t\t\t\t\t\t\t\t\t\t\t<td colspan=\"\" rowspan=\"\" class=\"\" id=\"\">\n\t\t\t\t\t\t\t\t\t\t\t\t<div class=\"td-content-wrapper\"><div class=\"td-content\">14:30 - 16:00<\/div><\/div>\n\t\t\t\t\t\t\t\t\t\t\t<\/td>\n\t\t\t\t\t\t\t\t\t\t\t\t\t\t\t\t\t\t\t\t\t\t\t\t\t\t\t\t\t   \t\t\t\t\t\t\t\t\t\t\t<td colspan=\"\" rowspan=\"\" class=\"\" id=\"\">\n\t\t\t\t\t\t\t\t\t\t\t\t<div class=\"td-content-wrapper\"><div class=\"td-content\"><p><strong>Update on National and Regional Internet Initiatives and the Youth IGF<\/strong><\/p><\/div><\/div>\n\t\t\t\t\t\t\t\t\t\t\t<\/td>\n\t\t\t\t\t\t\t\t\t\t\t\t\t\t\t\t\t\t\t\t\t\t\t\t\t\t<\/tr>\n\t\t\t        \t\t\t\t\t\t<tr>\n\t\t\t\t\t\t\t\t\t\t\t\t\t\t\t\t   \t\t\t\t\t\t\t\t\t\t\t<td colspan=\"\" rowspan=\"\" class=\"\" id=\"\">\n\t\t\t\t\t\t\t\t\t\t\t\t<div class=\"td-content-wrapper\"><div class=\"td-content\">18:00 - 19:30<\/div><\/div>\n\t\t\t\t\t\t\t\t\t\t\t<\/td>\n\t\t\t\t\t\t\t\t\t\t\t\t\t\t\t\t\t\t\t\t\t\t\t\t\t\t\t\t\t   \t\t\t\t\t\t\t\t\t\t\t<td colspan=\"\" rowspan=\"\" class=\"\" id=\"\">\n\t\t\t\t\t\t\t\t\t\t\t\t<div class=\"td-content-wrapper\"><div class=\"td-content\"><p><strong>The role of technology in situations of tension in democratic regimes: How can internet governance contribute to the deployment of technology with a fundamental rights approach?<\/strong><\/p><p>The recent pandemic and political and social upheavals in the region have highlight the role that technology and information (communicated and disseminated over the internet) can play in confronting a crisis. At the same time, recent experience shows how digital technologies can accentuate the risks of control and exclusion through mass, normalized surveillance under the pretext of a crisis.<\/p><p>This LACIGF session seeks to contribute to an understanding of the current challenges related to how a fundamental rights approach can be promoted in the deployment of technologies in crisis situations, as opposed to the idea that guarantees should be suspended in these scenarios, showing the contribution that can be made from an Internet governance perspective to ensure the legality, necessity, and proportionality of the technological deployments that are adopted to help mitigate crisis scenarios. During the session, different points of view and examples will be shared regarding:<\/p><ul><li>The type of deployments that have been developed in the region as a result of the different crises that have been experienced, including the health crisis in the context of the pandemic, crises motivated by political disruption processes, institutional crises focused on social demands, and economic crises derived from political and social instability;<\/li><li>What the various stakeholders can contribute for the development of technological responses that are more in line with the exercise of fundamental rights; and<\/li><li>Transparency and accountability mechanisms for the different stakeholders in relation to the different processes for digital technology development and utilization.<\/li><\/ul><p>Format: Multistakeholder panel where the various actors can each share their perspective<\/p><\/div><\/div>\n\t\t\t\t\t\t\t\t\t\t\t<\/td>\n\t\t\t\t\t\t\t\t\t\t\t\t\t\t\t\t\t\t\t\t\t\t\t\t\t\t<\/tr>\n\t\t\t        \t\t\t\t\t\t<tr>\n\t\t\t\t\t\t\t\t\t\t\t\t\t\t\t\t   \t\t\t\t\t\t\t\t\t\t\t<td colspan=\"\" rowspan=\"\" class=\"\" id=\"\">\n\t\t\t\t\t\t\t\t\t\t\t\t<div class=\"td-content-wrapper\"><div class=\"td-content\">20:00 - 21:30<\/div><\/div>\n\t\t\t\t\t\t\t\t\t\t\t<\/td>\n\t\t\t\t\t\t\t\t\t\t\t\t\t\t\t\t\t\t\t\t\t\t\t\t\t\t\t\t\t   \t\t\t\t\t\t\t\t\t\t\t<td colspan=\"\" rowspan=\"\" class=\"\" id=\"\">\n\t\t\t\t\t\t\t\t\t\t\t\t<div class=\"td-content-wrapper\"><div class=\"td-content\"><p><strong>Opportunities for the integration of the regional digital economy<\/strong><\/p><p>The global economy is currently a digitized economy. The development of the Latin American and Caribbean digital ecosystem involves significant local and national challenges, such as the deployment of connectivity networks and the expansion of access, but also challenges that require a transnational perspective because of the very nature the Internet, which transcends geographical barriers.<\/p><p>The region offers great opportunities for the digital economy to grow, supported on the deployment of more and better networks and on transnational agreements that promote integration and trade. This growth, however, is currently hindered by different barriers.<\/p><p>These barriers may be of logistic, bureaucratic, due to lack of legal and regulatory harmonization, or the result of a lack of infrastructure. In many cases, regulatory regimes have not been adapted to the advances of new technologies. Dialogue through supranational forums and with the participation of public and private actors, the technical community, civil society, and academia is essential to better understand in which direction we should advance and how we should move forward.<\/p><p>Today, multiple commercial negotiation and regional integration processes can be identified where clauses related to the digital economy are discussed and sometimes included. In both the Mercosur and the Pacific Alliance, progress has been made towards agreements on digital policy issues. In addition, certain countries such as Mexico and Chile have entered into digital agreements that transcend Latin America (USMCA and DEPA, respectively). At the same time, these issues are being discussed on global scenarios.<\/p><p>____<\/p><ul><li>Moderator - Alejandro Pati\u00f1o - CEPAL<\/li><\/ul><div dir=\"ltr\"><div>\u00a0<\/div><div><span style=\"color: #33cccc;\">Speakers<\/span><\/div><div>\u00a0<\/div><ul><li>Francisco Molina - Secretar\u00eda de Econom\u00eda - M\u00e9xico<\/li><li>Eduardo Chomali - CAF<\/li><li>Sissi De la Pe\u00f1a - ALAI<\/li><li>Ariel Graizer - LAC-IX\u00a0<\/li><li>Kemly Camacho - Sula Batsu \u00a0- Costa Rica\u00a0<\/li><li>Fernando L\u00f3pez Guti\u00e9rrez -\u00a0 ASIET\u00a0<\/li><li>\u00a0<\/li><\/ul><\/div><\/div><\/div>\n\t\t\t\t\t\t\t\t\t\t\t<\/td>\n\t\t\t\t\t\t\t\t\t\t\t\t\t\t\t\t\t\t\t\t\t\t\t\t\t\t<\/tr>\n\t\t\t        \t\t\t    <\/tbody>\n\t\t\t<\/table>\n\t\t<\/div>\n\t  \t\t\t<\/div>\n\t\t\t\t<\/div>\n\t\t\t\t<div class=\"elementor-element elementor-element-34d618e elementor-widget elementor-widget-spacer\" data-id=\"34d618e\" data-element_type=\"widget\" data-widget_type=\"spacer.default\">\n\t\t\t\t<div class=\"elementor-widget-container\">\n\t\t\t<style>\/*! elementor - v3.16.0 - 09-10-2023 *\/\n.elementor-column .elementor-spacer-inner{height:var(--spacer-size)}.e-con{--container-widget-width:100%}.e-con-inner>.elementor-widget-spacer,.e-con>.elementor-widget-spacer{width:var(--container-widget-width,var(--spacer-size));--align-self:var(--container-widget-align-self,initial);--flex-shrink:0}.e-con-inner>.elementor-widget-spacer>.elementor-widget-container,.e-con>.elementor-widget-spacer>.elementor-widget-container{height:100%;width:100%}.e-con-inner>.elementor-widget-spacer>.elementor-widget-container>.elementor-spacer,.e-con>.elementor-widget-spacer>.elementor-widget-container>.elementor-spacer{height:100%}.e-con-inner>.elementor-widget-spacer>.elementor-widget-container>.elementor-spacer>.elementor-spacer-inner,.e-con>.elementor-widget-spacer>.elementor-widget-container>.elementor-spacer>.elementor-spacer-inner{height:var(--container-widget-height,var(--spacer-size))}.e-con-inner>.elementor-widget-spacer.elementor-widget-empty,.e-con>.elementor-widget-spacer.elementor-widget-empty{position:relative;min-height:22px;min-width:22px}.e-con-inner>.elementor-widget-spacer.elementor-widget-empty .elementor-widget-empty-icon,.e-con>.elementor-widget-spacer.elementor-widget-empty .elementor-widget-empty-icon{position:absolute;top:0;bottom:0;left:0;right:0;margin:auto;padding:0;width:22px;height:22px}<\/style>\t\t<div class=\"elementor-spacer\">\n\t\t\t<div class=\"elementor-spacer-inner\"><\/div>\n\t\t<\/div>\n\t\t\t\t<\/div>\n\t\t\t\t<\/div>\n\t\t\t\t<div class=\"elementor-element elementor-element-7019380 elementor-widget elementor-widget-heading\" data-id=\"7019380\" data-element_type=\"widget\" data-widget_type=\"heading.default\">\n\t\t\t\t<div class=\"elementor-widget-container\">\n\t\t\t<h2 class=\"elementor-heading-title elementor-size-default\">WEDNESDAY 24 NOVEMBER<\/h2>\t\t<\/div>\n\t\t\t\t<\/div>\n\t\t\t\t<div class=\"elementor-element elementor-element-a00d679 eael-dt-th-align-mobile-left eael-table-align-center eael-dt-th-align-left elementor-widget elementor-widget-eael-data-table\" data-id=\"a00d679\" data-element_type=\"widget\" data-widget_type=\"eael-data-table.default\">\n\t\t\t\t<div class=\"elementor-widget-container\">\n\t\t\t<style>\n\t\t\t@media (max-width: 767px) {\n\t\t\t   #eael-data-table-a00d679.custom-responsive-option-enable .eael-data-table thead {\n                    display: none;\n                }\n               #eael-data-table-a00d679.custom-responsive-option-enable .eael-data-table tbody tr td {\n                    float: none;\n                    clear: left;\n                    width: 100%;\n                    text-align: left;\n                    display: flex;\n                    align-items: center;\n                }\n\t\t\t}\n\t\t\t<\/style>\t\t<div class=\"eael-data-table-wrap custom-responsive-option-enable\" data-table_id=\"a00d679\" id=\"eael-data-table-a00d679\" data-custom_responsive=\"true\">\n\t\t\t<table class=\"tablesorter eael-data-table center\" id=\"eael-data-table-a00d679\">\n\t\t\t    <thead>\n\t\t\t        <tr class=\"table-header\">\n\t\t\t\t\t\t\t\t\t            <th class=\"\" id=\"\" colspan=\"1\">\n\t\t\t\t\t\t\t\t\t\t\t\t\t\t<span class=\"data-table-header-text\">Time (UTC)<\/span><\/th>\n\t\t\t        \t\t\t\t            <th class=\"\" id=\"\" colspan=\"\">\n\t\t\t\t\t\t\t\t\t\t\t\t\t\t<span class=\"data-table-header-text\">Topic<\/span><\/th>\n\t\t\t        \t\t\t\t        <\/tr>\n\t\t\t    <\/thead>\n\t\t\t  \t<tbody>\n\t\t\t\t\t\t\t\t\t\t\t<tr>\n\t\t\t\t\t\t\t\t\t\t\t\t\t\t\t\t   \t\t\t\t\t\t\t\t\t\t\t<td colspan=\"\" rowspan=\"\" class=\"\" id=\"\">\n\t\t\t\t\t\t\t\t\t\t\t\t<div class=\"td-content-wrapper\"><div class=\"td-content\">14:30 - 16:\u00b700<\/div><\/div>\n\t\t\t\t\t\t\t\t\t\t\t<\/td>\n\t\t\t\t\t\t\t\t\t\t\t\t\t\t\t\t\t\t\t\t\t\t\t\t\t\t\t\t\t   \t\t\t\t\t\t\t\t\t\t\t<td colspan=\"\" rowspan=\"\" class=\"\" id=\"\">\n\t\t\t\t\t\t\t\t\t\t\t\t<div class=\"td-content-wrapper\"><div class=\"td-content\"><p><strong>Effective collaboration models for internet governance: the case of shared resources<\/strong><\/p><p>This session will present different cases, projects, and collaboration models of a multistakeholder nature that have been developed in relation to the management of shared Internet resources. The panel will explore the main characteristics identified in effective regional collaboration cases.<\/p><p>The governance of shared Internet resources allows analyzing how the multistakeholder model takes on a specific format for a variety of cases and problems.<\/p><p>Format: Multistakeholder panel<\/p><\/div><\/div>\n\t\t\t\t\t\t\t\t\t\t\t<\/td>\n\t\t\t\t\t\t\t\t\t\t\t\t\t\t\t\t\t\t\t\t\t\t\t\t\t\t<\/tr>\n\t\t\t        \t\t\t\t\t\t<tr>\n\t\t\t\t\t\t\t\t\t\t\t\t\t\t\t\t   \t\t\t\t\t\t\t\t\t\t\t<td colspan=\"\" rowspan=\"\" class=\"\" id=\"\">\n\t\t\t\t\t\t\t\t\t\t\t\t<div class=\"td-content-wrapper\"><div class=\"td-content\">18:00 - 19:30<\/div><\/div>\n\t\t\t\t\t\t\t\t\t\t\t<\/td>\n\t\t\t\t\t\t\t\t\t\t\t\t\t\t\t\t\t\t\t\t\t\t\t\t\t\t\t\t\t   \t\t\t\t\t\t\t\t\t\t\t<td colspan=\"\" rowspan=\"\" class=\"\" id=\"\">\n\t\t\t\t\t\t\t\t\t\t\t\t<div class=\"td-content-wrapper\"><div class=\"td-content\"><p><strong>Universal access and inclusion at the social, economic, and human rights level: How can we arrive at a positive diagnosis to define common lines of work for the various stakeholders?<\/strong><\/p><p>Considering the obstacles, barriers, and disadvantages that access and inclusion represent for the different sectors and which have increased globally due to the pandemic, stakeholders must agree on common lines of work to reverse their negative effects.<\/p><p>To do so, each stakeholder, in their own role, will present their status with respect to these issues, and mention the diagnosis they have reached and how, together, they can create specific lines of work, with incentives and concrete instruments to attain them and promote access and inclusion, reaching a consensus based on the trust that exists between them.<\/p><p>This consensus will serve as an input for explaining this aspect to the IGF, specifying its goal of reaching everyone and reducing any existing rifts and divides.<\/p><p>_______<\/p><p id=\"tw-target-text\" class=\"tw-data-text tw-text-large tw-ta\" dir=\"ltr\" data-placeholder=\"Translation\"><span class=\"Y2IQFc\" lang=\"en\" style=\"color: #33cccc;\">Speakers <\/span><\/p><ul><li class=\"tw-data-text tw-text-large tw-ta\" dir=\"ltr\" data-placeholder=\"Translation\"><span class=\"Y2IQFc\" lang=\"en\">Nathalia Foditsch, Senior Policy and Regulatory Specialist, Alliance for an Affordable Internet (A4ia)<\/span><\/li><li class=\"tw-data-text tw-text-large tw-ta\" dir=\"ltr\" data-placeholder=\"Translation\"><span class=\"Y2IQFc\" lang=\"en\">Virginia Pardo, Director of the Information Society Area of \u200b\u200bthe Agency for Electronic Government, Information Society and Knowledge (Agesic) <\/span><\/li><li class=\"tw-data-text tw-text-large tw-ta\" dir=\"ltr\" data-placeholder=\"Translation\"><span class=\"Y2IQFc\" lang=\"en\">Carlos Mart\u00ednez Cagnazzo, LACNIC Technology Manager<\/span><\/li><li class=\"tw-data-text tw-text-large tw-ta\" dir=\"ltr\" data-placeholder=\"Translation\"><span class=\"Y2IQFc\" lang=\"en\">Mat\u00edas Dodel, Catholic University of Uruguay <\/span><\/li><li class=\"tw-data-text tw-text-large tw-ta\" dir=\"ltr\" data-placeholder=\"Translation\"><span class=\"Y2IQFc\" lang=\"en\">Ra\u00fal Echeberr\u00eda, Executive Director of the Latin American Internet Association (ALAI) <\/span><\/li><li class=\"tw-data-text tw-text-large tw-ta\" dir=\"ltr\" data-placeholder=\"Translation\"><span class=\"Y2IQFc\" lang=\"en\">Claudia Valdivia, President of Internet for All<\/span><\/li><\/ul><\/div><\/div>\n\t\t\t\t\t\t\t\t\t\t\t<\/td>\n\t\t\t\t\t\t\t\t\t\t\t\t\t\t\t\t\t\t\t\t\t\t\t\t\t\t<\/tr>\n\t\t\t        \t\t\t\t\t\t<tr>\n\t\t\t\t\t\t\t\t\t\t\t\t\t\t\t\t   \t\t\t\t\t\t\t\t\t\t\t<td colspan=\"\" rowspan=\"\" class=\"\" id=\"\">\n\t\t\t\t\t\t\t\t\t\t\t\t<div class=\"td-content-wrapper\"><div class=\"td-content\">20:00 - 21:30<\/div><\/div>\n\t\t\t\t\t\t\t\t\t\t\t<\/td>\n\t\t\t\t\t\t\t\t\t\t\t\t\t\t\t\t\t\t\t\t\t\t\t\t\t\t\t\t\t   \t\t\t\t\t\t\t\t\t\t\t<td colspan=\"\" rowspan=\"\" class=\"\" id=\"\">\n\t\t\t\t\t\t\t\t\t\t\t\t<div class=\"td-content-wrapper\"><div class=\"td-content\"><p><strong>The future of LACIGF<\/strong><\/p><\/div><\/div>\n\t\t\t\t\t\t\t\t\t\t\t<\/td>\n\t\t\t\t\t\t\t\t\t\t\t\t\t\t\t\t\t\t\t\t\t\t\t\t\t\t<\/tr>\n\t\t\t        \t\t\t\t\t\t<tr>\n\t\t\t\t\t\t\t\t\t\t\t\t\t\t\t\t   \t\t\t\t\t\t\t\t\t\t\t<td colspan=\"\" rowspan=\"\" class=\"\" id=\"\">\n\t\t\t\t\t\t\t\t\t\t\t\t<div class=\"td-content-wrapper\"><div class=\"td-content\">21:30 - 21:45<\/div><\/div>\n\t\t\t\t\t\t\t\t\t\t\t<\/td>\n\t\t\t\t\t\t\t\t\t\t\t\t\t\t\t\t\t\t\t\t\t\t\t\t\t\t\t\t\t   \t\t\t\t\t\t\t\t\t\t\t<td colspan=\"\" rowspan=\"\" class=\"\" id=\"\">\n\t\t\t\t\t\t\t\t\t\t\t\t<div class=\"td-content-wrapper\"><div class=\"td-content\"><p><strong>Closing remarks<\/strong><\/p><\/div><\/div>\n\t\t\t\t\t\t\t\t\t\t\t<\/td>\n\t\t\t\t\t\t\t\t\t\t\t\t\t\t\t\t\t\t\t\t\t\t\t\t\t\t<\/tr>\n\t\t\t        \t\t\t    <\/tbody>\n\t\t\t<\/table>\n\t\t<\/div>\n\t  \t\t\t<\/div>\n\t\t\t\t<\/div>\n\t\t\t\t\t<\/div>\n\t\t<\/div>\n\t\t\t\t\t\t\t<\/div>\n\t\t<\/section>\n\t\t\t\t<section class=\"elementor-section elementor-top-section elementor-element elementor-element-ce9c23c elementor-section-stretched elementor-section-boxed elementor-section-height-default elementor-section-height-default\" data-id=\"ce9c23c\" data-element_type=\"section\" data-settings=\"{&quot;background_background&quot;:&quot;classic&quot;,&quot;stretch_section&quot;:&quot;section-stretched&quot;}\">\n\t\t\t\t\t\t<div class=\"elementor-container elementor-column-gap-default\">\n\t\t\t\t\t<div class=\"elementor-column elementor-col-100 elementor-top-column elementor-element elementor-element-3ef6ee1\" data-id=\"3ef6ee1\" data-element_type=\"column\">\n\t\t\t<div class=\"elementor-widget-wrap elementor-element-populated\">\n\t\t\t\t\t\t\t\t<div class=\"elementor-element elementor-element-cb80a87 elementor-widget elementor-widget-heading\" data-id=\"cb80a87\" data-element_type=\"widget\" data-widget_type=\"heading.default\">\n\t\t\t\t<div class=\"elementor-widget-container\">\n\t\t\t<h2 class=\"elementor-heading-title elementor-size-default\">Registration<\/h2>\t\t<\/div>\n\t\t\t\t<\/div>\n\t\t\t\t<div class=\"elementor-element elementor-element-d8864a5 elementor-widget-divider--view-line elementor-widget elementor-widget-divider\" data-id=\"d8864a5\" data-element_type=\"widget\" data-widget_type=\"divider.default\">\n\t\t\t\t<div class=\"elementor-widget-container\">\n\t\t\t\t\t<div class=\"elementor-divider\">\n\t\t\t<span class=\"elementor-divider-separator\">\n\t\t\t\t\t\t<\/span>\n\t\t<\/div>\n\t\t\t\t<\/div>\n\t\t\t\t<\/div>\n\t\t\t\t<div class=\"elementor-element elementor-element-c02fefa elementor-widget elementor-widget-text-editor\" data-id=\"c02fefa\" data-element_type=\"widget\" data-widget_type=\"text-editor.default\">\n\t\t\t\t<div class=\"elementor-widget-container\">\n\t\t\t\t\t\t\t<p>Registration for the 15th edition of the Latin American and the Caribbean Internet Governance Forum is now open. All those who want to participate in LACIGF15 must complete and submit the form below. The forum will be held online between October 25 and 26, and will include four open sessions. In addition, on October 24 we will hold &#8220;Day Zero&#8221;, with activities of Youth LACIGF and national and regional internet governance initiatives (NRIs).<\/p>\t\t\t\t\t\t<\/div>\n\t\t\t\t<\/div>\n\t\t\t\t<div class=\"elementor-element elementor-element-9f9ab99 elementor-widget elementor-widget-eael-creative-button\" data-id=\"9f9ab99\" data-element_type=\"widget\" data-widget_type=\"eael-creative-button.default\">\n\t\t\t\t<div class=\"elementor-widget-container\">\n\t\t\t        <div class=\"eael-creative-button-wrapper\">\n\n            <a class=\"eael-creative-button eael-creative-button--winona\" href=\"\" target=\"_blank _blank\" data-text=\"Go!\">\n\n\t    \n                <div class=\"creative-button-inner\">\n\n                    \n                    <span class=\"cretive-button-text\"> Register now <\/span>\n\n                                            <span class=\"eael-creative-button-icon-right\"><i aria-hidden=\"true\" class=\"fas fa-caret-square-right\"><\/i><\/span>                                    <\/div>\n\t                        <\/a>\n        <\/div>\n\t\t<\/div>\n\t\t\t\t<\/div>\n\t\t\t\t\t<\/div>\n\t\t<\/div>\n\t\t\t\t\t\t\t<\/div>\n\t\t<\/section>\n\t\t\t\t<section class=\"elementor-section elementor-top-section elementor-element elementor-element-2504cd4 elementor-section-boxed elementor-section-height-default elementor-section-height-default\" data-id=\"2504cd4\" data-element_type=\"section\" data-settings=\"{&quot;background_background&quot;:&quot;classic&quot;}\">\n\t\t\t\t\t\t<div class=\"elementor-container elementor-column-gap-default\">\n\t\t\t\t\t<div class=\"elementor-column elementor-col-100 elementor-top-column elementor-element elementor-element-0f8e0ad\" data-id=\"0f8e0ad\" data-element_type=\"column\">\n\t\t\t<div class=\"elementor-widget-wrap elementor-element-populated\">\n\t\t\t\t\t\t\t\t<div class=\"elementor-element elementor-element-2c0bb20 elementor-widget elementor-widget-heading\" data-id=\"2c0bb20\" data-element_type=\"widget\" data-widget_type=\"heading.default\">\n\t\t\t\t<div class=\"elementor-widget-container\">\n\t\t\t<h2 class=\"elementor-heading-title elementor-size-default\">Agenda<\/h2>\t\t<\/div>\n\t\t\t\t<\/div>\n\t\t\t\t<div class=\"elementor-element elementor-element-0b6e0e5 elementor-widget-divider--view-line elementor-widget elementor-widget-divider\" data-id=\"0b6e0e5\" data-element_type=\"widget\" data-widget_type=\"divider.default\">\n\t\t\t\t<div class=\"elementor-widget-container\">\n\t\t\t\t\t<div class=\"elementor-divider\">\n\t\t\t<span class=\"elementor-divider-separator\">\n\t\t\t\t\t\t<\/span>\n\t\t<\/div>\n\t\t\t\t<\/div>\n\t\t\t\t<\/div>\n\t\t\t\t\t<\/div>\n\t\t<\/div>\n\t\t\t\t\t\t\t<\/div>\n\t\t<\/section>\n\t\t\t\t<section class=\"elementor-section elementor-top-section elementor-element elementor-element-5c0edb8 elementor-section-boxed elementor-section-height-default elementor-section-height-default\" data-id=\"5c0edb8\" data-element_type=\"section\">\n\t\t\t\t\t\t<div class=\"elementor-container elementor-column-gap-default\">\n\t\t\t\t\t<div class=\"elementor-column elementor-col-100 elementor-top-column elementor-element elementor-element-3872348\" data-id=\"3872348\" data-element_type=\"column\">\n\t\t\t<div class=\"elementor-widget-wrap elementor-element-populated\">\n\t\t\t\t\t\t\t\t<div class=\"elementor-element elementor-element-d4ca3b6 elementor-widget elementor-widget-text-editor\" data-id=\"d4ca3b6\" data-element_type=\"widget\" data-widget_type=\"text-editor.default\">\n\t\t\t\t<div class=\"elementor-widget-container\">\n\t\t\t\t\t\t\t<p style=\"text-align: center;\"><span style=\"font-weight: 400;\">All times are <\/span><b>-3 UTC (Uruguay time).<\/b><\/p><p>\u00a0<\/p><p style=\"text-align: center;\"><strong><em><span style=\"color: #268187;\">DAY 0\u00a0<\/span><br \/>Monday &#8211; October 24<br \/><\/em><\/strong><\/p>\t\t\t\t\t\t<\/div>\n\t\t\t\t<\/div>\n\t\t\t\t<div class=\"elementor-element elementor-element-12a413f eael-dt-th-align-mobile-center eael-table-align-center eael-dt-th-align-left elementor-widget elementor-widget-eael-data-table\" data-id=\"12a413f\" data-element_type=\"widget\" data-widget_type=\"eael-data-table.default\">\n\t\t\t\t<div class=\"elementor-widget-container\">\n\t\t\t<style>\n\t\t\t@media (max-width: 767px) {\n\t\t\t   #eael-data-table-12a413f.custom-responsive-option-enable .eael-data-table thead {\n                    display: none;\n                }\n               #eael-data-table-12a413f.custom-responsive-option-enable .eael-data-table tbody tr td {\n                    float: none;\n                    clear: left;\n                    width: 100%;\n                    text-align: left;\n                    display: flex;\n                    align-items: center;\n                }\n\t\t\t}\n\t\t\t<\/style>\t\t<div class=\"eael-data-table-wrap custom-responsive-option-enable\" data-table_id=\"12a413f\" id=\"eael-data-table-12a413f\" data-custom_responsive=\"true\">\n\t\t\t<table class=\"tablesorter eael-data-table center\" id=\"eael-data-table-12a413f\">\n\t\t\t    <thead>\n\t\t\t        <tr class=\"table-header\">\n\t\t\t\t\t\t\t\t\t            <th class=\"head-hora\" id=\"\" colspan=\"1\">\n\t\t\t\t\t\t\t\t\t\t\t\t\t\t<span class=\"data-table-header-text\">Time<br>(-3 UTC)<\/span><\/th>\n\t\t\t        \t\t\t\t            <th class=\"\" id=\"\" colspan=\"1\">\n\t\t\t\t\t\t\t\t\t\t\t\t\t\t<span class=\"data-table-header-text\">Session <\/span><\/th>\n\t\t\t        \t\t\t\t        <\/tr>\n\t\t\t    <\/thead>\n\t\t\t  \t<tbody>\n\t\t\t\t\t\t\t\t\t\t\t<tr>\n\t\t\t\t\t\t\t\t\t\t\t\t\t\t\t\t   \t\t\t\t\t\t\t\t\t\t\t<td colspan=\"\" rowspan=\"\" class=\"hora-tabla\" id=\"\">\n\t\t\t\t\t\t\t\t\t\t\t\t<div class=\"td-content-wrapper\"><div class=\"td-content\"><p><strong>10:00 to 11:30 a.m.<\/strong><\/p><\/div><\/div>\n\t\t\t\t\t\t\t\t\t\t\t<\/td>\n\t\t\t\t\t\t\t\t\t\t\t\t\t\t\t\t\t\t\t\t\t\t\t\t\t\t\t\t\t   \t\t\t\t\t\t\t\t\t\t\t<td colspan=\"\" rowspan=\"\" class=\"\" id=\"\">\n\t\t\t\t\t\t\t\t\t\t\t\t<div class=\"td-content-wrapper\"><div class=\"td-content\"><h2 style=\"text-align: left;\"><strong><span style=\"color: #bf0857;\">Youth Track Global<\/span><br \/>A robust digital transformation: looking into cybersecurity and digital rights.\u00a0\u00a0<\/strong><\/h2><p style=\"text-align: left;\">Cybersecurity is a broad term that comprises the protection of critical information infrastructure, as well as elements that are considered critical information infrastructures, such as information networks of small and medium-sized enterprises, or personal computers. Cybersecurity consists of a process involving the entire society, the Internet offers unprecedented opportunities for enforcing human rights and plays an increasingly important role in our everyday life. This session see cybersecurity from a human-centric perspective. Freedom of expression, free flow of information, and the right to privacy are under attack in the era of cyber surveillance. From a human-centric perspective, such rights should be understood as a critical part of cybersecurity. Human rights protections need to be effectively addressed in the digital sphere and gain their place in the cybersecurity agendas in a way that can lead to democratic accountability mechanisms.<\/p><p><strong>Panelists:<\/strong> <em>Wout de Natris, Joao Moreno<\/em><br \/><strong>Moderators:<\/strong> <em>Nicol\u00e1s Fiumarelli, Umut Pajaro Vel\u00e1squez and Phio Ti Lim<\/em><\/p><hr \/><p><strong>Keynote:<\/strong>Raquel Gatto<\/p><\/div><\/div>\n\t\t\t\t\t\t\t\t\t\t\t<\/td>\n\t\t\t\t\t\t\t\t\t\t\t\t\t\t\t\t\t\t\t\t\t\t\t\t\t\t<\/tr>\n\t\t\t        \t\t\t\t\t\t<tr>\n\t\t\t\t\t\t\t\t\t\t\t\t\t\t\t\t   \t\t\t\t\t\t\t\t\t\t\t<td colspan=\"\" rowspan=\"\" class=\"hora-tabla\" id=\"\">\n\t\t\t\t\t\t\t\t\t\t\t\t<div class=\"td-content-wrapper\"><div class=\"td-content\"><p><strong>11:30 a.m. to 1:30 p.m.<\/strong><\/p><\/div><\/div>\n\t\t\t\t\t\t\t\t\t\t\t<\/td>\n\t\t\t\t\t\t\t\t\t\t\t\t\t\t\t\t\t\t\t\t\t\t\t\t\t\t\t\t\t   \t\t\t\t\t\t\t\t\t\t\t<td colspan=\"\" rowspan=\"\" class=\"\" id=\"\">\n\t\t\t\t\t\t\t\t\t\t\t\t<div class=\"td-content-wrapper\"><div class=\"td-content\"><h2><strong>LACIGF Youth Initiatives in Latin America<\/strong><\/h2><ul><li style=\"font-weight: 400;\" aria-level=\"1\"><strong>Youth IGF Brazil:<\/strong> Marcelo de Oliveira<\/li><li style=\"font-weight: 400;\" aria-level=\"1\"><strong>Youth IGF Colombia:<\/strong><em> Laura Ramos and Benjamin Chong<\/em><\/li><li style=\"font-weight: 400;\" aria-level=\"1\"><strong>Youth IGF Nicaragua<\/strong>: <em>Cristina Morales Angulo<\/em><\/li><li style=\"font-weight: 400;\" aria-level=\"1\"><strong>IGF Venezuela and Help Networks:<\/strong> <em>David Aragort<\/em><\/li><li style=\"font-weight: 400;\" aria-level=\"1\"><strong>IGF Panama:<\/strong> <em>Abdias Zambrano<\/em><\/li><li style=\"font-weight: 400;\" aria-level=\"1\"><strong>Dominican Republic Internet Ambassadors:<\/strong> <em>Federica Tortorella<\/em><\/li><li style=\"font-weight: 400;\" aria-level=\"1\"><strong>IGF Argentina and Vituagora:<\/strong> <em>Augusto Mathurin<\/em><\/li><\/ul><\/div><\/div>\n\t\t\t\t\t\t\t\t\t\t\t<\/td>\n\t\t\t\t\t\t\t\t\t\t\t\t\t\t\t\t\t\t\t\t\t\t\t\t\t\t<\/tr>\n\t\t\t        \t\t\t\t\t\t<tr>\n\t\t\t\t\t\t\t\t\t\t\t\t\t\t\t\t   \t\t\t\t\t\t\t\t\t\t\t<td colspan=\"\" rowspan=\"\" class=\"hora-tabla\" id=\"\">\n\t\t\t\t\t\t\t\t\t\t\t\t<div class=\"td-content-wrapper\"><div class=\"td-content\"><p><strong>3:00 to 6:00 p.m.<\/strong><\/p><\/div><\/div>\n\t\t\t\t\t\t\t\t\t\t\t<\/td>\n\t\t\t\t\t\t\t\t\t\t\t\t\t\t\t\t\t\t\t\t\t\t\t\t\t\t\t\t\t   \t\t\t\t\t\t\t\t\t\t\t<td colspan=\"\" rowspan=\"\" class=\"\" id=\"\">\n\t\t\t\t\t\t\t\t\t\t\t\t<div class=\"td-content-wrapper\"><div class=\"td-content\"><h2 style=\"text-align: left;\"><strong><span style=\"color: #ba074c;\">NRIs:<\/span> Internet governance in Latin America and the Caribbean: progress, challenges, perspectives and experiences<\/strong><\/h2><\/div><\/div>\n\t\t\t\t\t\t\t\t\t\t\t<\/td>\n\t\t\t\t\t\t\t\t\t\t\t\t\t\t\t\t\t\t\t\t\t\t\t\t\t\t<\/tr>\n\t\t\t        \t\t\t    <\/tbody>\n\t\t\t<\/table>\n\t\t<\/div>\n\t  \t\t\t<\/div>\n\t\t\t\t<\/div>\n\t\t\t\t<div class=\"elementor-element elementor-element-e5b92e4 elementor-widget elementor-widget-text-editor\" data-id=\"e5b92e4\" data-element_type=\"widget\" data-widget_type=\"text-editor.default\">\n\t\t\t\t<div class=\"elementor-widget-container\">\n\t\t\t\t\t\t\t<p style=\"text-align: center;\"><em><span style=\"color: #117873;\"><b>DAY 1<\/b><\/span><br \/><b>Tuesday &#8211;\u00a0 October 25<\/b><\/em><\/p>\t\t\t\t\t\t<\/div>\n\t\t\t\t<\/div>\n\t\t\t\t<div class=\"elementor-element elementor-element-56636f4 eael-dt-th-align-mobile-center eael-table-align-center eael-dt-th-align-left elementor-widget elementor-widget-eael-data-table\" data-id=\"56636f4\" data-element_type=\"widget\" data-widget_type=\"eael-data-table.default\">\n\t\t\t\t<div class=\"elementor-widget-container\">\n\t\t\t<style>\n\t\t\t@media (max-width: 767px) {\n\t\t\t   #eael-data-table-56636f4.custom-responsive-option-enable .eael-data-table thead {\n                    display: none;\n                }\n               #eael-data-table-56636f4.custom-responsive-option-enable .eael-data-table tbody tr td {\n                    float: none;\n                    clear: left;\n                    width: 100%;\n                    text-align: left;\n                    display: flex;\n                    align-items: center;\n                }\n\t\t\t}\n\t\t\t<\/style>\t\t<div class=\"eael-data-table-wrap custom-responsive-option-enable\" data-table_id=\"56636f4\" id=\"eael-data-table-56636f4\" data-custom_responsive=\"true\">\n\t\t\t<table class=\"tablesorter eael-data-table center\" id=\"eael-data-table-56636f4\">\n\t\t\t    <thead>\n\t\t\t        <tr class=\"table-header\">\n\t\t\t\t\t\t\t\t\t            <th class=\"head-hora\" id=\"\" colspan=\"1\">\n\t\t\t\t\t\t\t\t\t\t\t\t\t\t<span class=\"data-table-header-text\">Time<br>(-3 UTC)<\/span><\/th>\n\t\t\t        \t\t\t\t            <th class=\"\" id=\"\" colspan=\"\">\n\t\t\t\t\t\t\t\t\t\t\t\t\t\t<span class=\"data-table-header-text\">Session <\/span><\/th>\n\t\t\t        \t\t\t\t        <\/tr>\n\t\t\t    <\/thead>\n\t\t\t  \t<tbody>\n\t\t\t\t\t\t\t\t\t\t\t<tr>\n\t\t\t\t\t\t\t\t\t\t\t\t\t\t\t\t   \t\t\t\t\t\t\t\t\t\t\t<td colspan=\"\" rowspan=\"\" class=\"hora-tabla\" id=\"\">\n\t\t\t\t\t\t\t\t\t\t\t\t<div class=\"td-content-wrapper\"><div class=\"td-content\"><p><strong>10:00 to 10:45 a.m.<\/strong><\/p><\/div><\/div>\n\t\t\t\t\t\t\t\t\t\t\t<\/td>\n\t\t\t\t\t\t\t\t\t\t\t\t\t\t\t\t\t\t\t\t\t\t\t\t\t\t\t\t\t   \t\t\t\t\t\t\t\t\t\t\t<td colspan=\"\" rowspan=\"\" class=\"\" id=\"\">\n\t\t\t\t\t\t\t\t\t\t\t\t<div class=\"td-content-wrapper\"><div class=\"td-content\"><h2><strong>Opening\u00a0<\/strong><\/h2><ul><li><em>Virginia Pardo<\/em>, AGESIC<\/li><li><em>Christian O\u2019Flaherty,<\/em> ISOC<\/li><li><em>Valeria Betancourt,<\/em> APC<\/li><li>Ra\u00fal Echeberr\u00eda, ALAI<br \/><br \/><\/li><li><strong>Moderator:<\/strong> Alejandra Erramuspe<\/li><\/ul><p><strong>+ Keynote<\/strong><\/p><\/div><\/div>\n\t\t\t\t\t\t\t\t\t\t\t<\/td>\n\t\t\t\t\t\t\t\t\t\t\t\t\t\t\t\t\t\t\t\t\t\t\t\t\t\t<\/tr>\n\t\t\t        \t\t\t\t\t\t<tr>\n\t\t\t\t\t\t\t\t\t\t\t\t\t\t\t\t   \t\t\t\t\t\t\t\t\t\t\t<td colspan=\"\" rowspan=\"\" class=\"hora-tabla\" id=\"\">\n\t\t\t\t\t\t\t\t\t\t\t\t<div class=\"td-content-wrapper\"><div class=\"td-content\"><p><strong>11:00 a.m. to 1:00 p.m.<\/strong><\/p><\/div><\/div>\n\t\t\t\t\t\t\t\t\t\t\t<\/td>\n\t\t\t\t\t\t\t\t\t\t\t\t\t\t\t\t\t\t\t\t\t\t\t\t\t\t\t\t\t   \t\t\t\t\t\t\t\t\t\t\t<td colspan=\"\" rowspan=\"\" class=\"\" id=\"\">\n\t\t\t\t\t\t\t\t\t\t\t\t<div class=\"td-content-wrapper\"><div class=\"td-content\"><h2 style=\"text-align: left;\"><strong><span style=\"color: #bb294b;\">Session 1:<\/span> <br \/>Towards meaningful connectivity for all: challenges, lessons and proposals from Latin America and the Caribbean<\/strong><\/h2><p>While the COVID-19 pandemic demonstrated the relevance of the internet for exercising fundamental rights, especially in extraordinary and emergency situations, it also exposed the persistent inequalities behind internet access figures in Latin America and the Caribbean. This session seeks to discuss challenges and progress in terms of connectivity in the region, as well as to develop proposals from the region under the Global Digital Compact framework, whose issues include the promotion of connection for all.<\/p><\/div><\/div>\n\t\t\t\t\t\t\t\t\t\t\t<\/td>\n\t\t\t\t\t\t\t\t\t\t\t\t\t\t\t\t\t\t\t\t\t\t\t\t\t\t<\/tr>\n\t\t\t        \t\t\t\t\t\t<tr>\n\t\t\t\t\t\t\t\t\t\t\t\t\t\t\t\t   \t\t\t\t\t\t\t\t\t\t\t<td colspan=\"\" rowspan=\"\" class=\"hora-tabla\" id=\"\">\n\t\t\t\t\t\t\t\t\t\t\t\t<div class=\"td-content-wrapper\"><div class=\"td-content\"><p><strong>3:00 to 5:00 p.m.<\/strong><\/p><\/div><\/div>\n\t\t\t\t\t\t\t\t\t\t\t<\/td>\n\t\t\t\t\t\t\t\t\t\t\t\t\t\t\t\t\t\t\t\t\t\t\t\t\t\t\t\t\t   \t\t\t\t\t\t\t\t\t\t\t<td colspan=\"\" rowspan=\"\" class=\"\" id=\"\">\n\t\t\t\t\t\t\t\t\t\t\t\t<div class=\"td-content-wrapper\"><div class=\"td-content\"><h2 style=\"text-align: left;\"><strong><span style=\"color: #bb294b;\">Session 2:<\/span><br \/>Protecting human rights in digital environments in Latin America and the Caribbean<\/strong><\/h2><p>In addition to being a right in and of itself, the internet enables the exercise of a set of rights. As States increasingly move towards the digitalization of essential services, internet access becomes key for the rights to education, protest, health, work and many others. On the other hand, censorship, surveillance, online violence\u2014especially towards historically excluded groups\u2014and the lack of relevant content in local languages, for example, make it difficult to exercise those rights. This session seeks to reflect on the progress in and challenges to the protection of human rights in digital environments in Latin America and the Caribbean. It will also attempt to map regional proposals on the subject for the Global Digital Compact.<\/p><\/div><\/div>\n\t\t\t\t\t\t\t\t\t\t\t<\/td>\n\t\t\t\t\t\t\t\t\t\t\t\t\t\t\t\t\t\t\t\t\t\t\t\t\t\t<\/tr>\n\t\t\t        \t\t\t    <\/tbody>\n\t\t\t<\/table>\n\t\t<\/div>\n\t  \t\t\t<\/div>\n\t\t\t\t<\/div>\n\t\t\t\t<div class=\"elementor-element elementor-element-d23946c elementor-widget elementor-widget-text-editor\" data-id=\"d23946c\" data-element_type=\"widget\" data-widget_type=\"text-editor.default\">\n\t\t\t\t<div class=\"elementor-widget-container\">\n\t\t\t\t\t\t\t<p style=\"text-align: center;\"><em><span style=\"color: #107063;\"><b>DAY 2<\/b><\/span><br \/><b>Wednesday &#8211; October 26<\/b><\/em><\/p>\t\t\t\t\t\t<\/div>\n\t\t\t\t<\/div>\n\t\t\t\t<div class=\"elementor-element elementor-element-8c5b121 eael-dt-th-align-mobile-center eael-table-align-center eael-dt-th-align-left elementor-widget elementor-widget-eael-data-table\" data-id=\"8c5b121\" data-element_type=\"widget\" data-widget_type=\"eael-data-table.default\">\n\t\t\t\t<div class=\"elementor-widget-container\">\n\t\t\t<style>\n\t\t\t@media (max-width: 767px) {\n\t\t\t   #eael-data-table-8c5b121.custom-responsive-option-enable .eael-data-table thead {\n                    display: none;\n                }\n               #eael-data-table-8c5b121.custom-responsive-option-enable .eael-data-table tbody tr td {\n                    float: none;\n                    clear: left;\n                    width: 100%;\n                    text-align: left;\n                    display: flex;\n                    align-items: center;\n                }\n\t\t\t}\n\t\t\t<\/style>\t\t<div class=\"eael-data-table-wrap custom-responsive-option-enable\" data-table_id=\"8c5b121\" id=\"eael-data-table-8c5b121\" data-custom_responsive=\"true\">\n\t\t\t<table class=\"tablesorter eael-data-table center\" id=\"eael-data-table-8c5b121\">\n\t\t\t    <thead>\n\t\t\t        <tr class=\"table-header\">\n\t\t\t\t\t\t\t\t\t            <th class=\"head-hora\" id=\"\" colspan=\"1\">\n\t\t\t\t\t\t\t\t\t\t\t\t\t\t<span class=\"data-table-header-text\">Time<br>(-3 UTC)<\/span><\/th>\n\t\t\t        \t\t\t\t            <th class=\"\" id=\"\" colspan=\"\">\n\t\t\t\t\t\t\t\t\t\t\t\t\t\t<span class=\"data-table-header-text\">Session <\/span><\/th>\n\t\t\t        \t\t\t\t        <\/tr>\n\t\t\t    <\/thead>\n\t\t\t  \t<tbody>\n\t\t\t\t\t\t\t\t\t\t\t<tr>\n\t\t\t\t\t\t\t\t\t\t\t\t\t\t\t\t   \t\t\t\t\t\t\t\t\t\t\t<td colspan=\"\" rowspan=\"\" class=\"hora-tabla\" id=\"\">\n\t\t\t\t\t\t\t\t\t\t\t\t<div class=\"td-content-wrapper\"><div class=\"td-content\"><p><strong>11:00 a.m. to <\/strong><strong>1:00 p.m.<\/strong><\/p><\/div><\/div>\n\t\t\t\t\t\t\t\t\t\t\t<\/td>\n\t\t\t\t\t\t\t\t\t\t\t\t\t\t\t\t\t\t\t\t\t\t\t\t\t\t\t\t\t   \t\t\t\t\t\t\t\t\t\t\t<td colspan=\"\" rowspan=\"\" class=\"\" id=\"\">\n\t\t\t\t\t\t\t\t\t\t\t\t<div class=\"td-content-wrapper\"><div class=\"td-content\"><h2 style=\"text-align: left;\"><strong><span style=\"color: #bb294b;\">Session 3:<\/span> <br \/>Myths and realities around data protection in Latin America and the Caribbean<\/strong><\/h2><p>Countries in Latin America and the Caribbean have made significant progress in the area of data protection in recent years. In the world's most unequal region, data protection frameworks are a key tool for promoting individual autonomy, while also representing an opportunity for economic development in the digital economy. However, the consolidation of regulatory frameworks is accompanied by implementation challenges not only institutionally, but also technically, along with seeking appropriate balance with other fundamental rights. This sessions aims to explore recent achievements in the region in the area of data protection; to identify good practices aligned with the context of the Global South; and to map the persistent challenges, seeking to make contributions to Global Digital Compact debates on the subject.<\/p><\/div><\/div>\n\t\t\t\t\t\t\t\t\t\t\t<\/td>\n\t\t\t\t\t\t\t\t\t\t\t\t\t\t\t\t\t\t\t\t\t\t\t\t\t\t<\/tr>\n\t\t\t        \t\t\t\t\t\t<tr>\n\t\t\t\t\t\t\t\t\t\t\t\t\t\t\t\t   \t\t\t\t\t\t\t\t\t\t\t<td colspan=\"\" rowspan=\"\" class=\"hora-tabla\" id=\"\">\n\t\t\t\t\t\t\t\t\t\t\t\t<div class=\"td-content-wrapper\"><div class=\"td-content\"><p><strong>3:00 to 5:00 p.m.<\/strong><\/p><\/div><\/div>\n\t\t\t\t\t\t\t\t\t\t\t<\/td>\n\t\t\t\t\t\t\t\t\t\t\t\t\t\t\t\t\t\t\t\t\t\t\t\t\t\t\t\t\t   \t\t\t\t\t\t\t\t\t\t\t<td colspan=\"\" rowspan=\"\" class=\"\" id=\"\">\n\t\t\t\t\t\t\t\t\t\t\t\t<div class=\"td-content-wrapper\"><div class=\"td-content\"><h2 style=\"text-align: left;\"><strong><span style=\"color: #bb294b;\">Session 4:<\/span> <br \/>Who oversees the Internet? Responsibility for misleading content: reflections from Latin America and the Caribbean<\/strong><\/h2><p>Countries in Latin America and the Caribbean are increasingly affected by online disinformation: electoral or democratic decision processes have been affected by fake news that takes over public debate, often distancing it from key discussions of public interest. Sometimes promoted by government or economic authorities, or by organized hate groups, disinformation has also been used as a mechanism to discredit certain voices or speech,<br \/>which currently represents one of the main concerns in regulating the internet. The session will address the problems stemming from the fight against misleading online content and behavior, exploring attempts by\u2014and the limitations of\u2014public and private initiatives to control disinformation in the region. Participants will seek to reach consensus to contribute to the Global Digital Compact process.<\/p><\/div><\/div>\n\t\t\t\t\t\t\t\t\t\t\t<\/td>\n\t\t\t\t\t\t\t\t\t\t\t\t\t\t\t\t\t\t\t\t\t\t\t\t\t\t<\/tr>\n\t\t\t        \t\t\t\t\t\t<tr>\n\t\t\t\t\t\t\t\t\t\t\t\t\t\t\t\t   \t\t\t\t\t\t\t\t\t\t\t<td colspan=\"\" rowspan=\"\" class=\"hora-tabla\" id=\"\">\n\t\t\t\t\t\t\t\t\t\t\t\t<div class=\"td-content-wrapper\"><div class=\"td-content\"><p><strong>5:00 to 5:30 p.m.<\/strong><\/p><\/div><\/div>\n\t\t\t\t\t\t\t\t\t\t\t<\/td>\n\t\t\t\t\t\t\t\t\t\t\t\t\t\t\t\t\t\t\t\t\t\t\t\t\t\t\t\t\t   \t\t\t\t\t\t\t\t\t\t\t<td colspan=\"\" rowspan=\"\" class=\"\" id=\"\">\n\t\t\t\t\t\t\t\t\t\t\t\t<div class=\"td-content-wrapper\"><div class=\"td-content\"><h2 style=\"text-align: left;\"><strong>Closing<\/strong><\/h2><ul><li><em>Jamila Venturini<\/em>, Derechos Digitales<\/li><li><em>Ignacio Estrada<\/em>, LACNIC<\/li><\/ul><\/div><\/div>\n\t\t\t\t\t\t\t\t\t\t\t<\/td>\n\t\t\t\t\t\t\t\t\t\t\t\t\t\t\t\t\t\t\t\t\t\t\t\t\t\t<\/tr>\n\t\t\t        \t\t\t    <\/tbody>\n\t\t\t<\/table>\n\t\t<\/div>\n\t  \t\t\t<\/div>\n\t\t\t\t<\/div>\n\t\t\t\t\t<\/div>\n\t\t<\/div>\n\t\t\t\t\t\t\t<\/div>\n\t\t<\/section>\n\t\t\t\t\t\t\t<\/div>\n\t\t","protected":false},"excerpt":{"rendered":"<p>SAVE THE DATE&#8212;-Online \/ 24-26 October 2022 public consultation LACIGF15 opens public consultation to the Latin American and Caribbean Internet Governance community to identify priority issues for the region. The consultation will be open until August 28th and will define the themes of the LACIGF15 program, to be held online between October 24 and 26 [&hellip;]<\/p>\n","protected":false},"author":4,"featured_media":0,"parent":0,"menu_order":0,"comment_status":"closed","ping_status":"closed","template":"","meta":{"footnotes":""},"_links":{"self":[{"href":"https:\/\/eventos.lacigf.org\/en\/wp-json\/wp\/v2\/pages\/1863"}],"collection":[{"href":"https:\/\/eventos.lacigf.org\/en\/wp-json\/wp\/v2\/pages"}],"about":[{"href":"https:\/\/eventos.lacigf.org\/en\/wp-json\/wp\/v2\/types\/page"}],"author":[{"embeddable":true,"href":"https:\/\/eventos.lacigf.org\/en\/wp-json\/wp\/v2\/users\/4"}],"replies":[{"embeddable":true,"href":"https:\/\/eventos.lacigf.org\/en\/wp-json\/wp\/v2\/comments?post=1863"}],"version-history":[{"count":112,"href":"https:\/\/eventos.lacigf.org\/en\/wp-json\/wp\/v2\/pages\/1863\/revisions"}],"predecessor-version":[{"id":2550,"href":"https:\/\/eventos.lacigf.org\/en\/wp-json\/wp\/v2\/pages\/1863\/revisions\/2550"}],"wp:attachment":[{"href":"https:\/\/eventos.lacigf.org\/en\/wp-json\/wp\/v2\/media?parent=1863"}],"curies":[{"name":"wp","href":"https:\/\/api.w.org\/{rel}","templated":true}]}}