{"id":117,"date":"2019-04-05T13:18:44","date_gmt":"2019-04-05T16:18:44","guid":{"rendered":"https:\/\/eventos.lacigf.org\/lacigf-12\/"},"modified":"2019-10-22T11:05:21","modified_gmt":"2019-10-22T14:05:21","slug":"lacigf-12","status":"publish","type":"page","link":"https:\/\/eventos.lacigf.org\/en\/lacigf-12\/","title":{"rendered":"LACIGF 12"},"content":{"rendered":"\n<p>LACIGF 12 will be held from August 6 to 8, 2019.<\/p>\n\n\n<p>&nbsp;<\/p>\n\n\n<p>The meeting will be hosted by ISOC Bolivia Chapter and will take place at the Casa Grande Hotel, located in Calle 16 N\u00ba8009, Calacoto, La Paz, Bolivia.<\/p>\n\n\n<div id=\"tabs\" class=\"tabsAgotamiento open-window-1\">\n<ul>\n<li><a href=\"#tabs-1\">Agenda<\/a><\/li>\n<li><a href=\"#tabs-2\">Accommodation<\/a><\/li>\n<li><a href=\"#tabs-3\">Media<\/a><\/li>\n<li><a href=\"#tabs-4\">General information<\/a><\/li>\n<li><a href=\"#tabs-5\">Parallel Activities<\/a><\/li>\n<\/ul>\n<div id=\"tabs-1\">\n<table width=\"100%\" style=\"margin:30px 0 0 0;\">\n<tbody>\n<tr>\n<td style=\"text-align:center; vertical-align:middle;\">\nRapporteurships and translations by:<br><img decoding=\"async\" loading=\"lazy\" class=\"size-full wp-image-649 aligncenter\" src=\"https:\/\/eventos.lacigf.org\/wp-content\/uploads\/2019\/10\/lacigf12.png\" alt=\"\" width=\"304\" height=\"100\" srcset=\"https:\/\/eventos.lacigf.org\/wp-content\/uploads\/2019\/10\/lacigf12.png 304w, https:\/\/eventos.lacigf.org\/wp-content\/uploads\/2019\/10\/lacigf12-300x99.png 300w\" sizes=\"(max-width: 304px) 100vw, 304px\" \/>\n<\/td>\n<\/tr>\n<\/tbody>\n<\/table>\n<h2>Monday 5<\/h2>\n<table id=\"agenda\" width=\"100%\" cellspacing=\"0\" cellpadding=\"0\">\n<tbody>\n<tr>\n<td width=\"10%\">18:00 \u2013 19:00<\/td>\n<td width=\"80%\">Session for Newcomers<\/td>\n<td width=\"10%\">Meeting room 1-2<\/td>\n<td width=\"10%\">&nbsp;<\/td>\n<\/tr>\n<\/tbody>\n<\/table>\n<h2>Tuesday 6<\/h2>\n<table id=\"agenda\" width=\"100%\" cellspacing=\"0\" cellpadding=\"0\">\n<tbody>\n<tr>\n<td width=\"10%\">8:00 &#8211; 9:00<\/td>\n<td width=\"80%\">LACIGF Registration<\/td>\n<td width=\"10%\">&nbsp;<\/td>\n<td width=\"10%\">&nbsp;<\/td>\n<\/tr>\n<tr>\n<td>9:00 &#8211; 9:30<\/td>\n<td>\n<p>Opening Ceremony<\/p>\n<ul>\n<li>Representative of the Local Organizer: Roberto Zambrana<\/li>\n<li>Representative of the LACIGF Program Committee: Andr\u00e9s Sastre &#8211; ASIET<\/li>\n<li>President of the City Council &#8211; Andrea Cornejo Vargas<\/li>\n<li>Mr Vice Minister of Telecommunications of Bolivia: Iv\u00e1n Zambrana<\/li>\n<\/ul>\n<\/td>\n<td><a href=\"https:\/\/youtu.be\/Pk_N-Y0nV8w\">Video<\/a><\/td>\n<td><a href=\"https:\/\/eventos.lacigf.org\/wp-content\/uploads\/2019\/10\/lacigf12-0-apertura-en.pdf\">Report<\/a><\/td>\n<\/tr>\n<tr>\n<td>9:30 &#8211; 11:00<\/td>\n<td>\n<p>Session No. 1 \u2013 Human Rights \u2013 Freedom of Expression on the Internet<\/p>\n<ul>\n<li>Carlos Cort\u00e9s &#8211; Linterna Verde (Civil sector)<\/li>\n<li>Esteban Lescano &#8211; CABASE (Private sector)<\/li>\n<li>Mar\u00eda Cristina Capelo &#8211; Facebook (Private sector)<\/li>\n<li>Thiago Tavares &#8211; CGI (Technical community)<\/li>\n<li>Miguel Candia &#8211; MRE.py (Government)<\/li>\n<\/ul>\n<p>Moderator: Ana Bizberge &#8211; Observacom<\/p>\n<p>Rapporteur: Federico Rodr\u00edguez Hormaechea, YouthIGF Uruguay \/ Marieliv Flores &#8211; Hiperderecho<\/p>\n<p>Remote moderation: Alfredo Velazco &#8211; Usuarios Digitales<\/p>\n<\/td>\n<td><a href=\"https:\/\/youtu.be\/aS3TCcZHmcc\">Video<\/a><\/td>\n<td><a href=\"https:\/\/eventos.lacigf.org\/wp-content\/uploads\/2019\/10\/lacigf12-1-en.pdf\">Report<\/a><\/td>\n<\/tr>\n<tr id=\"break\">\n<td id=\"\">11:00 &#8211; 11:30<\/td>\n<td colspan=\"3\">Coffee Break<\/td>\n<\/tr>\n<tr>\n<td>11:30 &#8211; 13:00<\/td>\n<td>Session No. 2 \u2013 Surveillance Technologies in Our Region: A View on How to Work towards a Safer Digital Environment Based on Experience and Practice<p><\/p>\n<p><\/p>\n<p>Section 1 &#8211; Panel<\/p>\n<p>Moderator: Martha Tudon &#8211; Art\u00edculo 19<\/p>\n<p>Speakers:<\/p>\n<ul>\n<li>Daniela Mac\u00edas &#8211; DINARDAP Ecuador, Sector Gobiernos<\/li>\n<li>Daniela Alvarado &#8211; IPYS Venezuela, Sociedad Civil<\/li>\n<li>L\u00eda Hern\u00e1ndez &#8211; IPANDETEC, Sociedad Civil<\/li>\n<\/ul>\n<p>Rapporteur: Cristina Morales &#8211; IPANDETEC<\/p>\n<p>Remote moderator: Maria Paz Canales<\/p>\n<p>Section 2 &#8211; Working groups<\/p>\n<ul>\n<li>Rogelio L\u00f3pez &#8211; Access Now: Evaluando nuestras pr\u00e1cticas de seguridad digital anti vigilancia: cuando el juego se hace verdadero<\/li>\n<li>Pablo Arcuri &#8211; Internews: Mitos y realidades de la mensajer\u00eda instant\u00e1nea: WhatsApp, Signal, Telegram&#8230;\u00bfqu\u00e9 debo usar para que mis comunicaciones sean seguras?<\/li>\n<li>Juliana Guerra &#8211; Derechos Digitales\/Ciberseguras: Tus tecnolog\u00edas, tus decisiones. Metodolog\u00edas basadas en las decisiones conscientes e informadas<\/li>\n<\/ul>\n<\/td>\n<td><a href=\"https:\/\/youtu.be\/Y8nHHLkBb34\">Video<\/a><\/td>\n<td><a href=\"https:\/\/eventos.lacigf.org\/wp-content\/uploads\/2019\/10\/lacigf12-2-en.pdf\">Report<\/a><\/td>\n<\/tr>\n<tr id=\"break\">\n<td>13:00 &#8211; 14:30<\/td>\n<td colspan=\"3\">Lunch &#8211; Margarita restaurant: Av. S\u00e1nchez Bustamante between 16th &amp; 17th street &#8211;&gt; <a href=\"https:\/\/goo.gl\/maps\/WTWbBKNGcosUoSQt7\" target=\"_blank\" rel=\"noopener noreferrer\">location<\/a><\/td>\n<\/tr>\n<tr>\n<td>14:30 \u2013 16:00<\/td>\n<td>Session No. 3 \u2013 Regional Governance Initiatives \u2013 NRIs: Progress and Challenges in Governance Discussions in LAC<p><\/p>\n<p>Moderator: Kevon Swift<\/p>\n<p>Speakers:<\/p>\n<ul>\n<li>Susana Chaves<\/li>\n<li>Jacqueline Morris<\/li>\n<li>Julian Casasbuenas<\/li>\n<li>Fl\u00e1vio Wagner<\/li>\n<li>Guilherme Alves<\/li>\n<\/ul>\n<\/td>\n<td><a href=\"https:\/\/youtu.be\/Qd9MC_lmjl0\">Video<\/a><\/td>\n<td><a href=\"https:\/\/eventos.lacigf.org\/wp-content\/uploads\/2019\/10\/lacigf12-3-en.pdf\">Report<\/a><\/td>\n<\/tr>\n<tr id=\"break\">\n<td>16:00 &#8211; 16:30<\/td>\n<td colspan=\"3\">Coffee Break<\/td>\n<\/tr>\n<tr>\n<td>16:30 \u2013 18:00<\/td>\n<td>Session No. 4 &#8211; The Future of Internet Governance<p><\/p>\n<p>PART I &#8211; Perspectives on the Future of Internet Governance (panel &#8211; 30 min)<\/p>\n<p>In June 2019, the High-Level Panel on Digital Cooperation (digitalcooperation.org) presented its report titled \u201cThe Age of Digital Interdependence\u201d where it illustrates the interconnected nature of digital technology and its impact on policy and offers five recommendations to favor our common digital future.<\/p>\n<p>This group \u2014 HLPDC \u2014 was established by the UN Secretary General in 2018 to help provide solutions on how global society should deal with the challenges and opportunities afforded by new technologies.<\/p>\n<p>The report this panel has prepared sets a valuable basis for the global discussion on which governance structures and mechanisms are the most appropriate for the future.<\/p>\n<p>Latin America and the Caribbean cannot be absent from this debate which, among other issues, addresses the future of the Global Internet Governance Forum (IGF) and what its evolution should look like.<\/p>\n<p>The purpose of this panel is to kickstart a debate \u2014a debate that should continue even after the LACIGF meeting \u2014 for building capacity and critical mass in the region so that regional stakeholders will be able to make their voices heard in the global debate.<\/p>\n<p>Moderator: Ra\u00fal Echeberr\u00eda<\/p>\n<p>Panelists:<\/p>\n<ul>\n<li>Chengetai Masango (IGF)<\/li>\n<li>Andres Piazza<\/li>\n<li>Jackeline Morris (End Users)<\/li>\n<li>Sebasti\u00e1n Bellagamba (ISOC)<\/li>\n<li>Fl\u00e1via Lefevre (CGI.br)<\/li>\n<li>Adela Goberna (ALAI)<\/li>\n<\/ul>\n<p>PART II \u2013 Perspectives on the Future of LACIGF (Keynote) + Open Microphone<\/p>\n<p>An open consultation process on the present and future of LACIGF was initiated two months ago. This process has resulted in the recent publication of a report by Ra\u00fal Echeberr\u00eda, where he presents the conclusions of the consultation, a diagnosis on the current reality of LACIGF, and recommendations on how to adapt LACIGF to the challenges of the moment.<\/p>\n<p>The goals of this panel are to continue the discussion of the results presented in the report and to begin outlining future actions for implementing those changes that achieve greater consensus among the community.<\/p>\n<p>Because the two parts of this session are strongly related, it is expected that both discussions will feed off each other.<\/p>\n<p>Presenter and Moderator: Ra\u00fal Echeberr\u00eda<\/p>\n<\/td>\n<td><a href=\"https:\/\/youtu.be\/NEixgkGamV8\">Video<\/a><\/td>\n<td>\n<p>Report<\/p>\n<p><a href=\"https:\/\/eventos.lacigf.org\/wp-content\/uploads\/2019\/10\/lacigf12-4-1-en.pdf\">part 1<\/a><\/p>\n<p><a href=\"https:\/\/eventos.lacigf.org\/wp-content\/uploads\/2019\/10\/lacigf12-4-2-en.pdf\">part 2<\/a><\/p>\n<\/td>\n<\/tr>\n<tr id=\"social\">\n<td>19:00<\/td>\n<td colspan=\"3\"><strong>Welcome cocktail<\/strong><p><\/p>\n<p><em>Japanese Garden<\/em><\/p>\n<ul>\n<li>Av Ballivi\u00e1n &amp; Calle 8, La Paz, Bolivia.<\/li>\n<li>Transportation: buses departure from Casa Grande Hotel at 6:30 pm.<\/li>\n<li><a href=\"https:\/\/www.google.com\/maps\/place\/Jard\u00edn+Japones\/@-16.5403234,-68.0919278,17.47z\/data=!4m12!1m6!3m5!1s0x915f21264906e231:0x5633e1de30575f00!2sJard\u00edn+Japones!8m2!3d-16.5408774!4d-68.0919991!3m4!1s0x915f21264906e231:0x5633e1de30575f00!8m2!3d-16.5408774!4d-68.0919991\" target=\"_blank\" rel=\"noopener noreferrer\">Map location<\/a><\/li>\n<\/ul>\n<\/td>\n<\/tr>\n<\/tbody>\n<\/table>\n<h2>Wednesday 7<\/h2>\n<table id=\"agenda\" width=\"100%\" cellspacing=\"0\" cellpadding=\"0\">\n<tbody>\n<tr>\n<td width=\"10%\">08:00 \u2013 09:00<\/td>\n<td width=\"80%\">LACIGF Registration<\/td>\n<td width=\"10%\">&nbsp;<\/td>\n<td width=\"10%\">&nbsp;<\/td>\n<\/tr>\n<tr>\n<td>09:00 \u2013 09:30<\/td>\n<td>Present and Future of the Internet Governance<p><\/p>\n<p>Keynote: Chengetai Masango, Jefe de la Secretar\u00eda del Foro de Gobernanza de Internet.<\/p>\n<\/td>\n<td>Gran sal\u00f3n<\/td>\n<td><a href=\"https:\/\/eventos.lacigf.org\/wp-content\/uploads\/2019\/10\/lacigf12-presentefuturogob-en.pdf\">Report<\/a><\/td>\n<\/tr>\n<tr>\n<td>09:30 \u2013 11:00<\/td>\n<td>Session No. 5 \u2013 PRIVATE SECTOR &#8211; Digitization and Productive Transformation: Driving Economic Development Through ICTs<p><\/p>\n<p>Speakers:<\/p>\n<ul>\n<li>Fernando Rojas, CEPAL<\/li>\n<li>Pamela Gonzales, Bolivia TechHub<\/li>\n<li>Juan Pablo Vial, Gobierno Chile<\/li>\n<li>Ver\u00f3nica Arroyo, Access Now<\/li>\n<\/ul>\n<p>Moderator: Alejandra Erramuspe &#8211; Uruguay<\/p>\n<\/td>\n<td><a href=\"https:\/\/youtu.be\/_SVukPHVUPk\">Video<\/a><\/td>\n<td><a href=\"https:\/\/eventos.lacigf.org\/wp-content\/uploads\/2019\/10\/lacigf12-5-en.pdf\">Report<\/a><\/td>\n<\/tr>\n<tr id=\"break\">\n<td>11:00 \u2013 11:30<\/td>\n<td colspan=\"3\">Coffee Break<\/td>\n<\/tr>\n<tr>\n<td>11:30 &#8211; 13:00<\/td>\n<td>\n<p>Session No. 6 &#8211; Internet Access \u2013 The Challenge of Connecting the Unconnected in the Short Term:<\/p>\n<ul>\n<li>Public Policies that Promote the Deployment of Infrastructure and Investment<\/li>\n<li>New Connectivity Models for Rural and Marginalized Areas (Community Networks)<\/li>\n<li>Rethinking the Regulatory Model for Reaching These Unconnected Areas<\/li>\n<li>The Internet for All: Advancing towards the Inclusion of the Elderly, Persons with Physical Disabilities and the Differently-Abled<\/li>\n<\/ul>\n<p>Moderator: Valeria Betancourt (APC)<\/p>\n<p>Opening remarks:<\/p>\n<ul>\n<li>Maria Cristina Capello \/ Facebook<\/li>\n<li>Karla Velasco &#8211; REDES A.C<\/li>\n<\/ul>\n<p>Panelists:<\/p>\n<ul>\n<li>Natalia Quevedo Gonz\u00e1lez, Comisi\u00f3n de Regulaci\u00f3n de Comunicaciones (CRC)<\/li>\n<li>Eduardo Tom\u00e9, ISOC Honduras<\/li>\n<li>Andr\u00e9s Sastre, ASIET<\/li>\n<li>Juli\u00e1n Casasbuenas, Colnodo, Colombia<\/li>\n<\/ul>\n<\/td>\n<td><a href=\"https:\/\/youtu.be\/eJ3JthbiDPc\">Video<\/a><\/td>\n<td><a href=\"https:\/\/eventos.lacigf.org\/wp-content\/uploads\/2019\/10\/lacigf12-6-en.pdf\">Report<\/a><\/td>\n<\/tr>\n<tr id=\"break\">\n<td>13:00 \u2013 14:30<\/td>\n<td colspan=\"3\">Lunch &#8211; Margarita restaurant: Av. S\u00e1nchez Bustamante between 16th &amp; 17th street &#8211;&gt; <a href=\"https:\/\/goo.gl\/maps\/WTWbBKNGcosUoSQt7\" target=\"_blank\" rel=\"noopener noreferrer\">location<\/a><\/td>\n<\/tr>\n<tr>\n<td>14:30 \u2013 16:00<\/td>\n<td>Session No. 7 &#8211; INTERSECTORAL THEME \u2013 GOVERNMENT SECTOR: Internet and Jurisdiction. The importance of the protection of rights online, in the public and private spheres.<p><\/p>\n<p>Presentations<\/p>\n<ul>\n<li>Government representative: Miguel Candia (Paraguay)<\/li>\n<li>Civil Society representative: Katitza Rodriguez (EFF)<\/li>\n<li>Government representative: Lorena Naranjo (Ecuador)<\/li>\n<\/ul>\n<p>Moderators: Miguel Candia \/ Juan Pablo Vial \/ Alejandra Erramuspe<\/p>\n<\/td>\n<td><a href=\"https:\/\/youtu.be\/0EXDt6M6kv0\">Video<\/a><\/td>\n<td><a href=\"https:\/\/eventos.lacigf.org\/wp-content\/uploads\/2019\/10\/lacigf12-7-en.pdf\">Report<\/a><\/td>\n<\/tr>\n<tr id=\"break\">\n<td>16:00 \u2013 16:30<\/td>\n<td colspan=\"3\">Coffee Break<\/td>\n<\/tr>\n<tr>\n<td>16:30 \u2013 18:00<\/td>\n<td>Session No. 8 \u2013 Fragmentation of the Internet: Protecting Encryption and Anonymous Communications<p><\/p>\n<ul>\n<li>Mar\u00eda Cristina Capelo &#8211; Facebook<\/li>\n<li>Katitza Rodr\u00edguez (EFF)<\/li>\n<li>Ang\u00e9lica Contreras (FemHackPartyLAC)<\/li>\n<li>Nath\u00e1lia Sautchuk (ISOC Cap BR)<\/li>\n<\/ul>\n<p>Moderator: Adela Goberna &#8211; ALAI<\/p>\n<p>Remote moderation: Israel Rosas (ISOC)<\/p>\n<\/td>\n<td><a href=\"https:\/\/youtu.be\/8TJIzVp_yjE\">Video<\/a><\/td>\n<td><a href=\"https:\/\/eventos.lacigf.org\/wp-content\/uploads\/2019\/10\/lacigf12-8-en.pdf\">Report<\/a><\/td>\n<\/tr>\n<\/tbody>\n<\/table>\n<h2>Thursday 8<\/h2>\n<table id=\"agenda\" width=\"100%\" cellspacing=\"0\" cellpadding=\"0\">\n<tbody>\n<tr>\n<td width=\"10%\">08:30 \u2013 09:00<\/td>\n<td width=\"80%\">LACIGF Registration<\/td>\n<td width=\"10%\">&nbsp;<\/td>\n<td width=\"10%\">&nbsp;<\/td>\n<\/tr>\n<tr>\n<td>09:00 \u2013 11:00<\/td>\n<td>Session No. 9 \u2013 INTERSECTORAL THEME \u2013 TECHNICAL COMMUNITY: Internet security under a multi-participatory approach: different realities, common challenges and convergent tools<p><\/p>\n<p>Introduction: Ernesto Maj\u00f3 (LACNIC)<\/p>\n<ul>\n<li>General moderator: Ernesto Boj\u00f3rquez (LACTLD)<\/li>\n<li>Technical community moderator: Sebasti\u00e1n Bellagamba (ISOC)<\/li>\n<li>Private sector moderator: Andres Sastre (ASIET)<\/li>\n<li>Government sector moderator: Alejandra Erramuspe (AGESIC)<\/li>\n<li>Civil society moderator: Valeria Betancourt (APC)<\/li>\n<li>Remote moderator: Ver\u00f3nica Arroyo (Youth Observatory)<\/li>\n<\/ul>\n<p>Rapporteur: Juliana Novaes \/ Matheus Figueiredo Lima (Youth Observatory)<\/p>\n<\/td>\n<td><a href=\"https:\/\/youtu.be\/wlipzllXLxo\">Video<\/a><\/td>\n<td><a href=\"https:\/\/eventos.lacigf.org\/wp-content\/uploads\/2019\/10\/lacigf12-9-en.pdf\">Report<\/a><\/td>\n<\/tr>\n<tr id=\"break\">\n<td>11:00 \u2013 11:30<\/td>\n<td colspan=\"3\">Coffee Break<\/td>\n<\/tr>\n<tr>\n<td>11:30 &#8211; 13:00<\/td>\n<td>Session No. 10 \u2013 Cybersecurity and Cyber-Defense: Current Reality and How to Increase the Resilience of Our Societies for the Future<p><\/p>\n<p>Moderator: Ernesto Boj\u00f3rquez &#8211; Presidente LACTLD<\/p>\n<p>Speakers:<\/p>\n<ul>\n<li>L\u00eda Sol\u00eds &#8211; ISOC Bolivia, Comunidad T\u00e9cnica<\/li>\n<li>Maryleana M\u00e9ndez, secretaria ejecutiva ASIET, Sector Privado<\/li>\n<li>Carlos Guerrero, Hiperderecho, Sociedad Civil<\/li>\n<li>Lorena Naranjo, DINARDAP Ecuador, Sector Gobiernos<\/li>\n<\/ul>\n<p>Rapporteur: Gaspar Pisanu &#8211; Access Now<\/p>\n<\/td>\n<td><a href=\"https:\/\/youtu.be\/fIN3dDH7FzI\">Video<\/a><\/td>\n<td><a href=\"https:\/\/eventos.lacigf.org\/wp-content\/uploads\/2019\/10\/lacigf12-10-en.pdf\">Report<\/a><\/td>\n<\/tr>\n<tr id=\"break\">\n<td>13:00 \u2013 14:30<\/td>\n<td colspan=\"3\">Lunch &#8211; Margarita restaurant: Av. S\u00e1nchez Bustamante between 16th &amp; 17th street &#8211;&gt; <a href=\"https:\/\/goo.gl\/maps\/WTWbBKNGcosUoSQt7\" target=\"_blank\" rel=\"noopener noreferrer\">location<\/a><\/td>\n<\/tr>\n<tr>\n<td>14:30 \u2013 16:00<\/td>\n<td>Session No. 11 \u2013 LOCAL Session: The Impact of the Multistakeholder Approach on Internet Governance in Bolivia<p><\/p>\n<p>Moderator: Roberto Zambrana &#8211; ISOC Bolivia<\/p>\n<p>Speakers:<\/p>\n<ul>\n<li>Eduardo Trigo &#8211; Gerente General de la C\u00e1mara de Telecomunicaciones de Bolivia (sector privado)<\/li>\n<li>L\u00eda Sol\u00eds &#8211; NOG Bolivia (Comunidad t\u00e9cnica)<\/li>\n<li>Iv\u00e1n Zambrana &#8211; Viceministro de Telecomunicaciones (Gobierno)<\/li>\n<li>Rosa Flores &#8211; Vicedecana de la Facultad de Ciencias Puras y Naturales de la Universidad Mayor de San Andr\u00e9s (Academia)<\/li>\n<\/ul>\n<p>Rapporteur: Maribel Garay<\/p>\n<\/td>\n<td><a href=\"https:\/\/youtu.be\/AGJa2LYKUKU\">Video<\/a><\/td>\n<td><a href=\"https:\/\/eventos.lacigf.org\/wp-content\/uploads\/2019\/10\/lacigf12-11-en.pdf\">Report<\/a><\/td>\n<\/tr>\n<tr id=\"break\">\n<td>16:00 \u2013 16:30<\/td>\n<td colspan=\"3\">Coffee Break<\/td>\n<\/tr>\n<tr>\n<td>16:30 \u2013 18:00<\/td>\n<td>Session No. 12 &#8211; Automated Decision-Making and Artificial Intelligence: How Is the Region Preparing?<p><\/p>\n<p>Moderator: Mar\u00eda Paz Canales &#8211; Derechos Digitales<\/p>\n<p>Speakers:<\/p>\n<ul>\n<li>Estelle Mass\u00e9 &#8211; Access Now (Sociedad Civil)<\/li>\n<li>Javier Barreiro, Director de Tecnolog\u00eda de Agesic, Uruguay (Sector Gobiernos)<\/li>\n<li>Pollyanna Rigon Valente &#8211; Youth Observatory (Comunidad T\u00e9cnica)<\/li>\n<li>Paula Vargas, Facebook (Sector Privado)<\/li>\n<\/ul>\n<p>Rapporteur: Federico Rodr\u00edguez Hormaechea, YouthIGF Uruguay \/ Sof\u00eda Bustos &#8211; Fundaci\u00f3n Datos Protegidos<\/p>\n<\/td>\n<td><a href=\"https:\/\/youtu.be\/UaAiR15grsU\">Video<\/a><\/td>\n<td><a href=\"https:\/\/eventos.lacigf.org\/wp-content\/uploads\/2019\/10\/lacigf12-12-en.pdf\">Report<\/a><\/td>\n<\/tr>\n<tr>\n<td>18:00 \u2013 18:30<\/td>\n<td>Closing Ceremony<p><\/p>\n<p>Luis Revilla, Mayor of La Paz<\/p>\n<p>President of the City Council &#8211; Andrea Cornejo Vargas<\/p>\n<\/td>\n<td><a href=\"https:\/\/youtu.be\/BJvkU6CoAuc\">Video<\/a><\/td>\n<td><a href=\"https:\/\/eventos.lacigf.org\/wp-content\/uploads\/2019\/10\/lacigf12-clausura-en.pdf\">Report<\/a><\/td>\n<\/tr>\n<\/tbody>\n<\/table>\n<\/div>\n<div id=\"tabs-2\">\n<h2>Casa Grande Hotel LACIGF 12 Venue<\/h2>\n<p>Address: Street 16 N\u00ba8009, Calacoto, La Paz, Bolivia.<\/p>\n<ul>\n<li>Phone number: +<a href=\"tel:591-2-2774000\">591-2-2774000<\/a><\/li>\n<li>WhatsApp:&nbsp;<a href=\"http:\/\/wa.me\/59162478000\">+591-62478000<\/a><\/li>\n<li>Website: &nbsp;<a href=\"https:\/\/www.casa-grande-hotel.com\/es\/\">https:\/\/www.casa-grande-hotel.com\/es\/<\/a><\/li>\n<\/ul>\n<ul>\n<li>Nearest airport: Aeropuerto Internacional El Alto<\/li>\n<li>Web: <a href=\"http:\/\/www.sabsa.aero\/\">http:\/\/www.sabsa.aero\/<\/a><\/li>\n<li>Phone number: +591 2 2157300<\/li>\n<\/ul>\n<p><strong>Rooms<\/strong><\/p>\n<ul>\n<li>Ejecutive King (Simple\/Mat): USD 153 per night.<\/li>\n<li>Ejecutive Doble (Double):&nbsp; USD 173 per night.<\/li>\n<li>Deluxe King (Simple\/Mat):&nbsp; USD 183 per night.<\/li>\n<\/ul>\n<p><strong>Rates include<\/strong><\/p>\n<ul>\n<li>American buffet breakfast<\/li>\n<li>WIFI<\/li>\n<li>Gym access<\/li>\n<\/ul>\n<p><strong>Check-in\/Check-out<\/strong><\/p>\n<ul>\n<li>Check-in is at 1:00 pm and check-out is at 12:0\u222b0 am.<\/li>\n<\/ul>\n<p>Reservations: <a href=\"mailto:hotel@casa-grande.com.bo\">hotel@casa-grande.com.bo<\/a><\/p>\n<p>To take advantage of the corporate rate, please mention you are attending the LACIGF 12 event.<\/p>\n<p><strong>Transfers<\/strong><\/p>\n<p>If you want to be contacted for transfer options from the airport, share your arrival information in this form: <a href=\"https:\/\/isoc.bo\/vuelo-lacigf\/\">https:\/\/isoc.bo\/vuelo-lacigf\/<\/a><\/p>\n<p><\/p>\n<h2>Suggested hotels near the event venue<\/h2>\n<h3>ATIX Hotel<\/h3>\n<p>Address: Street 16 N\u00ba 8052, between Julio Pati\u00f1o and S\u00e1nchez Bustamante.<\/p>\n<ul>\n<li>Distance to the venue hotel: 20 meters (across the street).<\/li>\n<li>Phone number: (+591) 7-8961200<\/li>\n<li>Web: <a href=\"http:\/\/www.atixhotel.com\/\">http:\/\/www.atixhotel.com\/<\/a><\/li>\n<\/ul>\n<p><strong>Rooms<\/strong><\/p>\n<ul>\n<li>Standard: USD 120 per night.<\/li>\n<li>Superior: USD 129 per night.<\/li>\n<li>Superior Double: USD 137 per night.<\/li>\n<li>Deluxe: USD 146 per night.<\/li>\n<\/ul>\n<p>Reservations: Alejandra Arispe <a href=\"mailto:aarispe@atixhotel.com\">aarispe@atixhotel.com<\/a><\/p>\n<p>Important: to take advantage of the corporate rate, please mention you are attending the LACIGF 12 event.<\/p>\n<h3>Casa Grande Express<\/h3>\n<p>Address: Av. Sanchez Bustamante N\u00ba1012 between 16 and 17 streets. &nbsp;<\/p>\n<ul>\n<li>Distance to the venue hotel: 80 meters.<\/li>\n<li>Phone number: +<a href=\"tel:591-2-2796655\">591-2-2796655<\/a><\/li>\n<li>WhatsApp:&nbsp;<a href=\"http:\/\/wa.me\/59162478000\">+ 591-62466888<\/a><\/li>\n<li>Web: <a href=\"https:\/\/www.casagrandeexpress.com\/\">https:\/\/www.casagrandeexpress.com\/<\/a><\/li>\n<\/ul>\n<p><strong>Rooms<\/strong><\/p>\n<ul>\n<li>King (Single): USD 110 per night.<\/li>\n<li>King (Mat):&nbsp; USD 120 per night.<\/li>\n<li>Double (2 beds):&nbsp; USD 120 per night.<\/li>\n<\/ul>\n<p>Reservations: <a href=\"mailto:hotel@casa-grande.com.bo\">hotel@casa-grande.com.bo<\/a><\/p>\n<p>Important: to take advantage of the corporate rate, please mention you are attending the LACIGF 12 event.<\/p>\n<h3>Casa Grande Suites<\/h3>\n<p>Address: Av. Ballivian and Street 17 N\u00ba1000.<\/p>\n<ul>\n<li>Distance to the venue hotel: 250 meters.<\/li>\n<li>Telephone number: + <a href=\"tel:%20591%202%202795511\">591 2 2795511<\/a><\/li>\n<li>WhatsApp: + <a href=\"https:\/\/wa.me\/59162491111\">59 162491111<\/a><\/li>\n<li>Web: https:\/\/www.casa-grande-suites.com\/<\/li>\n<\/ul>\n<p><strong>Rooms<\/strong><\/p>\n<ul>\n<li>King Suite: USD 140 per night. &nbsp;<\/li>\n<li>Twin Suite: USD 160 per night.<\/li>\n<li>Family Suite:&nbsp; USD 200 per night.<\/li>\n<\/ul>\n<p>Reservations: <a href=\"mailto:hotel@casa-grande.com.bo\">hotel@casa-grande.com.bo<\/a><\/p>\n<p>Important: to take advantage of the corporate rate, please mention you are attending the LACIGF 12 event.<\/p>\n<h3>Calacoto Hotel<\/h3>\n<p>Address: Street 13 and S\u00e1nchez Bustamante N\u00ba 8009.<\/p>\n<ul>\n<li>Distance to the venue hotel: 300 meters.<\/li>\n<li>Telephone number: (591-2) 2774600 &#8211; (591-2) 2152524<\/li>\n<li>Web: <a href=\"http:\/\/www.hotelcalacoto.com\/\">http:\/\/www.hotelcalacoto.com\/<\/a><\/li>\n<\/ul>\n<p><strong>Rooms<\/strong><\/p>\n<ul>\n<li>Simple: USD 64 per night.<\/li>\n<li>Double: USD 79 per night.<\/li>\n<li>Suite Ejecutive: USD 100 per night.<\/li>\n<\/ul>\n<p><strong>Rates include<\/strong><\/p>\n<ul>\n<li>American buffet breakfast<\/li>\n<li>Wifi<\/li>\n<li>Taxes<\/li>\n<li>Parking<\/li>\n<\/ul>\n<p>Reservations: Fabiola Quintana info@hotelcalacoto.com<\/p>\n<p>Important: To take advantage of the corporate rate, please mention you are attending the LACIGF 12 event.<\/p>\n<h3>Rennova Hotel<\/h3>\n<p>Address: Street 13 and Julio Pati\u00f1o N\u00ba 695.<\/p>\n<ul>\n<li>Distance to the venue hotel: 350 meters.<\/li>\n<li>Telephone number: +591 22971917<\/li>\n<li>Web: <a href=\"https:\/\/www.hotelrennova.com\/\">https:\/\/www.hotelrennova.com\/<\/a><\/li>\n<\/ul>\n<p><strong>Rooms<\/strong><\/p>\n<ul>\n<li>Simple: USD 95 per night.<\/li>\n<li>Double: USD 115 per night.<\/li>\n<li>Superior: USD 135 per night.<\/li>\n<\/ul>\n<p><strong>Rates include<\/strong><\/p>\n<ul>\n<li>Buffet breakfast<\/li>\n<li>Wifi<\/li>\n<li>Gym access<\/li>\n<li>Taxes<\/li>\n<li>Parking<\/li>\n<\/ul>\n<p>Reservations: Ingrid Salamanca reservas@hotelrennova.com<\/p>\n<p>Important: To take advantage of the corporate rate, please mention you are attending the LACIGF 12 event.<\/p>\n<\/div>\n<div id=\"tabs-3\">\n<h3>Photos<\/h3>\n<p>Tuesday 6th: <a href=\"https:\/\/photos.app.goo.gl\/PZKcXqdjo7Be6LEk8\" target=\"_lank\" rel=\"noopener noreferrer\">https:\/\/photos.app.goo.gl\/PZKcXqdjo7Be6LEk8<\/a><\/p>\n<p>Welcome cocktail: <a href=\"https:\/\/photos.app.goo.gl\/fDryqJqwCK7mW3Sv5\" target=\"_lank\" rel=\"noopener noreferrer\">https:\/\/photos.app.goo.gl\/fDryqJqwCK7mW3Sv5<\/a><\/p>\n<p>Wednesday 7th: <a href=\"https:\/\/photos.app.goo.gl\/FJFY9U9eGMLrY5x58\" target=\"_lank\" rel=\"noopener noreferrer\">https:\/\/photos.app.goo.gl\/FJFY9U9eGMLrY5x58<\/a><\/p>\n<p>Thursday 8th: <a href=\"https:\/\/photos.app.goo.gl\/VoQQkitiK9hEuEY48\" target=\"_lank\" rel=\"noopener noreferrer\">https:\/\/photos.app.goo.gl\/VoQQkitiK9hEuEY48<\/a><\/p>\n<\/div>\n<div id=\"tabs-4\">\n<h3>Climate<\/h3>\n<p>The event will be held during the winter season, when the climate in La Paz is cold and dry, generally sunny with occasional rainfall during the day.<\/p>\n<ul type=\"disc\">\n<li>Average maximum temperature during the day: 17\u00b0C.<\/li>\n<li>Average minimum temperature during the night: -2\u00b0C.<\/li>\n<\/ul>\n<h3>Some Useful Tips<\/h3>\n<ul>\n<li>To avoid the symptoms of altitude sickness, you can take \u201cSorojchi Pills.\u201d This medicine prevents and alleviates the symptoms of altitude sickness and is available in pharmacies. Another option is to drink coca tea (<em>mate de coca<\/em>). We also recommend eating small portions and consuming plenty of liquids.<\/li>\n<li>Wear sunscreen and use moisturizing cream.<\/li>\n<li>Bring warm clothing.<\/li>\n<\/ul>\n<h3>Airport<\/h3>\n<p>El Alto International Airport (LPB) is the only airport serving the city of La Paz. It is located 30 kilometers from the event venue, Hotel Casa Grande.&nbsp;<\/p>\n<h3>Airlines<\/h3>\n<p>The following companies offer services to and from the cities of Santa Cruz de la Sierra and La Paz:<\/p>\n<ul type=\"disc\">\n<li>Boliviana de Aviaci\u00f3n(national airline)<\/li>\n<li>Amaszonas (national airline)<\/li>\n<li>AVIANCA<\/li>\n<li>LATAM<\/li>\n<li>American Airlines<\/li>\n<li>Aerol\u00edneas Argentinas<\/li>\n<li>Copa Airlines<\/li>\n<li>GOL<\/li>\n<li>Air Europa<\/li>\n<\/ul>\n<h3>Transportation<\/h3>\n<p>Several options are available for transferring from El Alto International Airport to the event venue:<\/p>\n<ul type=\"disc\">\n<li>Radio taxis (they have a sign displaying a telephone number)(approx. USD15)<\/li>\n<li>Airport taxis (approx. USD15)<\/li>\n<li>Minibuses (to downtown La Paz)<\/li>\n<li>Take a taxi to the Yellow Line cable car, switch to the Green Line and then take a taxi at the stop to your hotel (short distance).<\/li>\n<\/ul>\n<h3>Electricity<\/h3>\n<p>Bolivia uses 220 V outlets and A\/C plugs.<\/p>\n<p><img decoding=\"async\" loading=\"lazy\" src=\"https:\/\/eventos.lacigf.org\/wp-content\/uploads\/2019\/07\/enchufes.png\" width=\"379\" height=\"120\"><\/p>\n<h3>Currency<\/h3>\n<p>The official currency is the Bolivian peso (BS).<\/p>\n<p>Exchange rate: 1 USD = 6.95 BS<\/p>\n<p>Credit cards are accepted in many places, except in informal shops and restaurants.<\/p>\n<p>Many shops accept US dollars (typically limited to $20-dollar bills or lower denominations) and will give you your change in Bolivian pesos.<\/p>\n<h3>Telecommunications<\/h3>\n<p>There are several mobile operators in Bolivia, among them ENTEL, TIGO and VIVA. These operators offer pay-as-you-go, prepaid voice and data plans. For more information on these plans and to find out where you can purchase them, go to:<\/p>\n<ul>\n<li><a href=\"http:\/\/www.entel.bo\/\">http:\/\/www.entel.bo\/<\/a><\/li>\n<li><a href=\"https:\/\/www.tigo.com.bo\/\">https:\/\/www.tigo.com.bo\/<\/a><\/li>\n<li><a href=\"https:\/\/www.viva.com.bo\/\">https:\/\/www.viva.com.bo\/<\/a><\/li>\n<\/ul>\n<\/div>\n<div id=\"tabs-5\">\n<h2>Monday 5th<\/h2>\n<table id=\"agenda\" width=\"100%\" cellspacing=\"0\" cellpadding=\"0\">\n<tbody>\n<tr>\n<td width=\"10%\">08:45 \u2013 13:00<\/td>\n<td width=\"80%\">Freedom of Expression and Privacy in Latin America<p><\/p>\n<p><\/p>\n<p>Where: Sal\u00f3n Uma del Hotel Atix<\/p>\n<\/td>\n<td width=\"10%\">&nbsp;<\/td>\n<\/tr>\n<tr>\n<td>09:00 \u2013 17:00<\/td>\n<td>Capacity Building towards a More Trusted Internet Experiences in the Region<p><\/p>\n<p><\/p>\n<p><a href=\"https:\/\/triple-i-lacigf2019.gfce-events.com\/page\/610927\" target=\"_blank\" rel=\"noopener noreferrer\">Requires prior registration<\/a><\/p>\n<p><a href=\"https:\/\/eventos.lacigf.org\/wp-content\/uploads\/2019\/07\/agenda-GFCE-tripleI.pdf\" target=\"_blank\" rel=\"noopener noreferrer\">Agenda<\/a><\/p>\n<p>Where: Hotel Atix<\/p>\n<\/td>\n<td>&nbsp;<\/td>\n<\/tr>\n<tr>\n<td width=\"10%\">09:30 \u2013 19:00<\/td>\n<td>4to YouthLACIGF<p><\/p>\n<p><\/p>\n<p>Where: Escuela Militar de Ingenier\u00eda (EMI) Irpavi, Av. Rafael Pab\u00f3n, La Paz (<a href=\"https:\/\/goo.gl\/maps\/P8bUCXaSm1R31LsK9\">https:\/\/goo.gl\/maps\/P8bUCXaSm1R31LsK9<\/a>)<\/p>\n<p>Registration: <a href=\"https:\/\/forms.gle\/pKwk6r2Av45eAQXZ7\">https:\/\/forms.gle\/pKwk6r2Av45eAQXZ7<\/a><\/p>\n<p>Agenda: <a href=\"https:\/\/www.facebook.com\/events\/1384123121734715\/?active_tab=about\">https:\/\/www.facebook.com\/events\/1384123121734715\/?active_tab=about<\/a><\/p>\n<p>Organized by: Youth Observatory\/Youth SIG Internet Society<\/p>\n<\/td>\n<td>&nbsp;<\/td>\n<\/tr>\n<tr>\n<td>19:00 \u2013 20:00<\/td>\n<td>Human Rights and Technology: Our Common Challenges<p><\/p>\n<p><\/p>\n<p>Contact: Paz Pe\u00f1a <a href=\"mailto:paz@pazpena.com\">paz@pazpena.com<\/a> \/ +56999101718<\/p>\n<p>Organized: Al Sur<\/p>\n<p>Where: Hotel Casa Grande, Meeting room 1-2<\/p>\n<\/td>\n<td>&nbsp;<\/td>\n<\/tr>\n<\/tbody>\n<\/table>\n<h2>Tuesday 6th &#8211; Friday 9th<\/h2>\n<table id=\"agenda\" width=\"100%\" cellspacing=\"0\" cellpadding=\"0\">\n<tbody>\n<tr>\n<td width=\"10%\">10:00<\/td>\n<td width=\"80%\">Installation on Online Privacy: The Glass Room by Tactical Tech and the Mozilla Foundation<p><\/p>\n<p><\/p>\n<p>Where: Holgu\u00edn cable car station<\/p>\n<p>Organized by: Internet Bolivia.org Foundation and Mi Telef\u00e9rico.<\/p>\n<\/td>\n<td width=\"10%\">&nbsp;<\/td>\n<\/tr>\n<\/tbody>\n<\/table>\n<h2>Wednesday 7th<\/h2>\n<table id=\"agenda\" width=\"100%\" cellspacing=\"0\" cellpadding=\"0\">\n<tbody>\n<tr>\n<td width=\"10%\">19:00<\/td>\n<td width=\"80%\">Panel: Personal Data Privacy and Democracy. Learnings from Latin America and Europe<p><\/p>\n<p><\/p>\n<p>Where: Auditorio de la FES, Obrajes, av. Hernando Siles No. 5998 esquina calle 14.<\/p>\n<p>Organized by: Internet Bolivia.org Foundation and Friedrich Ebert Stiftung (FES).<\/p>\n<\/td>\n<td width=\"10%\">&nbsp;<\/td>\n<\/tr>\n<tr>\n<td>19:00<\/td>\n<td>2nd LAC FemHack Party for a Feminist Internet<p><\/p>\n<p><\/p>\n<p>Where: Virgen de los Deseos, Av. 20 de octubre No. 2060, entre calles J.J. P\u00e9rez y Aspiazu.<\/p>\n<p>Organized by: Internet Society Women&#8217;s Special Interest Group (Women SIG ISOC), the Association for Progressive Communications (APC): (APC), Bolivia Tech Hub, ISOC Bolivia, Hackeando al machismo, and Internet Bolivia.org Foundation<\/p>\n<\/td>\n<td>&nbsp;<\/td>\n<\/tr>\n<\/tbody>\n<\/table>\n<h2>Thursday 8th<\/h2>\n<table id=\"agenda\" width=\"100%\" cellspacing=\"0\" cellpadding=\"0\">\n<tbody>\n<tr>\n<td width=\"10%\">09:00 \u2013 12:00<\/td>\n<td width=\"80%\">Workshop: Antidemocratic Technologies. Fake News, Data and Surveillance<p><\/p>\n<p><\/p>\n<p>Where: Cowork. San Miguel, calle Claudio Aliaga No. 1239 entre calles Gabriel Ren\u00e9 Moreno y Enrique Pe\u00f1aranda.<\/p>\n<p>Organized by: Internet Bolivia.org Foundation<\/p>\n<\/td>\n<td width=\"10%\">&nbsp;<\/td>\n<\/tr>\n<tr>\n<td>09:00 \u2013 12:00<\/td>\n<td>Workshops on Digital Security for Journalists with Access Now<p><\/p>\n<p><\/p>\n<p>Where: Virgen de los Deseos, Av. 20 de octubre No. 2060, entre calles J.J. P\u00e9rez y Aspiazu.<\/p>\n<p>Organized by: Access Now and Internet Bolivia.org Foundation<\/p>\n<\/td>\n<td>&nbsp;<\/td>\n<\/tr>\n<tr>\n<td>19:00 \u2013 20:30<\/td>\n<td>Conversatorio \u201cLibertad de expresi\u00f3n en internet\u201d<p><\/p>\n<p><\/p>\n<p>Lugar: Auditorio Principal del Bloque G de la Universidad Cat\u00f3lica Boliviana \u201d San Pablo\u201d, ubicada en la Avenida 14 de Septiembre N\u00ba4807 esquina calle 2 de Obrajes.<\/p>\n<p>Objetivo: El conversatorio abordar\u00e1 la libertad de expresi\u00f3n en Internet en el Sistema Interamericano de protecci\u00f3n de los derechos humanos, se presentar\u00e1n los est\u00e1ndares destinados a proteger la libertad de expresi\u00f3n y pensamiento en Internet.<\/p>\n<p>Organiza: Fundaci\u00f3n CONSTRUIR, el Cap\u00edtulo Boliviano de Derechos Humanos, Democracia y Desarrollo, Inclusi\u00f3n Digital, el Centro de Informaci\u00f3n y Acceso a la Informaci\u00f3n de la Universidad de Palermo de Buenos Aires, Argentina y el Instituto Paname\u00f1o de Derecho y Nuevas Tecnolog\u00edas (IPANDETEC), enn coordinaci\u00f3n con la Universidad Cat\u00f3lica \u201cSan Pablo\u201d La Paz a trav\u00e9s de la Facultad de Derecho y Ciencias Pol\u00edticas.<\/p>\n<p><a href=\"https:\/\/docs.google.com\/forms\/d\/e\/1FAIpQLSc-cxWEjGcAIxIwIsTOjZXLgR7ETjwr7lnZLzUiLBdZN1rGew\/viewform\" target=\"_blank\" rel=\"noopener noreferrer\">Registro<\/a><\/p>\n<\/td>\n<td>&nbsp;<\/td>\n<\/tr>\n<\/tbody>\n<\/table>\n<h2>Saturday 10th<\/h2>\n<table id=\"agenda\" width=\"100%\" cellspacing=\"0\" cellpadding=\"0\">\n<tbody>\n<tr>\n<td width=\"10%\">15:00 &#8211; 18:00<\/td>\n<td width=\"80%\">Workshops on Digital Security for Journalists with Access Now<p><\/p>\n<p><\/p>\n<p>Where: Virgen de los Deseos, Av. 20 de octubre No. 2060, entre calles J.J. P\u00e9rez y Aspiazu.<\/p>\n<p>Organized by: Access Now and Internet Bolivia.org Foundation<\/p>\n<\/td>\n<td width=\"10%\">&nbsp;<\/td>\n<\/tr>\n<\/tbody>\n<\/table>\n<\/div>\n<\/div>","protected":false},"excerpt":{"rendered":"<p>LACIGF 12 will be held from August 6 to 8, 2019. &nbsp; The meeting will be hosted by ISOC Bolivia Chapter and will take place at the Casa Grande Hotel, located in Calle 16 N\u00ba8009, Calacoto, La Paz, Bolivia. Agenda Accommodation Media General information Parallel Activities Rapporteurships and translations by: Monday 5 18:00 \u2013 19:00 [&hellip;]<\/p>\n","protected":false},"author":1,"featured_media":0,"parent":0,"menu_order":0,"comment_status":"closed","ping_status":"closed","template":"","meta":{"footnotes":""},"_links":{"self":[{"href":"https:\/\/eventos.lacigf.org\/en\/wp-json\/wp\/v2\/pages\/117"}],"collection":[{"href":"https:\/\/eventos.lacigf.org\/en\/wp-json\/wp\/v2\/pages"}],"about":[{"href":"https:\/\/eventos.lacigf.org\/en\/wp-json\/wp\/v2\/types\/page"}],"author":[{"embeddable":true,"href":"https:\/\/eventos.lacigf.org\/en\/wp-json\/wp\/v2\/users\/1"}],"replies":[{"embeddable":true,"href":"https:\/\/eventos.lacigf.org\/en\/wp-json\/wp\/v2\/comments?post=117"}],"version-history":[{"count":66,"href":"https:\/\/eventos.lacigf.org\/en\/wp-json\/wp\/v2\/pages\/117\/revisions"}],"predecessor-version":[{"id":660,"href":"https:\/\/eventos.lacigf.org\/en\/wp-json\/wp\/v2\/pages\/117\/revisions\/660"}],"wp:attachment":[{"href":"https:\/\/eventos.lacigf.org\/en\/wp-json\/wp\/v2\/media?parent=117"}],"curies":[{"name":"wp","href":"https:\/\/api.w.org\/{rel}","templated":true}]}}